{"id":96,"date":"2023-05-16T17:30:00","date_gmt":"2023-05-16T20:30:00","guid":{"rendered":"http:\/\/eventos.ifg.edu.br\/slict2023\/?page_id=96"},"modified":"2023-05-26T00:14:06","modified_gmt":"2023-05-26T03:14:06","slug":"apresentacoes","status":"publish","type":"page","link":"https:\/\/eventos.ifg.edu.br\/slict2023\/apresentacoes\/","title":{"rendered":"Orienta\u00e7\u00f5es aos Apresentadores"},"content":{"rendered":"<div style=\"font-size:18px;line-height:1.3cm\">\nA seguir, apresentamos algumas orienta\u00e7\u00f5es para melhor organiza\u00e7\u00e3o da Sess\u00e3o Oral de apresenta\u00e7\u00e3o dos resultados parciais do projeto de pesquisa: <\/p>\n<p>1. Antes da sess\u00e3o iniciar:<\/p>\n<p>1.1 A Comiss\u00e3o Organizadora do Evento acompanhar\u00e1 a realiza\u00e7\u00e3o das Sess\u00f5es Orais e estar\u00e1 dispon\u00edvel em caso de d\u00favidas na Sala CPI\/GEPPEX do C\u00e2mpus Goi\u00e2nia. Na referida sala ou audit\u00f3rio, o\/a Orientador ou aluno\/a orientando\/a da Sess\u00e3o dever\u00e1 retirar a partir do dia 26\/05\/2023 a pasta do apoio de sala contendo crach\u00e1, bloco, programa\u00e7\u00e3o, caneta, listas de frequ\u00eancia dos apresentadores e dos participantes. Nos audit\u00f3rios, na medida do poss\u00edvel, contaremos com o apoio de um\/a monitor\/a.<\/p>\n<p>1.2 Na entrada da sala\/audit\u00f3rio ser\u00e1 afixada a programa\u00e7\u00e3o do dia para que os ouvintes possam se orientar em rela\u00e7\u00e3o \u00e0s sess\u00f5es e apresenta\u00e7\u00f5es.<\/p>\n<p>1.3 O modelo de apresenta\u00e7\u00e3o em slide foi encaminhado por e-mail ao orientador e est\u00e1 dispon\u00edvel no site do SUGEP\/IFG. A programa\u00e7\u00e3o do evento na \u00edntegra est\u00e1 dispon\u00edvel em:<br \/>\n<a href=\"https:\/\/sugep.ifg.edu.br\/eventos\/#\/publico\/eventos\/77b3ef3e-2c04-4682-a89c-68806209c477\/inscricao\">https:\/\/sugep.ifg.edu.br\/eventos\/#\/publico\/eventos\/77b3ef3e-2c04-4682-a89c-68806209c477\/inscricao<\/a><\/p>\n<p>1.4  As apresenta\u00e7\u00f5es orais estar\u00e3o sob a responsabilidade dos orientadores(as) dos projetos de Inicia\u00e7\u00e3o Cient\u00edfica e Tecnol\u00f3gica, conforme as datas e hor\u00e1rios indicados para as apresenta\u00e7\u00f5es no formul\u00e1rio enviado para a Coordena\u00e7\u00e3o de Pesquisa e Inova\u00e7\u00e3o (CPI). <\/p>\n<p>1.5 A CPI\/GEPPEX disponibilizar\u00e1 nos dias 26, 29 e 30 de maio de 2023 o kit de sala para o(a) orientador(a) utilizar na apresenta\u00e7\u00e3o do trabalho contendo as listas de presen\u00e7a dos participantes do projeto e a lista de frequ\u00eancia dos ouvintes, que dever\u00e3o ser retiradas por um dos integrantes do projeto com anteced\u00eancia de 24 horas da apresenta\u00e7\u00e3o, no hor\u00e1rio das 7h \u00e0s 19h, na sala da S1- 605 D da CPI\/Gepex do C\u00e2mpus Goi\u00e2nia. <\/p>\n<p>1.6  O(a) orientador(a) e o estudante bolsista e\/ou volunt\u00e1rio respons\u00e1vel pelo projeto de Inicia\u00e7\u00e3o Cient\u00edfica dever\u00e1 realizar a apresenta\u00e7\u00e3o oral do projeto preferencialmente acompanhado do uso de recursos audiovisuais e digitais (slide e outros) ou outro meio de apresenta\u00e7\u00e3o (resumo impresso e outros) para os ouvintes. <\/p>\n<p>1.7 A reserva dos recursos audiovisuais (data show, microfone, caixa de som, pen drive) ser\u00e1 de responsabilidade do(a) orientador(a) respons\u00e1vel pela apresenta\u00e7\u00e3o.<\/p>\n<p>2. Na abertura da sess\u00e3o \u00e9 importante: <\/p>\n<p>2.1 Destacar a import\u00e2ncia do evento e apresenta\u00e7\u00e3o dos projetos de Inicia\u00e7\u00e3o Cient\u00edfica em andamento, relatando a relev\u00e2ncia acad\u00eamica para os alunos participantes de projetos;<\/p>\n<p>2.2 Tranquilizar os alunos bolsistas e volunt\u00e1rios que far\u00e3o a apresenta\u00e7\u00e3o de que n\u00e3o haver\u00e1 uma banca de avalia\u00e7\u00e3o e que o evento foi organizado especialmente para que tenham uma viv\u00eancia de participa\u00e7\u00e3o em evento cient\u00edfico e apresentarem os resultados parciais alcan\u00e7ados at\u00e9 o momento de desenvolvimento da pesquisa;<\/p>\n<p>2.3 Enfatizar a necessidade de seguir os protocolos de bioseguran\u00e7a com o uso de m\u00e1scaras e \u00e1lcool gel pelos participantes durante as sess\u00f5es, caso apresentem sintomas de gripe;<\/p>\n<p>2.4  O(s) autor(es) de cada trabalho ter\u00e3o no m\u00e1ximo 15 (quinze) minutos para apresenta\u00e7\u00e3o do trabalho e 05 (cinco) minutos para perguntas e esclarecimentos ao p\u00fablico. Ao t\u00e9rmino da apresenta\u00e7\u00e3o haver\u00e1 o tempo de 5 minutos para perguntas relacionadas \u00e0 apresenta\u00e7\u00e3o;<\/p>\n<p>2.5 Estimular os participantes a realizarem perguntas sobre o projeto;<\/p>\n<p>2.6 Informar que a lista de presen\u00e7a ser\u00e1 passada apenas no final da sess\u00e3o. E solicitar que os alunos respeitem a apresenta\u00e7\u00e3o mantendo-se em sil\u00eancio e que, se precisarem sair, que n\u00e3o saiam da sala durante a apresenta\u00e7\u00e3o;<\/p>\n<p>2.7 Solicitar que os presentes coloquem os celulares no silencioso.<\/p>\n<p>3. Durante as apresenta\u00e7\u00e3o:<\/p>\n<p>3.1  Iniciar a apresenta\u00e7\u00e3o conforme a ordem estipulada. Ao t\u00e9rmino da apresenta\u00e7\u00e3o e perguntas, coletar a assinatura do bolsista e orientador na ficha de presen\u00e7a de apresentadores, que dever\u00e1 ser devolvida para a CPI\/GEPPEX.<\/p>\n<p>3.2 A orienta\u00e7\u00e3o \u00e9 que a apresenta\u00e7\u00e3o seja feita pelo estudante bolsista com a presen\u00e7a do professor orientador na sala. <\/p>\n<p>4. Ao t\u00e9rmino da sess\u00e3o:<\/p>\n<p>4.1 Passar a lista de presen\u00e7a de ouvintes;<\/p>\n<p>4.2 Conferir se todos os bolsistas e orientadores assinaram a folha de presen\u00e7a de apresentadores;<\/p>\n<p>4.3 Avisar a todos os presentes que os certificados de apresenta\u00e7\u00e3o do trabalho de ICT e dos ouvintes estar\u00e3o dispon\u00edveis na Plataforma SUGEP (<a href=\"https:\/\/sugep.ifg.edu.br\/\">https:\/\/sugep.ifg.edu.br\/<\/a>), ap\u00f3s 14 (quatorze) dias da realiza\u00e7\u00e3o do evento;<\/p>\n<p>4.3 Anotar observa\u00e7\u00f5es sobre a sess\u00e3o, no caso de alguma apresenta\u00e7\u00e3o ter sido feita pelo orientador, apresenta\u00e7\u00e3o online, dentre outros fatos que ocorrerem, que necessitem ser comunicados a CPI\/GEPPEX;<\/p>\n<p>4.4  Ap\u00f3s a apresenta\u00e7\u00e3o oral do trabalho o(a) orientador(a) respons\u00e1vel dever\u00e1 entregar as listas de presen\u00e7a da equipe do projeto de pesquisa e dos ouvintes at\u00e9 o dia 05 de junho de 2023, das 7h \u00e0s 19h, na sala da CPI\/Gepex do C\u00e2mpus Goi\u00e2nia. <\/p>\n<p>4.5  Ap\u00f3s a apresenta\u00e7\u00e3o oral dos projetos de pesquisa, os orientadores pesquisadores ter\u00e3o at\u00e9 o dia 16 de junho de 2023 para entregar o Relato de Apresenta\u00e7\u00e3o, com at\u00e9 2.000 caracteres e fotos, em formato pdf. e ser anexado ao projeto inscrito pelo orientador(a) no endere\u00e7o eletr\u00f4nico de inscri\u00e7\u00e3o do trabalho no SUGEP\/IFG (<a href=\"https:\/\/sugep.ifg.edu.br\/eventos\">https:\/\/sugep.ifg.edu.br\/eventos<\/a>) , na Aba &#8220;atividades planejadas&#8221;.<\/p>\n<p>4.6  As demais orienta\u00e7\u00f5es e informa\u00e7\u00f5es sobre a apresenta\u00e7\u00e3o de trabalhos no XI SLICT 2023 ser\u00e3o enviados aos e-mails institucionais dos orientadores e estar\u00e3o dispon\u00edveis no endere\u00e7o eletr\u00f4nico do evento (<a href=\"http:\/\/eventos.ifg.edu.br\/slict2023\/\">http:\/\/eventos.ifg.edu.br\/slict2023\/<\/a>).<\/p>\n<p>Lembrando que o link do site do evento \u00e9:<br \/>\n<a href=\"http:\/\/eventos.ifg.edu.br\/slict2023\/\">http:\/\/eventos.ifg.edu.br\/slict2023\/<\/a><\/p>\n<p>E o link para a programa\u00e7\u00e3o de apresenta\u00e7\u00f5es est\u00e1 na aba Programa\u00e7\u00e3o e pode ser acessada pelo link:<\/p>\n<p><a href=\"https:\/\/sugep.ifg.edu.br\/eventos\/#\/publico\/eventos\/77b3ef3e-2c04-4682-a89c-68806209c477\/inscricao\">https:\/\/sugep.ifg.edu.br\/eventos\/#\/publico\/eventos\/77b3ef3e-2c04-4682-a89c-68806209c477\/inscricao<\/a>\n<\/div>\n","protected":false},"excerpt":{"rendered":"<p>A seguir, apresentamos algumas orienta\u00e7\u00f5es para melhor organiza\u00e7\u00e3o da Sess\u00e3o Oral de apresenta\u00e7\u00e3o dos resultados parciais do projeto de pesquisa: 1. Antes da sess\u00e3o iniciar: 1.1 A Comiss\u00e3o Organizadora do Evento acompanhar\u00e1 a realiza\u00e7\u00e3o das Sess\u00f5es Orais e estar\u00e1 dispon\u00edvel em caso de d\u00favidas na Sala CPI\/GEPPEX do C\u00e2mpus Goi\u00e2nia. Na referida sala ou audit\u00f3rio, <a href=\"https:\/\/eventos.ifg.edu.br\/slict2023\/apresentacoes\/\" rel=\"nofollow\"><span class=\"sr-only\">Read more about Orienta\u00e7\u00f5es aos Apresentadores<\/span>[&hellip;]<\/a><\/p>\n","protected":false},"author":193,"featured_media":0,"parent":0,"menu_order":0,"comment_status":"closed","ping_status":"closed","template":"","meta":{"ngg_post_thumbnail":0,"footnotes":""},"class_list":["post-96","page","type-page","status-publish","hentry"],"_links":{"self":[{"href":"https:\/\/eventos.ifg.edu.br\/slict2023\/wp-json\/wp\/v2\/pages\/96"}],"collection":[{"href":"https:\/\/eventos.ifg.edu.br\/slict2023\/wp-json\/wp\/v2\/pages"}],"about":[{"href":"https:\/\/eventos.ifg.edu.br\/slict2023\/wp-json\/wp\/v2\/types\/page"}],"author":[{"embeddable":true,"href":"https:\/\/eventos.ifg.edu.br\/slict2023\/wp-json\/wp\/v2\/users\/193"}],"replies":[{"embeddable":true,"href":"https:\/\/eventos.ifg.edu.br\/slict2023\/wp-json\/wp\/v2\/comments?post=96"}],"version-history":[{"count":6,"href":"https:\/\/eventos.ifg.edu.br\/slict2023\/wp-json\/wp\/v2\/pages\/96\/revisions"}],"predecessor-version":[{"id":144,"href":"https:\/\/eventos.ifg.edu.br\/slict2023\/wp-json\/wp\/v2\/pages\/96\/revisions\/144"}],"wp:attachment":[{"href":"https:\/\/eventos.ifg.edu.br\/slict2023\/wp-json\/wp\/v2\/media?parent=96"}],"curies":[{"name":"wp","href":"https:\/\/api.w.org\/{rel}","templated":true}]}}