{"id":81,"date":"2023-05-16T16:37:33","date_gmt":"2023-05-16T19:37:33","guid":{"rendered":"http:\/\/eventos.ifg.edu.br\/slict2023\/?page_id=81"},"modified":"2023-05-26T00:00:44","modified_gmt":"2023-05-26T03:00:44","slug":"cronograma","status":"publish","type":"page","link":"https:\/\/eventos.ifg.edu.br\/slict2023\/cronograma\/","title":{"rendered":"Apresenta\u00e7\u00f5es"},"content":{"rendered":"<div style=\"font-size:18px;line-height:1.5cm\">\n    O XI SLICT 2023 contar\u00e1 com a apresenta\u00e7\u00e3o de 69 projetos de pesquisa cient\u00edfica e tecnol\u00f3gica desenvolvidas no<br \/>\n    C\u00e2mpus Goi\u00e2nia do IFG no \u00e2mbito do Programa Institucional de Bolsas de Inicia\u00e7\u00e3o Cient\u00edfica e Tecnol\u00f3gica e Inova\u00e7\u00e3o<br \/>\n    (PIBICTI) do IFG no Ensino Superior e Ensino M\u00e9dio Integrado.\n<\/div>\n<p><\/p>\n<table class=\"table table-bordered table-hover table-condensed\">\n<thead>\n<tr>\n<th colspan=\"6\" style=\"text-align:center\">XI SEMIN\u00c1RIO LOCAL DE INICIA\u00c7\u00c3O CIENT\u00cdFICA E TECNOL\u00d3GICA DO CAMPUS<br \/>\n                GOI\u00c2NIA<br \/>\n                DO IFG 2023\n            <\/th>\n<\/tr>\n<\/thead>\n<tbody>\n<tr>\n<td style=\"text-align:center;font-size:18px\">DATA<\/td>\n<td style=\"text-align:center;font-size:18px\">LOCAL<\/td>\n<td style=\"text-align:center;font-size:18px\">HOR\u00c1RIO<\/td>\n<td style=\"text-align:center;font-size:18px\">PROJETO<\/td>\n<td style=\"text-align:center;font-size:18px\">ORIENTADOR\/A<\/td>\n<td style=\"text-align:center;font-size:18px\">ORIENTANDO\/A<\/td>\n<\/tr>\n<tr>\n<td style=\"text-align:center;font-size:18px\" rowspan=\"18\">29\/05\/23<\/td>\n<td style=\"text-align:center;font-size:18px\" rowspan=\"7\">CINEMATECA ( 7h \u00e0s 22h15)<\/td>\n<td style=\"text-align:center;font-size:18px\">14:00 &#8211; 14:30<\/td>\n<td style=\"text-align:center;font-size:18px\">An\u00e1lise do alcance de ataque e de bloqueio dos atletas de voleibol dos<br \/>\n                projetos de ensino e extens\u00e3o do<br \/>\n                IFG-C\u00e2mpus Goi\u00e2nia<\/td>\n<td style=\"text-align:center;font-size:18px\">Marcelo Costa de Paula <\/td>\n<td style=\"text-align:center;font-size:18px\">Fernanda Silva Almeida \/ Rog\u00e9rio Souza Rocha<\/td>\n<\/tr>\n<tr>\n<td style=\"text-align:center;font-size:18px\">14:45 &#8211; 15:05<\/td>\n<td style=\"text-align:center;font-size:18px\">Vida e obra de Sophie-Marie Germain: as contribui\u00e7\u00f5es de uma mulher<br \/>\n                matem\u00e1tica para a Teoria dos N\u00fameros\n            <\/td>\n<td style=\"text-align:center;font-size:18px\">Aline Mota de Mesquita Assis<\/td>\n<td style=\"text-align:center;font-size:18px\">Patr\u00edcia da Silva Costa<\/td>\n<\/tr>\n<tr>\n<td style=\"text-align:center;font-size:18px\">15:05 &#8211; 15:25<\/td>\n<td style=\"text-align:center;font-size:18px\">Contribui\u00e7\u00f5es de Hermann Grassmann para o desenvolvimento da \u00c1lgebra Linear\n            <\/td>\n<td style=\"text-align:center;font-size:18px\">Aline Mota de Mesquita Assis<\/td>\n<td style=\"text-align:center;font-size:18px\">Julia Santana Garcia Borges<\/td>\n<\/tr>\n<tr>\n<td style=\"text-align:center;font-size:18px\">15:30 &#8211; 15:45<\/td>\n<td style=\"text-align:center;font-size:18px\">Fun\u00e7\u00f5es Geradoras do Tra\u00e7o Graduado da \u00c1lgebra Associada ao Grafo \u0393_{8,3}\n            <\/td>\n<td style=\"text-align:center;font-size:18px\">Jos\u00e9 Eder Salvador de Vasconcelos<\/td>\n<td style=\"text-align:center;font-size:18px\">Jo\u00e3o Celso Leite Ribeiro Filho<\/td>\n<\/tr>\n<tr>\n<td style=\"text-align:center;font-size:18px\">16:00 &#8211; 16:20<\/td>\n<td style=\"text-align:center;font-size:18px\">Da pedra e cal \u00e0 dimens\u00e3o imaterial: um novo olhar sobre a Sala S\u00e3o Paulo por<br \/>\n                meio da Educa\u00e7\u00e3o<br \/>\n                Patrimonial<\/td>\n<td style=\"text-align:center;font-size:18px\">Dianina Raquel Silva Rabelo<\/td>\n<td style=\"text-align:center;font-size:18px\">Eli\u00e9zer C\u00e2ndido Nascimento<\/td>\n<\/tr>\n<tr>\n<td style=\"text-align:center;font-size:18px\">16:25 &#8211; 16:45<\/td>\n<td style=\"text-align:center;font-size:18px\">RODRIGO DIAS DE VIVAR: a cavalaria medieval como instrumento de domina\u00e7\u00e3o na<br \/>\n                Espanha Medieval (S\u00e9culos<br \/>\n                XI a XIII).<\/td>\n<td style=\"text-align:center;font-size:18px\">Dianina Raquel Silva Rabelo<\/td>\n<td style=\"text-align:center;font-size:18px\">Marcos Pinheiro de Ataide Filho<\/td>\n<\/tr>\n<tr>\n<td style=\"text-align:center;font-size:18px\">16:50 &#8211; 17:20<\/td>\n<td style=\"text-align:center;font-size:18px\">JOGOS DIGITAIS E ENSINO DE HIST\u00d3RIA: AS REPRESENTA\u00c7\u00d5ES DOS PIRATAS E DA<br \/>\n                PIRATARIA INGLESA DOS S\u00c9CULOS<br \/>\n                XVII E XVIII NOS JOGOS DIGITAIS<\/td>\n<td style=\"text-align:center;font-size:18px\">Dianina Raquel Silva Rabelo<\/td>\n<td style=\"text-align:center;font-size:18px\">Hiam Ribeiro de Abreu<\/td>\n<\/tr>\n<tr>\n<td style=\"text-align:center;font-size:18px\">DJALMA MAIA (7h \u00e0s 22h30)<\/td>\n<td style=\"text-align:center;font-size:18px\">16:30 &#8211; 16:50<\/td>\n<td style=\"text-align:center;font-size:18px\">DIALOGIA M\u00daSICO-LITER\u00c1RIA: ABORDAGEM TE\u00d3RICO-METODOL\u00d3GICA EM LIVRO DID\u00c1TICO<br \/>\n                DE ARTE DO ENSINO M\u00c9DIO<\/td>\n<td style=\"text-align:center;font-size:18px\">Luana Uch\u00f4a Torres<\/td>\n<td style=\"text-align:center;font-size:18px\">Claliver Junio Geoching Ribeiro<\/td>\n<\/tr>\n<tr>\n<td style=\"text-align:center;font-size:18px\">SALA S-204<\/td>\n<td style=\"text-align:center;font-size:18px\">07:15 &#8211; 07:30<\/td>\n<td style=\"text-align:center;font-size:18px\">Equipamentos Urbanos e expans\u00e3o urbana: uma an\u00e1lise dos bairros Vera Cruz e<br \/>\n                Jardim do Cerrado na regi\u00e3o<br \/>\n                Oeste de Goi\u00e2nia.<\/td>\n<td style=\"text-align:center;font-size:18px\">Weder David de Freitas<\/td>\n<td style=\"text-align:center;font-size:18px\">Thayna Carvalho Lima<\/td>\n<\/tr>\n<tr>\n<td style=\"text-align:center;font-size:18px\">SALA S-204<\/td>\n<td style=\"text-align:center;font-size:18px\">07:30 &#8211; 07:45<\/td>\n<td style=\"text-align:center;font-size:18px\">Segrega\u00e7\u00e3o socioespacial e percep\u00e7\u00f5es de viol\u00eancia: um olhar sob os conjuntos<br \/>\n                de habita\u00e7\u00e3o popular na<br \/>\n                regi\u00e3o Oeste de Goi\u00e2nia <\/td>\n<td style=\"text-align:center;font-size:18px\">Najla Franco Frattari<\/td>\n<td style=\"text-align:center;font-size:18px\">Pierry Paniago Prado Santos<\/td>\n<\/tr>\n<tr>\n<td style=\"text-align:center;font-size:18px\">SALA T 311<\/td>\n<td style=\"text-align:center;font-size:18px\">07:30 &#8211; 09:00<\/td>\n<td style=\"text-align:center;font-size:18px\">Sistema Inteligente de Identifica\u00e7\u00e3o de Anomalias em Pain\u00e9is Solares<br \/>\n                Fotovoltaicos<\/td>\n<td style=\"text-align:center;font-size:18px\">Carlos Roberto da Silveira Junior<\/td>\n<td style=\"text-align:center;font-size:18px\">Vitthor Fernandes de Sousa Dias<\/td>\n<\/tr>\n<tr>\n<td style=\"text-align:center;font-size:18px\">SALA T-503 G<\/td>\n<td style=\"text-align:center;font-size:18px\">09:00 &#8211; 09:30<\/td>\n<td style=\"text-align:center;font-size:18px\">Boas pr\u00e1ticas de metrologia aplicada ao monitoramento de grandezas el\u00e9tricas<br \/>\n                no torneamento externo de<br \/>\n                a\u00e7os<\/td>\n<td style=\"text-align:center;font-size:18px\">Paulo Vinicius da Silva Resende<\/td>\n<td style=\"text-align:center;font-size:18px\">Thaynara Proc\u00f3pio Gonzaga<\/td>\n<\/tr>\n<tr>\n<td style=\"text-align:center;font-size:18px\">SALA S-210<\/td>\n<td style=\"text-align:center;font-size:18px\">09:00 &#8211; 09:30<\/td>\n<td style=\"text-align:center;font-size:18px\">A filosofia como arte de viver <\/td>\n<td style=\"text-align:center;font-size:18px\">Roni Ederson Krause de Oliveira <\/td>\n<td style=\"text-align:center;font-size:18px\">Gabriella Silva Pinheiro<\/td>\n<\/tr>\n<tr>\n<td style=\"text-align:center;font-size:18px\">SALA S-210<\/td>\n<td style=\"text-align:center;font-size:18px\">09:30 &#8211; 09:45<\/td>\n<td style=\"text-align:center;font-size:18px\">Os conceitos de \u00e1tomo e vazio como solu\u00e7\u00f5es para o problema da mobilidade ou<br \/>\n                imobilidade do ser na<br \/>\n                filosofia pr\u00e9-socr\u00e1tica<\/td>\n<td style=\"text-align:center;font-size:18px\">Roni Ederson Krause de Oliveira <\/td>\n<td style=\"text-align:center;font-size:18px\">Gabriel C\u00f4rtes Himmen<\/p>\n<p>Arlindo Candini de Jesus<\/td>\n<\/tr>\n<tr>\n<td style=\"text-align:center;font-size:18px\">SALA S1-804<\/td>\n<td style=\"text-align:center;font-size:18px\">14:00 &#8211; 14:30<\/td>\n<td style=\"text-align:center;font-size:18px\">G\u00e1s ideal relativ\u00edstico<\/td>\n<td style=\"text-align:center;font-size:18px\">Claudio Jose DaSilva<\/td>\n<td style=\"text-align:center;font-size:18px\">Carlos Alexandre de Souza Vieira<\/td>\n<\/tr>\n<tr>\n<td style=\"text-align:center;font-size:18px\">SALA S-212<\/td>\n<td style=\"text-align:center;font-size:18px\">14:45 &#8211; 16:15<\/td>\n<td style=\"text-align:center;font-size:18px\">\u201cA P\u00d3LIS PARA AL\u00c9M DOS MUROS DE ATENAS\u201d: O DESENVOLVIMENTO SEM\u00c2NTICO DO<br \/>\n                CONCEITO DE P\u00d3LIS E A<br \/>\n                CONSTITUI\u00c7\u00c3O HIST\u00d3RICA DO HER\u00d3I\/CIDAD\u00c3O GREGO NA VIDA P\u00daBLICA.<\/td>\n<td style=\"text-align:center;font-size:18px\">Diego Avelino de Moraes Carvalho<\/td>\n<td style=\"text-align:center;font-size:18px\">Lethycia Jacinto Moreira<br \/>Gabriela de Souza Gon\u00e7alves<\/td>\n<\/tr>\n<tr>\n<td style=\"text-align:center;font-size:18px\">SALA S-304<\/td>\n<td style=\"text-align:center;font-size:18px\">19:00 &#8211; 19:30<\/td>\n<td style=\"text-align:center;font-size:18px\">Projeto e Implanta\u00e7\u00e3o do Laborat\u00f3rio de Gera\u00e7\u00e3o de Energia El\u00e9trica<\/td>\n<td style=\"text-align:center;font-size:18px\">Alana da Silva Magalh\u00e3es<\/td>\n<td style=\"text-align:center;font-size:18px\">Gabriel Ivo de Almeida Carmo<\/td>\n<\/tr>\n<tr>\n<td style=\"text-align:center;font-size:18px\">SALA S-310<\/td>\n<td style=\"text-align:center;font-size:18px\">19:30 &#8211; 19:50<\/td>\n<td style=\"text-align:center;font-size:18px\">PROJETO AL\u00c9M DO HORIZONTE &#8211; NOVAS APLICA\u00c7\u00d5ES PARA O HARDWARE DE TV BOX<\/td>\n<td style=\"text-align:center;font-size:18px\">Eli\u00e9zer Alves Teixeira<\/td>\n<td style=\"text-align:center;font-size:18px\">Lucas Almeida Faria<br \/>Johnathan Oliveira Rodrigues<\/td>\n<\/tr>\n<tr>\n<td style=\"text-align:center;font-size:18px\" rowspan=\"28\">30\/05\/23<\/td>\n<td style=\"text-align:center;font-size:18px\" rowspan=\"8\">CINEMATECA (7h \u00e0s 12h30)<\/td>\n<td style=\"text-align:center;font-size:18px\">14:00 &#8211; 14:30<\/td>\n<td style=\"text-align:center;font-size:18px\">Retratos da Pandemia: trajet\u00f3rias e imagin\u00e1rio dos estudantes da Licenciatura<br \/>\n                em Letras durante a<br \/>\n                pandemia de COVID-19<\/td>\n<td style=\"text-align:center;font-size:18px\">Poliane Vieira Nogueira <\/td>\n<td style=\"text-align:center;font-size:18px\">Jordanna Nicolas Andraos<\/td>\n<\/tr>\n<tr>\n<td style=\"text-align:center;font-size:18px\">14:40 &#8211; 15:05<\/td>\n<td style=\"text-align:center;font-size:18px\">Literatura ind\u00edgena no curr\u00edculo dos cursos de letras: um namoro poss\u00edvel?\n            <\/td>\n<td style=\"text-align:center;font-size:18px\">Ema Marta Dunck Cintra<\/td>\n<td style=\"text-align:center;font-size:18px\">Mariany Aline Pereira Santos<br \/>Fabricia Nayara Barreto da Silva<\/td>\n<\/tr>\n<tr>\n<td style=\"text-align:center;font-size:18px\">15:05 &#8211; 15:25<\/td>\n<td style=\"text-align:center;font-size:18px\">O uso de v\u00edrgula: uma proposta de sequ\u00eancia did\u00e1tica para um problema<br \/>\n                constante na escrita dos<br \/>\n                estudantes do ensino m\u00e9dio<\/td>\n<td style=\"text-align:center;font-size:18px\">Ema Marta Dunck Cintra<\/td>\n<td style=\"text-align:center;font-size:18px\">Wagner Henrique Campos Baia<\/td>\n<\/tr>\n<tr>\n<td style=\"text-align:center;font-size:18px\">15:30 &#8211; 15:45<\/td>\n<td style=\"text-align:center;font-size:18px\">F\u00e9lix Guattari em di\u00e1logos com a literatura feminina marginalizada<\/td>\n<td style=\"text-align:center;font-size:18px\">Maria Eliane Rosa de Souza <\/td>\n<td style=\"text-align:center;font-size:18px\">Ana Luiza Negreto Costa<\/p>\n<p>Gabrielle Cristina dos Santos Silva<\/td>\n<\/tr>\n<tr>\n<td style=\"text-align:center;font-size:18px\">15h50 &#8211; 16:20<\/td>\n<td style=\"text-align:center;font-size:18px\">A l\u00edngua como construto de identidade social, polifonias e novas<br \/>\n                subjetividades: Di\u00e1logos entre<br \/>\n                filosofia e l\u00edngua(gem)<\/td>\n<td style=\"text-align:center;font-size:18px\">Maria Eliane Rosa de Souza<\/td>\n<td style=\"text-align:center;font-size:18px\">Odileya Dias de Moura Saraiva<\/td>\n<\/tr>\n<tr>\n<td style=\"text-align:center;font-size:18px\">16:25 &#8211; 17:00<\/td>\n<td style=\"text-align:center;font-size:18px\">Pr\u00e1ticas lingu\u00edsticas de biletramentos e multiletramentos de estudantes<br \/>\n                bil\u00edngues dos cursos t\u00e9cnicos<br \/>\n                integrados ao Ensino M\u00e9dio do IFG &#8211; C\u00e2mpus Goi\u00e2nia<\/td>\n<td style=\"text-align:center;font-size:18px\">Liberato Silva dos Santos e Mabel Pettersen Prudente<\/td>\n<td style=\"text-align:center;font-size:18px\">Alexssander Alves de Noronha e Joelison Geronimo da Silva<\/td>\n<\/tr>\n<tr>\n<td style=\"text-align:center;font-size:18px\">18:00 &#8211; 18:20<\/td>\n<td style=\"text-align:center;font-size:18px\">C\u00e1lculo e An\u00e1lise do Conjugado Eletromagn\u00e9tico da M\u00e1quina a Relut\u00e2ncia<br \/>\n                Chaveada Atrav\u00e9s do Uso do<br \/>\n                Software de Elementos Finitos FEMM<\/td>\n<td style=\"text-align:center;font-size:18px\">Renato Jayme Dias<\/td>\n<td style=\"text-align:center;font-size:18px\">Karini Amanda da Silva<\/td>\n<\/tr>\n<tr>\n<td style=\"text-align:center;font-size:18px\">18:20 &#8211; 18:40<\/td>\n<td style=\"text-align:center;font-size:18px\">Estudo de Vibra\u00e7\u00f5es em M\u00e1quina a Relut\u00e2ncia Chaveada Utilizando o Software<br \/>\n                FEMM<\/td>\n<td style=\"text-align:center;font-size:18px\">Renato Jayme Dias<\/td>\n<td style=\"text-align:center;font-size:18px\">Matheus Rodrigues Monteiro<\/td>\n<\/tr>\n<tr>\n<td style=\"text-align:center;font-size:18px\" rowspan=\"2\">DJALMA MAIA (7h \u00e0s 22h30)<\/td>\n<td style=\"text-align:center;font-size:18px\">09:00 &#8211; 09:20<\/td>\n<td style=\"text-align:center;font-size:18px\">&quot;MULHERES SEM ELES: A EVOLU\u00c7\u00c3O E RETROCESSO DO RETRATO DAS MULHERES NAS<br \/>\n                <br \/>M\u00daSICAS<br \/>\n                SERTANEJAS.&quot;<\/td>\n<td style=\"text-align:center;font-size:18px\">Lidia Milhomem Pereira<\/td>\n<td style=\"text-align:center;font-size:18px\">Andr\u00e9 Luiz de Sousa <br \/>Lyandra Ester Rodrigues dos Santos<\/td>\n<\/tr>\n<tr>\n<td style=\"text-align:center;font-size:18px\">19:00 &#8211; 20:30<\/td>\n<td style=\"text-align:center;font-size:18px\">Tratamento de Efluentes de Ind\u00fastria T\u00eaxtil Utilizando Farinha da Polpa de<br \/>\n                Lobeira Solanum lycocarpum<br \/>\n                St. Hil<\/td>\n<td style=\"text-align:center;font-size:18px\">Maur\u00edcio Vicente Cruz<\/td>\n<td style=\"text-align:center;font-size:18px\">Beatriz Gomes da Silva<\/td>\n<\/tr>\n<tr>\n<td style=\"text-align:center;font-size:18px\" rowspan=\"3\">JULIETA PASSOS (13h \u00e0s 18h15)<\/td>\n<td style=\"text-align:center;font-size:18px\">19:00 &#8211; 19:59<\/td>\n<td style=\"text-align:center;font-size:18px\">Prepara\u00e7\u00e3o e caracteriza\u00e7\u00e3o de extratos da casca e da folha da mutamba<br \/>\n                (Guazuma ulmifolia Lam) para<br \/>\n                serem utilizados na bioss\u00edntese de nanopart\u00edculas de prata<\/td>\n<td style=\"text-align:center;font-size:18px\">Wal\u00e9ria Rodovalho <\/td>\n<td style=\"text-align:center;font-size:18px\">Gleison Vinicius Santos Moreira<\/td>\n<\/tr>\n<tr>\n<td style=\"text-align:center;font-size:18px\">20:00 &#8211; 20:59<\/td>\n<td style=\"text-align:center;font-size:18px\">Monitoramento de Polui\u00e7\u00e3o Atmosf\u00e9rica em Goi\u00e2nia utilizando Nariz Eletr\u00f4nico\n            <\/td>\n<td style=\"text-align:center;font-size:18px\">Fernando Schimidt<\/td>\n<td style=\"text-align:center;font-size:18px\">Kaio Fl\u00e1vio Costa Prata<\/td>\n<\/tr>\n<tr>\n<td style=\"text-align:center;font-size:18px\">21:00 &#8211; 22:00<\/td>\n<td style=\"text-align:center;font-size:18px\">Produ\u00e7\u00e3o e caracteriza\u00e7\u00e3o do extrato bruto do ip\u00ea roxo para aplica\u00e7\u00e3o em<br \/>\n                nanomedicina oncol\u00f3gica<\/td>\n<td style=\"text-align:center;font-size:18px\">Francyelli Mariana dos Santos Mello Andrade<\/td>\n<td style=\"text-align:center;font-size:18px\">Vitoria Menezes dos Anjos<\/td>\n<\/tr>\n<tr>\n<td style=\"text-align:center;font-size:18px\">SALAS T 106 e S 107<\/td>\n<td style=\"text-align:center;font-size:18px\">07:00 &#8211; 10:15<\/td>\n<td style=\"text-align:center;font-size:18px\">A medicina e o tratamento da peste no &quot;Regimento Proveitoso contra ha<br \/>\n                pestenen\u00e7a&quot; (Portugal\/<br \/>\n                s\u00e9culos XIV-XVI)<\/td>\n<td style=\"text-align:center;font-size:18px\">Andr\u00e9 Costa Aciole da Silva<\/td>\n<td style=\"text-align:center;font-size:18px\">Gabriel Jeov\u00e1 Costa Silva<\/td>\n<\/tr>\n<tr>\n<td style=\"text-align:center;font-size:18px\">SALA T-216<\/td>\n<td style=\"text-align:center;font-size:18px\">07:30 &#8211; 08:00<\/td>\n<td style=\"text-align:center;font-size:18px\">Avalia\u00e7\u00e3o do potencial e\u00f3lico em edif\u00edcios altos na cidade de Goi\u00e2nia<\/td>\n<td style=\"text-align:center;font-size:18px\">Vin\u00edcius Carvalhaes<\/td>\n<td style=\"text-align:center;font-size:18px\">Mauro C\u00e9sar da Silva<br \/>Ayka Duarte Lima<\/td>\n<\/tr>\n<tr>\n<td style=\"text-align:center;font-size:18px\">SALA T &#8211; 408<\/td>\n<td style=\"text-align:center;font-size:18px\">08:45 &#8211; 09:05<\/td>\n<td style=\"text-align:center;font-size:18px\">An\u00e1lise da influ\u00eancia dos par\u00e2metros velocidade angular, avan\u00e7o e passo, no<br \/>\n                processo de conforma\u00e7\u00e3o<br \/>\n                DIELESS FORMING<\/td>\n<td style=\"text-align:center;font-size:18px\">Ecio Naves Duarte<\/td>\n<td style=\"text-align:center;font-size:18px\">Jordana Ferreira Rezio<br \/>Larissa Santos Oliveira<\/td>\n<\/tr>\n<tr>\n<td style=\"text-align:center;font-size:18px\">SALA S-310<\/td>\n<td style=\"text-align:center;font-size:18px\">08:45 &#8211; 09:15<\/td>\n<td style=\"text-align:center;font-size:18px\">RECONHECIMENTO, CONTAGEM E ORDENA\u00c7\u00c3O DE ANIMAIS EM SALA DE ORDENHA LEITEIRA<br \/>\n                BASEADO EM INTELIG\u00caNCIA<br \/>\n                ARTIFICIAL<\/td>\n<td style=\"text-align:center;font-size:18px\">Cl\u00e1udio Afonso Fleury<\/td>\n<td style=\"text-align:center;font-size:18px\">Adauto Tertulino de Freitas Neto<\/td>\n<\/tr>\n<tr>\n<td style=\"text-align:center;font-size:18px\">SALA TEATRO<\/td>\n<td style=\"text-align:center;font-size:18px\">09:00 &#8211; 09:30<\/td>\n<td style=\"text-align:center;font-size:18px\">TEATRO GREGO ANTIGO: CONTE\u00daDO E M\u00c9TODO PARA ENSINAR-APRENDER HIST\u00d3RIA<\/td>\n<td style=\"text-align:center;font-size:18px\">ANA LARA VONTOBEL FONSECA<\/td>\n<td style=\"text-align:center;font-size:18px\">Gustavo de Souza Neves<\/td>\n<\/tr>\n<tr>\n<td style=\"text-align:center;font-size:18px\">SALA S-305<\/td>\n<td style=\"text-align:center;font-size:18px\">10:30 &#8211; 11:00<\/td>\n<td style=\"text-align:center;font-size:18px\">M\u00e9todos avaliativos atrav\u00e9s de Metodologia Ativa na disciplina de<br \/>\n                Eletricidade em cursos t\u00e9cnicos<\/td>\n<td style=\"text-align:center;font-size:18px\">Alana da Silva Magalh\u00e3es<\/td>\n<td style=\"text-align:center;font-size:18px\">Beatriz Sobrinho Martins<\/td>\n<\/tr>\n<tr>\n<td style=\"text-align:center;font-size:18px\">SALA S-212<\/td>\n<td style=\"text-align:center;font-size:18px\">13:00 &#8211; 14:00<\/td>\n<td style=\"text-align:center;font-size:18px\">A sa\u00fade das mulheres na obra m\u00e9dica do f\u00edsico medieval portugu\u00eas Pedro<br \/>\n                Hispano (s\u00e9culo XIII)<\/td>\n<td style=\"text-align:center;font-size:18px\">Andr\u00e9 Costa Aciole da Silva<\/td>\n<td style=\"text-align:center;font-size:18px\">Joana Th\u00e1lita Xavier de Oliveira<\/td>\n<\/tr>\n<tr>\n<td style=\"text-align:center;font-size:18px\">SALA T-105<\/td>\n<td style=\"text-align:center;font-size:18px\">13:51 &#8211; 14:10<\/td>\n<td style=\"text-align:center;font-size:18px\">Educa\u00e7\u00e3o Inclusiva no Instituto Federal de Goi\u00e1s campus Goi\u00e2nia: an\u00e1lise do<br \/>\n                NAPNE a partir da Declara\u00e7\u00e3o<br \/>\n                de Salamanca (1994)<\/td>\n<td style=\"text-align:center;font-size:18px\">Josu\u00e9 Vidal Pereira<\/td>\n<td style=\"text-align:center;font-size:18px\">Wesley Vieira de Souza<\/td>\n<\/tr>\n<tr>\n<td style=\"text-align:center;font-size:18px\">SALA T-205<\/td>\n<td style=\"text-align:center;font-size:18px\">14:45 &#8211; 15:05<\/td>\n<td style=\"text-align:center;font-size:18px\">PRIVILEGIANDO O C\u00c1LCULO DIFERENCIAL E INTEGRAL NO N\u00cdVEL M\u00c9DIO<\/td>\n<td style=\"text-align:center;font-size:18px\">Simone Ariomar de Souza<\/td>\n<td style=\"text-align:center;font-size:18px\">Anna Karolynne Coutinho Rocha Santos<\/td>\n<\/tr>\n<tr>\n<td style=\"text-align:center;font-size:18px\">SALA T-205<\/td>\n<td style=\"text-align:center;font-size:18px\">15:10 &#8211; 15:30<\/td>\n<td style=\"text-align:center;font-size:18px\">DESVENDANDO AS EQUA\u00c7\u00d5ES DIOFANTINAS LINEARES NO N\u00cdVEL M\u00c9DIO<\/td>\n<td style=\"text-align:center;font-size:18px\">Simone Ariomar de Souza<\/td>\n<td style=\"text-align:center;font-size:18px\">Giulia Auad da Veiga Romero<\/td>\n<\/tr>\n<tr>\n<td style=\"text-align:center;font-size:18px\">SALA T-205<\/td>\n<td style=\"text-align:center;font-size:18px\">15:35 &#8211; 15:55<\/td>\n<td style=\"text-align:center;font-size:18px\">EXPLORANDO O ENSINO DESENVOLVIMENTAL PARA A APROPRIA\u00c7\u00c3O DOS CONCEITOS<br \/>\n                MATEM\u00c1TICOS<\/td>\n<td style=\"text-align:center;font-size:18px\">Simone Ariomar de Souza<\/td>\n<td style=\"text-align:center;font-size:18px\">Mariana Lemes Silva<\/td>\n<\/tr>\n<tr>\n<td style=\"text-align:center;font-size:18px\">SALA S-205<\/td>\n<td style=\"text-align:center;font-size:18px\">16:30 &#8211; 17:00<\/td>\n<td style=\"text-align:center;font-size:18px\">LETRAMENTO EM LEITURA DISCURSIVA NO INSTAGRAM: GREVE DE PROFESSORES<br \/>\n                MUNICIPAIS DEGOI\u00c2NIA NO ANO DE 2022.\n            <\/td>\n<td style=\"text-align:center;font-size:18px\">Aline Rezende Belo<\/td>\n<td style=\"text-align:center;font-size:18px\">Kaline Alves da Silva<\/td>\n<\/tr>\n<tr>\n<td style=\"text-align:center;font-size:18px\">SALA T-106<\/td>\n<td style=\"text-align:center;font-size:18px\">19:30 &#8211; 20:30<\/td>\n<td style=\"text-align:center;font-size:18px\">Avalia\u00e7\u00e3o da influ\u00eancia do agregado e do tipo de cimento na produ\u00e7\u00e3o de piso<br \/>\n                ciment\u00edcio at\u00e9rmico<\/td>\n<td style=\"text-align:center;font-size:18px\">Paulo Francinete Silva Junior<\/td>\n<td style=\"text-align:center;font-size:18px\">Swyanny Jullie Santana Fernandes<br \/>Eduarda Mendes Freitas <br \/>Amanda<br \/>\n                Cristine Rodrigues de Matos\n            <\/td>\n<\/tr>\n<tr>\n<td style=\"text-align:center;font-size:18px\">SALA S 503<\/td>\n<td style=\"text-align:center;font-size:18px\">19:00 &#8211; 20:30<\/td>\n<td style=\"text-align:center;font-size:18px\">Educa\u00e7\u00e3o musical e identidade diasp\u00f3rica afro-brasileira: estrat\u00e9gias para<br \/>\n                uma educa\u00e7\u00e3o musical<br \/>\n                antirracista<\/td>\n<td style=\"text-align:center;font-size:18px\">Wagner Jacinto de Oliveira<\/td>\n<td style=\"text-align:center;font-size:18px\">Bruno Gama Duarte<\/td>\n<\/tr>\n<tr>\n<td style=\"text-align:center;font-size:18px\">SALA T-105<\/td>\n<td style=\"text-align:center;font-size:18px\">13:30 &#8211; 13:50<\/td>\n<td style=\"text-align:center;font-size:18px\">Dificuldades de aprendizado na EJA no contexto da pandemia da COVID-19<\/td>\n<td style=\"text-align:center;font-size:18px\">Josu\u00e9 Vidal Pereira<\/td>\n<td style=\"text-align:center;font-size:18px\">Roberto Luiz Varelo<\/td>\n<\/tr>\n<tr>\n<td style=\"text-align:center;font-size:18px\" rowspan=\"15\">31\/05\/2023<\/td>\n<td style=\"text-align:center;font-size:18px\" rowspan=\"4\">CINEMATECA (7h \u00e0s 12h30 e das 18h30- 22h30 )<\/td>\n<td style=\"text-align:center;font-size:18px\">09:30 &#8211; 09h59<\/td>\n<td style=\"text-align:center;font-size:18px\">Identifica\u00e7\u00e3o de \u00e1reas priorit\u00e1rias para o manejo da vegeta\u00e7\u00e3o em redes de<br \/>\n                distribui\u00e7\u00e3o de energia<br \/>\n                usando imagens MSI\/Sentinel-2 e computa\u00e7\u00e3o em nuvem<\/td>\n<td style=\"text-align:center;font-size:18px\">\u00c9dipo Henrique Cremon<\/td>\n<td style=\"text-align:center;font-size:18px\">Laudier Lopes Abreu<\/td>\n<\/tr>\n<tr>\n<td style=\"text-align:center;font-size:18px\">10:00 &#8211; 10:25<\/td>\n<td style=\"text-align:center;font-size:18px\">Qualidade altim\u00e9trica de receptores GNSS RTK embarcado ve\u00edculos utilit\u00e1rios\n            <\/td>\n<td style=\"text-align:center;font-size:18px\">Max Well de Oliveira Rabelo<\/td>\n<td style=\"text-align:center;font-size:18px\">Leticia Santos Pereira e Bruna Cristina Szlapak<\/td>\n<\/tr>\n<tr>\n<td style=\"text-align:center;font-size:18px\">10:25 &#8211; 10:50<\/td>\n<td style=\"text-align:center;font-size:18px\">Qualidade altim\u00e9trica de receptores GNSS RTX embarcado em pulverizadores<br \/>\n                autopropelidos<\/td>\n<td style=\"text-align:center;font-size:18px\">Max Well de Oliveira Rabelo<\/td>\n<td style=\"text-align:center;font-size:18px\">Bruna Cristina Szlapak<\/td>\n<\/tr>\n<tr>\n<td style=\"text-align:center;font-size:18px\">10:50 &#8211; 12:00<\/td>\n<td style=\"text-align:center;font-size:18px\">Integra\u00e7\u00e3o do modelo brasileiro para convers\u00e3o de altitudes geom\u00e9tricas em<br \/>\n                altitudes normais<br \/>\n                hgeoHNOR2020 em ambiente de geoprocessamento<\/td>\n<td style=\"text-align:center;font-size:18px\">Jo\u00e3o Paulo Magna J\u00fanior<\/td>\n<td style=\"text-align:center;font-size:18px\">Nayra Pereira dos Santos e Nayza Pereira dos Santos<\/td>\n<\/tr>\n<tr>\n<td style=\"text-align:center;font-size:18px\" rowspan=\"4\">DJALMA MAIA (7h \u00e0s 22h30)<\/td>\n<td style=\"text-align:center;font-size:18px\">09:00 &#8211; 09:20<\/td>\n<td style=\"text-align:center;font-size:18px\">PREVAL\u00caNCIA DE MISOFONIA EM ESTUDANTES DO ENSINO T\u00c9CNICO INTEGRADO DO IFG,<br \/>\n                CAMPUS GOI\u00c2NIA<\/td>\n<td style=\"text-align:center;font-size:18px\">LOURIVAL DE A SILVA<\/td>\n<td style=\"text-align:center;font-size:18px\">Alana Karolyne Neves Barbosa e Gabriel Cunha Siqueira<\/td>\n<\/tr>\n<tr>\n<td style=\"text-align:center;font-size:18px\">09:30 &#8211; 09:50<\/td>\n<td style=\"text-align:center;font-size:18px\">PREVAL\u00caNCIA DE MISOFONIA EM ESTUDANTES DE GRADUA\u00c7\u00c3O DO IFG, CAMPUS GOI\u00c2NIA.\n            <\/td>\n<td style=\"text-align:center;font-size:18px\">LOURIVAL DE A SILVA<\/td>\n<td style=\"text-align:center;font-size:18px\"> Gabriel Cunha Siqueira<\/td>\n<\/tr>\n<tr>\n<td style=\"text-align:center;font-size:18px\">16:30 &#8211; 17:15<\/td>\n<td style=\"text-align:center;font-size:18px\">Perspectivas formativas e pr\u00e1ticas da atua\u00e7\u00e3o docente em Hist\u00f3ria nas<br \/>\n                cole\u00e7\u00f5es did\u00e1ticas Forma\u00e7\u00e3o<br \/>\n                Hist\u00f3ria (2021) e Tempo, sociedade e cultura: um di\u00e1logo interdisciplinar (2021)<\/td>\n<td style=\"text-align:center;font-size:18px\">Maria Abadia Cardoso<\/td>\n<td style=\"text-align:center;font-size:18px\">Lohayne Fernandes de Fran\u00e7a<\/td>\n<\/tr>\n<tr>\n<td style=\"text-align:center;font-size:18px\">17:16 &#8211; 18:00<\/td>\n<td style=\"text-align:center;font-size:18px\">Ensino de Hist\u00f3ria e Livros did\u00e1ticos; desafios para o ensino de hist\u00f3ria do<br \/>\n                tempo presente nas cole\u00e7\u00f5es<br \/>\n                \u201cOlhares da Hist\u00f3ria, Brasil e Mundo\u201d (2016) e \u201cDi\u00e1logos em Ci\u00eancias Humanas\u201d (2020)<\/td>\n<td style=\"text-align:center;font-size:18px\">Maria Abadia Cardoso<\/td>\n<td style=\"text-align:center;font-size:18px\">Gabrielle Ozano da Silva Santos<\/td>\n<\/tr>\n<tr>\n<td style=\"text-align:center;font-size:18px\">SALA T 218<\/td>\n<td style=\"text-align:center;font-size:18px\">10:30 &#8211; 11:00<\/td>\n<td style=\"text-align:center;font-size:18px\">Uso do m\u00e9todo de elementos finitos para estudo das tens\u00f5es de membrana em<br \/>\n                chapas met\u00e1licas<\/td>\n<td style=\"text-align:center;font-size:18px\">Julio Cezar Pedrosa da Silva<\/td>\n<td style=\"text-align:center;font-size:18px\">Davi Jud\u00e1 de Souza Fraga<\/td>\n<\/tr>\n<tr>\n<td style=\"text-align:center;font-size:18px\">SALA T-218<\/td>\n<td style=\"text-align:center;font-size:18px\">11:30 &#8211; 11:50<\/td>\n<td style=\"text-align:center;font-size:18px\">Cria\u00e7\u00e3o de Modelos Did\u00e1ticos para utiliza\u00e7\u00e3o em Laborat\u00f3rio Visando Estudar<br \/>\n                os Princ\u00edpios de<br \/>\n                Funcionamento e Acionamento de Motores Utilizados na Rob\u00f3tica<\/td>\n<td style=\"text-align:center;font-size:18px\">Ildeu L\u00facio Siqueira<\/td>\n<td style=\"text-align:center;font-size:18px\">Efraim Fran\u00e7a Oliveira Pires de Jesus<br \/>Neville Louren\u00e7o Adriano de Matos\n            <\/td>\n<\/tr>\n<tr>\n<td style=\"text-align:center;font-size:18px\">SALA S-209<\/td>\n<td style=\"text-align:center;font-size:18px\">15:45 &#8211; 16:05<\/td>\n<td style=\"text-align:center;font-size:18px\">Entre Luzias e Carolinas: uma an\u00e1lise da situa\u00e7\u00e3o da mulher negra no Brasil a<br \/>\n                partir da experi\u00eancia de<br \/>\n                Luzia Santos Flor\u00eancio e Carolina Maria de Jesus<\/td>\n<td style=\"text-align:center;font-size:18px\">Yangley Adriano Marinho<\/td>\n<td style=\"text-align:center;font-size:18px\">Ana Cristina Ramos Lopes<\/p>\n<p>Isabelle dos Santos Ferreira<\/td>\n<\/tr>\n<tr>\n<td style=\"text-align:center;font-size:18px\">SALA T-105<\/td>\n<td style=\"text-align:center;font-size:18px\">16:30 &#8211; 16:59<\/td>\n<td style=\"text-align:center;font-size:18px\">Mobilidade social no Antigo Regime e suas implica\u00e7\u00f5es na Am\u00e9rica Portuguesa\n            <\/td>\n<td style=\"text-align:center;font-size:18px\">Paulo Miguel Moreira da Fonseca<\/td>\n<td style=\"text-align:center;font-size:18px\">Bibiane de Freitas Silva<\/td>\n<\/tr>\n<tr>\n<td style=\"text-align:center;font-size:18px\">SALA T-105<\/td>\n<td style=\"text-align:center;font-size:18px\">17:00 &#8211; 17:29<\/td>\n<td style=\"text-align:center;font-size:18px\">Leitura e circula\u00e7\u00e3o de textos na Am\u00e9rica portuguesa do s\u00e9culo XVIII<\/td>\n<td style=\"text-align:center;font-size:18px\">Paulo Miguel Moreira da Fonseca<\/td>\n<td style=\"text-align:center;font-size:18px\">Marianna Damas de Jesus<\/td>\n<\/tr>\n<tr>\n<td style=\"text-align:center;font-size:18px\">SALA T-105<\/td>\n<td style=\"text-align:center;font-size:18px\">17:30 &#8211; 18:00<\/td>\n<td style=\"text-align:center;font-size:18px\">O Diret\u00f3rio dos \u00cdndios e o projeto ilustrado de integra\u00e7\u00e3o social na Am\u00e9rica<br \/>\n                portuguesa do setecentos\n            <\/td>\n<td style=\"text-align:center;font-size:18px\">Paulo Miguel Moreira da Fonseca<\/td>\n<td style=\"text-align:center;font-size:18px\">Gabrielly de Bastos Le\u00e3o<\/td>\n<\/tr>\n<tr>\n<td style=\"text-align:center;font-size:18px\">SALA S 403-A<\/td>\n<td style=\"text-align:center;font-size:18px\">20:00 &#8211; 20:30<\/td>\n<td style=\"text-align:center;font-size:18px\">O USO DO RECONHECIMENTO FACIAL PARA O CONTROLE DE ACESSO DE PESSOAS NO<br \/>\n                AMBIENTE ACAD\u00caMICO: UM ESTUDO<br \/>\n                SOBRE INTELIG\u00caNCIA ARTIFCIAL E PYTHON<\/td>\n<td style=\"text-align:center;font-size:18px\">Sirlon Diniz de Carvalho<\/td>\n<td style=\"text-align:center;font-size:18px\">Matheus Louredo Pena<\/td>\n<\/tr>\n<tr>\n<td style=\"text-align:center;font-size:18px\" rowspan=\"9\">01\/06\/2023 &#8211; DATA EXCEPCIONAL<\/td>\n<td style=\"text-align:center;font-size:18px\">SALA S-104<\/td>\n<td style=\"text-align:center;font-size:18px\">07:20 &#8211; 08:00<\/td>\n<td style=\"text-align:center;font-size:18px\">Tecnologia da sobreviv\u00eancia e poesia. <\/td>\n<td style=\"text-align:center;font-size:18px\">Renan Gon\u00e7alves Rocha <\/td>\n<td style=\"text-align:center;font-size:18px\">Ruth Gabrielle Rodrigues Matias<\/td>\n<\/tr>\n<tr>\n<td style=\"text-align:center;font-size:18px\">SALA T-216<\/td>\n<td style=\"text-align:center;font-size:18px\">10:00 &#8211; 10:30<\/td>\n<td style=\"text-align:center;font-size:18px\">UMA INTRODU\u00c7\u00c3O AOS ASPECTOS FUNDAMENTAIS DA SIMULA\u00c7\u00c3O DIN\u00c2MICA VIA M\u00c9TODO DE<br \/>\n                ELEMENTOS FINITOS (MEF)\n            <\/td>\n<td style=\"text-align:center;font-size:18px\"> Jos\u00e9 Luiz Oliveira Pena<\/td>\n<td style=\"text-align:center;font-size:18px\">Lucas Lima dos Santos<\/td>\n<\/tr>\n<tr>\n<td style=\"text-align:center;font-size:18px\">SALA T-216<\/td>\n<td style=\"text-align:center;font-size:18px\">11:00 &#8211; 11:15<\/td>\n<td style=\"text-align:center;font-size:18px\">Uma introdu\u00e7\u00e3o aos aspectos fundamentais de escoamento sobre corpos s\u00f3lidos<br \/>\n                via m\u00e9todo de volumes<br \/>\n                finitos<\/td>\n<td style=\"text-align:center;font-size:18px\">Jos\u00e9 Luiz Oliveira Pena<\/td>\n<td style=\"text-align:center;font-size:18px\">Jessica Alves Pinheiro<\/td>\n<\/tr>\n<tr>\n<td style=\"text-align:center;font-size:18px\">SALA T-109<\/td>\n<td style=\"text-align:center;font-size:18px\">10:30 &#8211; 10:40<\/td>\n<td style=\"text-align:center;font-size:18px\">A m\u00fasica e suas rela\u00e7\u00f5es com a F\u00edsica<\/td>\n<td style=\"text-align:center;font-size:18px\">Lucas Bernardes Borges<\/td>\n<td style=\"text-align:center;font-size:18px\">Pedro Branquinho Cunha<\/td>\n<\/tr>\n<tr>\n<td style=\"text-align:center;font-size:18px\">SALA S-404<\/td>\n<td style=\"text-align:center;font-size:18px\">14:45 &#8211; 14:55<\/td>\n<td style=\"text-align:center;font-size:18px\">Proposta de material did\u00e1tico para a disciplina de F\u00edsica do Curso T\u00e9cnico<br \/>\n                Integrado ao Ensino M\u00e9dio em<br \/>\n                Cozinha do IFG<\/td>\n<td style=\"text-align:center;font-size:18px\">Lucas Bernardes Borges<\/td>\n<td style=\"text-align:center;font-size:18px\">Thais Teles da Silva<\/td>\n<\/tr>\n<tr>\n<td style=\"text-align:center;font-size:18px\">SALA SM-4 (Complexo de M\u00fasica)<\/td>\n<td style=\"text-align:center;font-size:18px\">14:45 &#8211; 15:15<\/td>\n<td style=\"text-align:center;font-size:18px\">DID\u00c1TICA EM EDUCA\u00c7\u00c3O MUSICAL NO BRASIL: UM ESTUDO SOBRE A PRODU\u00c7\u00c3O BRASILEIRA<br \/>\n                NO S\u00c9CULO XXI<\/td>\n<td style=\"text-align:center;font-size:18px\">Eliton Perpetuo Rosa Pereira<\/td>\n<td style=\"text-align:center;font-size:18px\">Lillian Kelly de Oliveira Lopes<\/td>\n<\/tr>\n<tr>\n<td style=\"text-align:center;font-size:18px\">SALA S-212<\/td>\n<td style=\"text-align:center;font-size:18px\">15:00 &#8211; 17:30<\/td>\n<td style=\"text-align:center;font-size:18px\">BNCC (Base Nacional Comum Curricular) e a constru\u00e7\u00e3o de um curr\u00edculo voltado<br \/>\n                ao empreendedorismo<\/td>\n<td style=\"text-align:center;font-size:18px\">Sebasti\u00e3o Cl\u00e1udio Barbosa<\/td>\n<td style=\"text-align:center;font-size:18px\">Douglas Vasconcelos de Almeida<\/td>\n<\/tr>\n<tr>\n<td style=\"text-align:center;font-size:18px\">SALA S-403B<\/td>\n<td style=\"text-align:center;font-size:18px\">19:50 &#8211; 20:10<\/td>\n<td style=\"text-align:center;font-size:18px\">An\u00e1lise do Impacto de Gera\u00e7\u00f5es Distribu\u00eddas na manuten\u00e7\u00e3o de Redes de<br \/>\n                Distribui\u00e7\u00e3o<\/td>\n<td style=\"text-align:center;font-size:18px\">Raphael de Aquino Gomes<\/td>\n<td style=\"text-align:center;font-size:18px\">Gilberto Ferreira de Freitas J\u00fanior<\/td>\n<\/tr>\n<tr>\n<td style=\"text-align:center;font-size:18px\">SALA S-403B<\/td>\n<td style=\"text-align:center;font-size:18px\">20:10 &#8211; 20:30<\/td>\n<td style=\"text-align:center;font-size:18px\">Uma estrat\u00e9gia para otimiza\u00e7\u00e3o de espa\u00e7os inteligentes para efici\u00eancia<br \/>\n                energ\u00e9tica na ind\u00fastria 4.0<\/td>\n<td style=\"text-align:center;font-size:18px\">Raphael de Aquino Gomes<\/td>\n<td style=\"text-align:center;font-size:18px\">Igor Coutinho Ferreira Nobre<br \/>Henrique D&#039; Avila Sperb<\/td>\n<\/tr>\n<\/tbody>\n<\/table>\n<table class=\"table table-bordered table-hover table-condensed\">\n<thead>\n<tr>\n<th style=\"text-align:center;font-size:18px\" colspan=\"7\">PROGRAMA\u00c7\u00c3O DE OFICINAS<\/th>\n<\/tr>\n<tr>\n<td style=\"text-align:center;font-size:18px\">DATA<\/td>\n<td style=\"text-align:center;font-size:18px\">LOCAL<\/td>\n<td style=\"text-align:center;font-size:18px\">HOR\u00c1RIO<\/td>\n<td style=\"text-align:center;font-size:18px\">TEMA<\/td>\n<td style=\"text-align:center;font-size:18px\">MINISTRANTE<\/td>\n<td style=\"text-align:center;font-size:18px\">LINK DO GOOGLE MEET<\/td>\n<\/tr>\n<tr>\n<td style=\"text-align:center;font-size:18px\">29\/05\/2023<\/td>\n<td style=\"text-align:center;font-size:18px\">ONLINE<\/td>\n<td style=\"text-align:center;font-size:18px\">17:00 \u00e1s 18:00<\/td>\n<td style=\"text-align:center;font-size:18px\">Comit\u00ea de \u00c9tica em Pesquisa (CEP): trocas de experi\u00eancias<\/td>\n<td style=\"text-align:center;font-size:18px\">Prof. Dr. Aldo Muro J\u00fanior<\/td>\n<td style=\"text-align:center;font-size:18px\">meet.google.com\/jnf-etbn-ifw<\/td>\n<\/tr>\n<tr>\n<td style=\"text-align:center;font-size:18px\">30\/05\/2023<\/td>\n<td style=\"text-align:center;font-size:18px\">ONLINE<\/td>\n<td style=\"text-align:center;font-size:18px\">17:00 \u00e1s 18:00<\/td>\n<td style=\"text-align:center;font-size:18px\">Oportunidades de editais de empresas privadas: Edital da Cargill<\/td>\n<td style=\"text-align:center;font-size:18px\">Prof.\u00aa Dra. Gis\u00e9lia Lima Carvalho e Prof.\u00aa Dra. Rebeca Elster Rubim<\/td>\n<td style=\"text-align:center;font-size:18px\">meet.google.com\/jnf-etbn-ifw<\/td>\n<\/tr>\n<tr>\n<td style=\"text-align:center;font-size:18px\">31\/05\/2023<\/td>\n<td style=\"text-align:center;font-size:18px\">ONLINE<\/td>\n<td style=\"text-align:center;font-size:18px\">17:00 \u00e1s 18:00<\/td>\n<td style=\"text-align:center;font-size:18px\">Conhecendo oportunidades com os editais da SETEC\/MEC<\/td>\n<td style=\"text-align:center;font-size:18px\">Prof. Dr. Carlos Roberto da Silveira J\u00fanior<\/td>\n<td style=\"text-align:center;font-size:18px\">meet.google.com\/jnf-etbn-ifw<\/td>\n<\/tr>\n<tr>\n<td style=\"font-size:18px\" colspan=\"3\">P\u00fablico-Alvo:<\/td>\n<td style=\"font-size:18px\" colspan=\"3\">Pesquisadores, docentes, t\u00e9cnico-administrativos e demais<br \/>\n                interessados<\/td>\n<\/tr>\n<tr>\n<td style=\"font-size:18px\" colspan=\"3\">Infoma\u00e7\u00f5es <\/td>\n<td style=\"font-size:18px\" colspan=\"3\">pesquisa.goiania@ifg.edu.br<\/td>\n<\/tr>\n<tr>\n<td style=\"font-size:18px\" colspan=\"3\">Site do Evento: <\/td>\n<td style=\"font-size:18px\" colspan=\"3\">http:\/\/eventos.ifg.edu.br\/slict2023<\/td>\n<\/tr>\n<\/tbody>\n<\/table>\n","protected":false},"excerpt":{"rendered":"<p>O XI SLICT 2023 contar\u00e1 com a apresenta\u00e7\u00e3o de 69 projetos de pesquisa cient\u00edfica e tecnol\u00f3gica desenvolvidas no C\u00e2mpus Goi\u00e2nia do IFG no \u00e2mbito do Programa Institucional de Bolsas de Inicia\u00e7\u00e3o Cient\u00edfica e Tecnol\u00f3gica e Inova\u00e7\u00e3o (PIBICTI) do IFG no Ensino Superior e Ensino M\u00e9dio Integrado. XI SEMIN\u00c1RIO LOCAL DE INICIA\u00c7\u00c3O CIENT\u00cdFICA E TECNOL\u00d3GICA DO <a href=\"https:\/\/eventos.ifg.edu.br\/slict2023\/cronograma\/\" rel=\"nofollow\"><span class=\"sr-only\">Read more about Apresenta\u00e7\u00f5es<\/span>[&hellip;]<\/a><\/p>\n","protected":false},"author":193,"featured_media":0,"parent":0,"menu_order":0,"comment_status":"closed","ping_status":"closed","template":"","meta":{"ngg_post_thumbnail":0,"footnotes":""},"class_list":["post-81","page","type-page","status-publish","hentry"],"_links":{"self":[{"href":"https:\/\/eventos.ifg.edu.br\/slict2023\/wp-json\/wp\/v2\/pages\/81"}],"collection":[{"href":"https:\/\/eventos.ifg.edu.br\/slict2023\/wp-json\/wp\/v2\/pages"}],"about":[{"href":"https:\/\/eventos.ifg.edu.br\/slict2023\/wp-json\/wp\/v2\/types\/page"}],"author":[{"embeddable":true,"href":"https:\/\/eventos.ifg.edu.br\/slict2023\/wp-json\/wp\/v2\/users\/193"}],"replies":[{"embeddable":true,"href":"https:\/\/eventos.ifg.edu.br\/slict2023\/wp-json\/wp\/v2\/comments?post=81"}],"version-history":[{"count":18,"href":"https:\/\/eventos.ifg.edu.br\/slict2023\/wp-json\/wp\/v2\/pages\/81\/revisions"}],"predecessor-version":[{"id":141,"href":"https:\/\/eventos.ifg.edu.br\/slict2023\/wp-json\/wp\/v2\/pages\/81\/revisions\/141"}],"wp:attachment":[{"href":"https:\/\/eventos.ifg.edu.br\/slict2023\/wp-json\/wp\/v2\/media?parent=81"}],"curies":[{"name":"wp","href":"https:\/\/api.w.org\/{rel}","templated":true}]}}