{"id":3136,"date":"2025-07-15T17:09:50","date_gmt":"2025-07-15T20:09:50","guid":{"rendered":"https:\/\/eventos.ifg.edu.br\/semlic\/?page_id=3136"},"modified":"2025-07-15T17:09:50","modified_gmt":"2025-07-15T20:09:50","slug":"semlic-2024","status":"publish","type":"page","link":"https:\/\/eventos.ifg.edu.br\/semlic\/semlic-2024\/","title":{"rendered":"Semlic 2024"},"content":{"rendered":"\n<p><\/p>\n\n\n\n<p class=\"has-text-align-center\"><a href=\"http:\/\/even3.com.br\/semlic\" data-type=\"link\" data-id=\"even3.com.br\/semlic\"><strong>Clique para acessa a p\u00e1gina do Even3 do evento de 2024<\/strong> <\/a><\/p>\n\n\n\n<p>O IFG \u2013 C\u00e2mpus Jata\u00ed realizou, de 06 a 09 de novembro de 2024, a XX Semana de Licenciatura (Semlic) e XI Semin\u00e1rio da P\u00f3s-Gradua\u00e7\u00e3o em Educa\u00e7\u00e3o para Ci\u00eancias e Matem\u00e1tica. O evento deste ano tem como tema \u201cEduca\u00e7\u00e3o para qu\u00ea? Repensando o papel da Educa\u00e7\u00e3o na atualidade\u201d.<\/p>\n\n\n\n<p>A Semana de Licenciatura (Semlic), do Instituto Federal de Educa\u00e7\u00e3o, Ci\u00eancia e Tecnologia de Goi\u00e1s (IFG) \u2013 C\u00e2mpus Jata\u00ed, inicia sua hist\u00f3ria no ano de 2004, pouco tempo ap\u00f3s o in\u00edcio das atividades do curso de Licenciatura em F\u00edsica, que come\u00e7a em 2001.<\/p>\n\n\n\n<p>Com o objetivo de debater tem\u00e1ticas educacionais relevantes e atuais que impactam a educa\u00e7\u00e3o b\u00e1sica e o ensino superior, sobretudo no que tange a forma\u00e7\u00e3o de professores da \u00e1rea, a Semlic se tornou, ao longo dos anos, locus de importantes discuss\u00f5es, encontros e difus\u00e3o do conhecimento. Historicamente, acompanham os mais importantes debates do cen\u00e1rio educacional brasileiro.<\/p>\n\n\n\n<p>Em 2012 o C\u00e2mpus Jata\u00ed do IFG inicia as atividades do curso de Mestrado Profissional em Educa\u00e7\u00e3o para Ci\u00eancias e Matem\u00e1tica e, logo depois, em 2013, realiza, concomitantemente a SEMLIC, o I Semin\u00e1rio do Programa de P\u00f3s-Gradua\u00e7\u00e3o em Educa\u00e7\u00e3o para Ci\u00eancias e Matem\u00e1tica.<\/p>\n\n\n\n<p>Desde ent\u00e3o os dois eventos caminham juntos, agregando pessoas, difundindo conhecimentos e promovendo importantes debates no \u00e2mbito da educa\u00e7\u00e3o e do ensino de ci\u00eancias e matem\u00e1tica em todos os n\u00edveis de ensino.<\/p>\n\n\n\n<p>O evento conta com mesas redondas, palestras, comunica\u00e7\u00f5es orais, p\u00f4steres, oficinas e minicursos.<\/p>\n\n\n<div class=\"wp-block-image\">\n<figure class=\"aligncenter size-full is-resized\"><img fetchpriority=\"high\" decoding=\"async\" width=\"600\" height=\"849\" src=\"https:\/\/eventos.ifg.edu.br\/semlic\/wp-content\/uploads\/sites\/49\/2024\/10\/banner_evento_2_data_trab_atualiz-1-1.png\" alt=\"\" class=\"wp-image-3088\" style=\"width:310px;height:auto\" srcset=\"https:\/\/eventos.ifg.edu.br\/semlic\/wp-content\/uploads\/sites\/49\/2024\/10\/banner_evento_2_data_trab_atualiz-1-1.png 600w, https:\/\/eventos.ifg.edu.br\/semlic\/wp-content\/uploads\/sites\/49\/2024\/10\/banner_evento_2_data_trab_atualiz-1-1-212x300.png 212w\" sizes=\"(max-width: 600px) 100vw, 600px\" \/><\/figure><\/div>","protected":false},"excerpt":{"rendered":"<p>Clique para acessa a p\u00e1gina do Even3 do evento de 2024 O IFG \u2013 C\u00e2mpus Jata\u00ed realizou, de 06 a 09 de novembro de 2024, a XX Semana de Licenciatura (Semlic) e XI Semin\u00e1rio da P\u00f3s-Gradua\u00e7\u00e3o em Educa\u00e7\u00e3o para Ci\u00eancias e Matem\u00e1tica. O evento deste ano tem como tema \u201cEduca\u00e7\u00e3o para qu\u00ea? Repensando o papel <a class=\"more-link\" href=\"https:\/\/eventos.ifg.edu.br\/semlic\/semlic-2024\/\">&hellip; Continue lendo&hellip; &rarr;<\/a><\/p>\n","protected":false},"author":111,"featured_media":0,"parent":0,"menu_order":0,"comment_status":"closed","ping_status":"closed","template":"","meta":{"ngg_post_thumbnail":0,"footnotes":""},"class_list":["post-3136","page","type-page","status-publish","hentry"],"_links":{"self":[{"href":"https:\/\/eventos.ifg.edu.br\/semlic\/wp-json\/wp\/v2\/pages\/3136"}],"collection":[{"href":"https:\/\/eventos.ifg.edu.br\/semlic\/wp-json\/wp\/v2\/pages"}],"about":[{"href":"https:\/\/eventos.ifg.edu.br\/semlic\/wp-json\/wp\/v2\/types\/page"}],"author":[{"embeddable":true,"href":"https:\/\/eventos.ifg.edu.br\/semlic\/wp-json\/wp\/v2\/users\/111"}],"replies":[{"embeddable":true,"href":"https:\/\/eventos.ifg.edu.br\/semlic\/wp-json\/wp\/v2\/comments?post=3136"}],"version-history":[{"count":3,"href":"https:\/\/eventos.ifg.edu.br\/semlic\/wp-json\/wp\/v2\/pages\/3136\/revisions"}],"predecessor-version":[{"id":3141,"href":"https:\/\/eventos.ifg.edu.br\/semlic\/wp-json\/wp\/v2\/pages\/3136\/revisions\/3141"}],"wp:attachment":[{"href":"https:\/\/eventos.ifg.edu.br\/semlic\/wp-json\/wp\/v2\/media?parent=3136"}],"curies":[{"name":"wp","href":"https:\/\/api.w.org\/{rel}","templated":true}]}}