{"id":687,"date":"2018-03-16T11:10:10","date_gmt":"2018-03-16T14:10:10","guid":{"rendered":"http:\/\/eventos.ifg.edu.br\/secitecitumbiara\/?page_id=687"},"modified":"2019-05-10T15:38:04","modified_gmt":"2019-05-10T18:38:04","slug":"anais-secitec-2017","status":"publish","type":"page","link":"https:\/\/eventos.ifg.edu.br\/secitecitumbiara\/anais-secitec-2017\/","title":{"rendered":"Anais  2017 &#8211;  SECITEC &#8211; Instituto Federal de Educa\u00e7\u00e3o, Ci\u00eancia e Tecnologia de Goi\u00e1s &#8211; Campus Itumbiara"},"content":{"rendered":"<header class=\"entry-header\">\n<h3>ISSN 2526-7809<\/h3>\n<h2 style=\"background-color: #0c9a9b;color: #ffffff\">2017<\/h2>\n<p>Resumo Expandido<\/p>\n<table width=\"1024\">\n<tbody>\n<tr>\n<td width=\"76\"><strong>N\u00ba RESUMO<\/strong><\/td>\n<td width=\"486\"><strong>T\u00cdTULO DO TRABALHO<\/strong><\/td>\n<\/tr>\n<tr>\n<td width=\"76\">01<\/td>\n<td width=\"486\"><a href=\"http:\/\/eventos.ifg.edu.br\/secitecitumbiara\/wp-content\/uploads\/sites\/9\/2018\/03\/1.-Avalia\u00e7\u00e3o-do-m\u00e9todo-ELL-PBT-para-determina\u00e7\u00e3o-de-carbofurano-em-caldo-de-cana.pdf\">Avalia\u00e7\u00e3o do m\u00e9todo ELL-PBT para determina\u00e7\u00e3o de carbofurano em caldo de cana<\/a><\/td>\n<\/tr>\n<tr>\n<td width=\"76\">02<\/td>\n<td width=\"486\"><a href=\"http:\/\/eventos.ifg.edu.br\/secitecitumbiara\/wp-content\/uploads\/sites\/9\/2018\/03\/2.-Utiliza\u00e7\u00e3o-de-experimento-laboratorial-para-o-ensino-de-gases.pdf\">Utiliza\u00e7\u00e3o de experimento laboratorial para o ensino de gases<\/a><\/td>\n<\/tr>\n<tr>\n<td width=\"76\">03<\/td>\n<td width=\"486\"><a href=\"http:\/\/eventos.ifg.edu.br\/secitecitumbiara\/wp-content\/uploads\/sites\/9\/2018\/03\/3.-Determina\u00e7\u00e3o-do-teor-de-hidr\u00f3xido-de-magn\u00e9sio-em-leite-de-magn\u00e9sia-comercial.pdf\">Determina\u00e7\u00e3o do teor de hidr\u00f3xido de magn\u00e9sio em leite de magn\u00e9sia comercial<\/a><\/td>\n<\/tr>\n<tr>\n<td width=\"76\">04<\/td>\n<td width=\"486\"><a href=\"http:\/\/eventos.ifg.edu.br\/secitecitumbiara\/wp-content\/uploads\/sites\/9\/2018\/03\/4.-Atividades-cognitivas-de-tratamento-e-convers\u00e3o-na-compreens\u00e3o-do-conceito-de-fun\u00e7\u00e3o-afim.pdf\">Atividades cognitivas de tratamento e convers\u00e3o na compreens\u00e3o do conceito de fun\u00e7\u00e3o afim<\/a><\/td>\n<\/tr>\n<tr>\n<td width=\"76\">05<\/td>\n<td width=\"486\"><a href=\"http:\/\/eventos.ifg.edu.br\/secitecitumbiara\/wp-content\/uploads\/sites\/9\/2018\/03\/5.-An\u00e1lise-de-c\u00e1lcio-em-leite-em-p\u00f3-utilizando-a-volumetria-de-complexa\u00e7\u00e3o.pdf\">An\u00e1lise de c\u00e1lcio em leite em p\u00f3 utilizando a volumetria de complexa\u00e7\u00e3o<\/a><\/td>\n<\/tr>\n<tr>\n<td width=\"76\">06<\/td>\n<td width=\"486\"><a href=\"http:\/\/eventos.ifg.edu.br\/secitecitumbiara\/wp-content\/uploads\/sites\/9\/2018\/03\/6.-Efeitos-da-temperatura-conecntra\u00e7\u00e3o-de-substrato-e-tempo-na-s\u00edntese-de-celulases.pdf\">Efeitos da temperatura conecntra\u00e7\u00e3o de substrato e tempo na s\u00edntese de celulases<\/a><\/td>\n<\/tr>\n<tr>\n<td width=\"76\">07<\/td>\n<td width=\"486\"><a href=\"http:\/\/eventos.ifg.edu.br\/secitecitumbiara\/wp-content\/uploads\/sites\/9\/2018\/03\/7.-Constru\u00e7\u00e3o-de-conhecimentos-de-Zoologia.pdf\">Constru\u00e7\u00e3o de conhecimentos de Zoologia<\/a><\/td>\n<\/tr>\n<tr>\n<td width=\"76\">08<\/td>\n<td width=\"486\"><a href=\"http:\/\/eventos.ifg.edu.br\/secitecitumbiara\/wp-content\/uploads\/sites\/9\/2018\/03\/8.-Equipamento-de-ensaios-Charpy.pdf\">Equipamento de ensaios Charpy<\/a><\/td>\n<\/tr>\n<tr>\n<td width=\"76\">09<\/td>\n<td width=\"486\"><a href=\"http:\/\/eventos.ifg.edu.br\/secitecitumbiara\/wp-content\/uploads\/sites\/9\/2018\/03\/9.-Projeto-e-produ\u00e7\u00e3o-de-equipamento-did\u00e1tico-para-simula\u00e7\u00e3o-dos-diferentes-tipos-de-flambagem.pdf\">Projeto e produ\u00e7\u00e3o de equipamento did\u00e1tico para simula\u00e7\u00e3o dos diferentes tipos de flambagem<\/a><\/td>\n<\/tr>\n<tr>\n<td width=\"76\">10<\/td>\n<td width=\"486\"><a href=\"http:\/\/eventos.ifg.edu.br\/secitecitumbiara\/wp-content\/uploads\/sites\/9\/2018\/03\/10.-Aplica\u00e7\u00e3o-do-m\u00e9todo-da-rigidez-direta-na-an\u00e1lise-matricial-de-treli\u00e7as.pdf\">Aplica\u00e7\u00e3o do m\u00e9todo da rigidez direta na an\u00e1lise matricial de treli\u00e7as<\/a><\/td>\n<\/tr>\n<tr>\n<td width=\"76\">11<\/td>\n<td width=\"486\"><a href=\"http:\/\/eventos.ifg.edu.br\/secitecitumbiara\/wp-content\/uploads\/sites\/9\/2018\/03\/11.-An\u00e1lise-de-esfor\u00e7os-eletromagn\u00e9ticos-no-transformador-submetido-a-curto-circuito-trif\u00e1sico.pdf\">An\u00e1lise de esfor\u00e7os eletromagn\u00e9ticos no transformador submetido a curto-circuito trif\u00e1sico<\/a><\/td>\n<\/tr>\n<tr>\n<td width=\"76\">12<\/td>\n<td width=\"486\"><a href=\"http:\/\/eventos.ifg.edu.br\/secitecitumbiara\/wp-content\/uploads\/sites\/9\/2018\/03\/12.-A-coleta-seletiva-em-Uberl\u00e2ndia-MG.pdf\">A coleta seletiva em Uberl\u00e2ndia-MG<\/a><\/td>\n<\/tr>\n<tr>\n<td width=\"76\">13<\/td>\n<td width=\"486\"><a href=\"http:\/\/eventos.ifg.edu.br\/secitecitumbiara\/wp-content\/uploads\/sites\/9\/2018\/03\/13.-Atividades-experimentais-uma-ferramenta-pedag\u00f3gica-utilizada-para-o-ensino-de-Cin\u00e9tica-Qu\u00edmica.pdf\">Atividades experimentais &#8211; uma ferramenta pedag\u00f3gica utilizada para o ensino de Cin\u00e9tica Qu\u00edmica<\/a><\/td>\n<\/tr>\n<tr>\n<td width=\"76\">14<\/td>\n<td width=\"486\"><a href=\"http:\/\/eventos.ifg.edu.br\/secitecitumbiara\/wp-content\/uploads\/sites\/9\/2018\/03\/14.-Inicia\u00e7\u00e3o-Cient\u00edfica-no-Ensino-Fundamental.pdf\">Inicia\u00e7\u00e3o Cient\u00edfica no Ensino Fundamental<\/a><\/td>\n<\/tr>\n<tr>\n<td width=\"76\">15<\/td>\n<td width=\"486\"><a href=\"http:\/\/eventos.ifg.edu.br\/secitecitumbiara\/wp-content\/uploads\/sites\/9\/2018\/03\/15.-Percep\u00e7\u00f5es-de-estudantes-e-professores-sobre-a-ADA-em-Goi\u00e1s.pdf\">Percep\u00e7\u00f5es de estudantes e professores sobre a ADA em Goi\u00e1s<\/a><\/td>\n<\/tr>\n<tr>\n<td width=\"76\">16<\/td>\n<td width=\"486\"><a href=\"http:\/\/eventos.ifg.edu.br\/secitecitumbiara\/wp-content\/uploads\/sites\/9\/2018\/03\/16.-A-organiza\u00e7\u00e3o-do-trabalho-escolar-nas-oficinas-educativas-da-Educa\u00e7\u00e3o-Integral.pdf\">A organiza\u00e7\u00e3o do trabalho escolar nas oficinas educativas da Educa\u00e7\u00e3o Integral<\/a><\/td>\n<\/tr>\n<tr>\n<td width=\"76\">17<\/td>\n<td width=\"486\"><a href=\"http:\/\/eventos.ifg.edu.br\/secitecitumbiara\/wp-content\/uploads\/sites\/9\/2018\/03\/17.-Biodiesel-Uma-interven\u00e7\u00e3o-pedag\u00f3gica-na-sala-de-aula.pdf\">Biodiesel &#8211; Uma interven\u00e7\u00e3o pedag\u00f3gica na sala de aula<\/a><\/td>\n<\/tr>\n<tr>\n<td width=\"76\">18<\/td>\n<td width=\"486\"><a href=\"http:\/\/eventos.ifg.edu.br\/secitecitumbiara\/wp-content\/uploads\/sites\/9\/2018\/03\/18.-Discurso-de-\u00f3dio-nas-redes-sociais.pdf\">Discurso de \u00f3dio nas redes sociais<\/a><\/td>\n<\/tr>\n<tr>\n<td width=\"76\">19<\/td>\n<td width=\"486\"><a href=\"http:\/\/eventos.ifg.edu.br\/secitecitumbiara\/wp-content\/uploads\/sites\/9\/2018\/03\/19.-Uma-proposta-interdisciplinar-na-aprendizagem-matem\u00e1tica.pdf\">Uma proposta interdisciplinar na aprendizagem matem\u00e1tica<\/a><\/td>\n<\/tr>\n<tr>\n<td width=\"76\">20<\/td>\n<td width=\"486\"><a href=\"http:\/\/eventos.ifg.edu.br\/secitecitumbiara\/wp-content\/uploads\/sites\/9\/2018\/03\/20.-Gordura-de-frango-como-mat\u00e9ria-prima-para-produ\u00e7\u00e3o-de-biodiesel.pdf\">Gordura de frango como mat\u00e9ria-prima para produ\u00e7\u00e3o de biodiesel<\/a><\/td>\n<\/tr>\n<tr>\n<td width=\"76\">21<\/td>\n<td width=\"486\"><a href=\"http:\/\/eventos.ifg.edu.br\/secitecitumbiara\/wp-content\/uploads\/sites\/9\/2018\/03\/21.-An\u00e1lise-f\u00edsico-qu\u00edmica-e-produ\u00e7\u00e3o-de-biodiesel-do-\u00f3leo-de-fritura.pdf\">An\u00e1lise f\u00edsico-qu\u00edmica e produ\u00e7\u00e3o de biodiesel do \u00f3leo de fritura<\/a><\/td>\n<\/tr>\n<tr>\n<td width=\"76\">22<\/td>\n<td width=\"486\"><a href=\"http:\/\/eventos.ifg.edu.br\/secitecitumbiara\/wp-content\/uploads\/sites\/9\/2018\/03\/22.-Identifica\u00e7\u00e3o-de-c\u00e1tions-atrav\u00e9s-da-marcha-anal\u00edtica.pdf\">Identifica\u00e7\u00e3o de c\u00e1tions atrav\u00e9s da marcha anal\u00edtica<\/a><\/td>\n<\/tr>\n<tr>\n<td width=\"76\">23<\/td>\n<td width=\"486\"><a href=\"http:\/\/eventos.ifg.edu.br\/secitecitumbiara\/wp-content\/uploads\/sites\/9\/2018\/03\/23.-Dificuldades-na-inser\u00e7\u00e3o-de-experimentos-de-Qu\u00edmica-no-Ensino-de-Ci\u00eancias.pdf\">Dificuldades na inser\u00e7\u00e3o de experimentos de Qu\u00edmica no Ensino de Ci\u00eancias<\/a><\/td>\n<\/tr>\n<tr>\n<td width=\"76\">24<\/td>\n<td width=\"486\"><a href=\"http:\/\/eventos.ifg.edu.br\/secitecitumbiara\/wp-content\/uploads\/sites\/9\/2018\/03\/24.-Pol\u00edmeros-Uma-sequ\u00eancia-did\u00e1tica-alternativa-para-o-Ensino-M\u00e9dio.pdf\">Pol\u00edmeros &#8211; Uma sequ\u00eancia did\u00e1tica alternativa para o Ensino M\u00e9dio<\/a><\/td>\n<\/tr>\n<tr>\n<td width=\"76\">25<\/td>\n<td width=\"486\"><a href=\"http:\/\/eventos.ifg.edu.br\/secitecitumbiara\/wp-content\/uploads\/sites\/9\/2018\/03\/25.-Relato-de-caso-do-PIBID-Estudo-da-densidade.pdf\">Relato de caso do PIBID &#8211; Estudo da densidade<\/a><\/td>\n<\/tr>\n<tr>\n<td width=\"76\">26<\/td>\n<td width=\"486\"><a href=\"http:\/\/eventos.ifg.edu.br\/secitecitumbiara\/wp-content\/uploads\/sites\/9\/2018\/03\/26.-Desenvolvimento-de-minicurso-como-ferramenta-did\u00e1tica-no-estudo-das-propriedades-coligativas.pdf\">Desenvolvimento de minicurso como ferramenta did\u00e1tica no estudo das propriedades coligativas<\/a><\/td>\n<\/tr>\n<tr>\n<td width=\"76\">27<\/td>\n<td width=\"486\"><a href=\"http:\/\/eventos.ifg.edu.br\/secitecitumbiara\/wp-content\/uploads\/sites\/9\/2018\/03\/27.-Aloca\u00e7\u00e3o-de-banco-de-capacitores-em-rede-de-distribui\u00e7\u00e3o.pdf\">Aloca\u00e7\u00e3o de banco de capacitores em rede de distribui\u00e7\u00e3o<\/a><\/td>\n<\/tr>\n<tr>\n<td width=\"76\">28<\/td>\n<td width=\"486\"><a href=\"http:\/\/eventos.ifg.edu.br\/secitecitumbiara\/wp-content\/uploads\/sites\/9\/2018\/03\/28.-Utiliza\u00e7\u00e3o-de-algoritmo-gen\u00e9tico-para-determina\u00e7\u00e3o-dos-par\u00e2metros-de-resson\u00e2ncia.pdf\">Utiliza\u00e7\u00e3o de algoritmo gen\u00e9tico para determina\u00e7\u00e3o dos par\u00e2metros de resson\u00e2ncia<\/a><\/td>\n<\/tr>\n<tr>\n<td width=\"76\">29<\/td>\n<td width=\"486\"><a href=\"http:\/\/eventos.ifg.edu.br\/secitecitumbiara\/wp-content\/uploads\/sites\/9\/2018\/03\/29.-Estudo-do-desgaste-em-ferramenta-de-metal-duro-no-torneamento-dos-a\u00e7os.pdf\">Estudo do desgaste em ferramenta de metal duro no torneamento dos a\u00e7os<\/a><\/td>\n<\/tr>\n<tr>\n<td width=\"76\">30<\/td>\n<td width=\"486\"><a href=\"http:\/\/eventos.ifg.edu.br\/secitecitumbiara\/wp-content\/uploads\/sites\/9\/2018\/03\/30.-Projeto-e-produ\u00e7\u00e3o-de-suspens\u00e3o-duplo-A.pdf\">Projeto e produ\u00e7\u00e3o de suspens\u00e3o duplo A<\/a><\/td>\n<\/tr>\n<tr>\n<td width=\"76\">31<\/td>\n<td width=\"486\"><a href=\"http:\/\/eventos.ifg.edu.br\/secitecitumbiara\/wp-content\/uploads\/sites\/9\/2018\/03\/31.-Desenvolvimento-de-equipamento-para-ensaio-de-fadiga-por-flex\u00e3o.pdf\">Desenvolvimento de equipamento para ensaio de fadiga por flex\u00e3o<\/a><\/td>\n<\/tr>\n<tr>\n<td width=\"76\">32<\/td>\n<td width=\"486\"><a href=\"http:\/\/eventos.ifg.edu.br\/secitecitumbiara\/wp-content\/uploads\/sites\/9\/2018\/03\/32.-Cana-de-a\u00e7\u00facar-Uma-experi\u00eancia-com-alunos-da-EJA.pdf\">Cana-de-a\u00e7\u00facar &#8211; Uma experi\u00eancia com alunos da EJA<\/a><\/td>\n<\/tr>\n<tr>\n<td width=\"76\">33<\/td>\n<td width=\"486\"><a href=\"http:\/\/eventos.ifg.edu.br\/secitecitumbiara\/wp-content\/uploads\/sites\/9\/2018\/03\/33.-Diabetes-mellitus-e-a-contextualiza\u00e7\u00e3o-no-Ensino-Superior.pdf\">Diabetes mellitus e a contextualiza\u00e7\u00e3o no Ensino Superior<\/a><\/td>\n<\/tr>\n<\/tbody>\n<\/table>\n<p>Resumo Simples<\/p>\n<table width=\"1024\">\n<tbody>\n<tr>\n<td width=\"76\"><strong>N\u00ba RESUMO<\/strong><\/td>\n<td width=\"486\"><strong>T\u00cdTULO DO TRABALHO<\/strong><\/td>\n<\/tr>\n<tr>\n<td width=\"76\">01<\/td>\n<td width=\"486\"><a href=\"http:\/\/eventos.ifg.edu.br\/secitecitumbiara\/wp-content\/uploads\/sites\/9\/2018\/03\/1.-Ensino-de-matrizes-com-o-uso-da-criptografia.pdf\">Ensino de matrizes com o uso da criptografia<\/a><\/td>\n<\/tr>\n<tr>\n<td width=\"76\">02<\/td>\n<td width=\"486\"><a href=\"http:\/\/eventos.ifg.edu.br\/secitecitumbiara\/wp-content\/uploads\/sites\/9\/2018\/03\/2.-Atividade-l\u00fadica-no-processo-ensino-aprendizagem-em-Matem\u00e1tica.pdf\">Atividade l\u00fadica no processo ensino-aprendizagem em Matem\u00e1tica<\/a><\/td>\n<\/tr>\n<tr>\n<td width=\"76\">03<\/td>\n<td width=\"486\"><a href=\"http:\/\/eventos.ifg.edu.br\/secitecitumbiara\/wp-content\/uploads\/sites\/9\/2018\/03\/3.-O-uso-de-materiais-concretos-para-alunos-surdos.pdf\">O uso de materiais concretos para alunos surdos<\/a><\/td>\n<\/tr>\n<tr>\n<td width=\"76\">04<\/td>\n<td width=\"486\"><a href=\"http:\/\/eventos.ifg.edu.br\/secitecitumbiara\/wp-content\/uploads\/sites\/9\/2018\/03\/4.-Extra\u00e7\u00e3o-e-caracteriza\u00e7\u00e3o-do-\u00f3leo-da-castanha-de-gueroba.pdf\">Extra\u00e7\u00e3o e caracteriza\u00e7\u00e3o do \u00f3leo da castanha de gueroba<\/a><\/td>\n<\/tr>\n<tr>\n<td width=\"76\">05<\/td>\n<td width=\"486\"><a href=\"http:\/\/eventos.ifg.edu.br\/secitecitumbiara\/wp-content\/uploads\/sites\/9\/2018\/03\/5.-O-uso-de-tecnologias-no-ensino-de-Qu\u00edmica-Elements-4D.pdf\">O uso de tecnologias no ensino de Qu\u00edmica &#8211; Elements 4D<\/a><\/td>\n<\/tr>\n<tr>\n<td width=\"76\">06<\/td>\n<td width=\"486\"><a href=\"http:\/\/eventos.ifg.edu.br\/secitecitumbiara\/wp-content\/uploads\/sites\/9\/2018\/03\/6.-Planejamento-desenvolvimento-e-an\u00e1lise-de-uma-sequ\u00eancia-did\u00e1tica.pdf\">Planejamento desenvolvimento e an\u00e1lise de uma sequ\u00eancia did\u00e1tica<\/a><\/td>\n<\/tr>\n<tr>\n<td width=\"76\">07<\/td>\n<td width=\"486\"><a href=\"http:\/\/eventos.ifg.edu.br\/secitecitumbiara\/wp-content\/uploads\/sites\/9\/2018\/03\/7.-M\u00e9todos-alternativos-para-tratamento-de-\u00e1gua.pdf\">M\u00e9todos alternativos para tratamento de \u00e1gua<\/a><\/td>\n<\/tr>\n<tr>\n<td width=\"76\">08<\/td>\n<td width=\"486\"><a href=\"http:\/\/eventos.ifg.edu.br\/secitecitumbiara\/wp-content\/uploads\/sites\/9\/2018\/03\/8.-Misturas-Pr\u00e1ticas-de-identifica\u00e7\u00e3o-e-separa\u00e7\u00e3o.pdf\">Misturas &#8211; Pr\u00e1ticas de identifica\u00e7\u00e3o e separa\u00e7\u00e3o<\/a><\/td>\n<\/tr>\n<tr>\n<td width=\"76\">09<\/td>\n<td width=\"486\"><a href=\"http:\/\/eventos.ifg.edu.br\/secitecitumbiara\/wp-content\/uploads\/sites\/9\/2018\/03\/9.-Jogo-l\u00fadico-no-ensino-de-Qu\u00edmica-Org\u00e2nica.pdf\">Jogo l\u00fadico no ensino de Qu\u00edmica Org\u00e2nica<\/a><\/td>\n<\/tr>\n<tr>\n<td width=\"76\">10<\/td>\n<td width=\"486\"><a href=\"http:\/\/eventos.ifg.edu.br\/secitecitumbiara\/wp-content\/uploads\/sites\/9\/2018\/03\/10.-Relato-da-utiliza\u00e7\u00e3o-de-materiais-alternativos-na-constru\u00e7\u00e3o-d-euma-pilha-de-Daniell.pdf\">Relato da utiliza\u00e7\u00e3o de materiais alternativos na constru\u00e7\u00e3o de uma pilha de Daniell<\/a><\/td>\n<\/tr>\n<tr>\n<td width=\"76\">11<\/td>\n<td width=\"486\"><a href=\"http:\/\/eventos.ifg.edu.br\/secitecitumbiara\/wp-content\/uploads\/sites\/9\/2018\/03\/11.-A-pr\u00e1tica-experimental-contextualizada-para-ensino-de-Qu\u00edmica-na-forma\u00e7\u00e3o-de-professores.pdf\">A pr\u00e1tica experimental contextualizada para ensino de Qu\u00edmica na forma\u00e7\u00e3o de professores<\/a><\/td>\n<\/tr>\n<tr>\n<td width=\"76\">12<\/td>\n<td width=\"486\"><a href=\"http:\/\/eventos.ifg.edu.br\/secitecitumbiara\/wp-content\/uploads\/sites\/9\/2018\/03\/12.-Produ\u00e7\u00e3o-de-bebida-fermentada-tipo-Kefir-integral.pdf\">Produ\u00e7\u00e3o de bebida fermentada tipo Kefir integral<\/a><\/td>\n<\/tr>\n<tr>\n<td width=\"76\">13<\/td>\n<td width=\"486\"><a href=\"http:\/\/eventos.ifg.edu.br\/secitecitumbiara\/wp-content\/uploads\/sites\/9\/2018\/03\/13.-Determina\u00e7\u00e3o-da-concentra\u00e7\u00e3o-de-hidr\u00f3xido-de-s\u00f3dio-na-produ\u00e7\u00e3o-de-papel-artesanal.pdf\">Determina\u00e7\u00e3o da concentra\u00e7\u00e3o de hidr\u00f3xido de s\u00f3dio na produ\u00e7\u00e3o de papel artesanal<\/a><\/td>\n<\/tr>\n<tr>\n<td width=\"76\">14<\/td>\n<td width=\"486\"><a href=\"http:\/\/eventos.ifg.edu.br\/secitecitumbiara\/wp-content\/uploads\/sites\/9\/2018\/03\/14.-Discutindo-Trabalho-e-G\u00eanero-os-egressos-do-curso-de-Licenciatura.pdf\">Discutindo Trabalho e G\u00eanero &#8211; os egressos do curso de Licenciatura<\/a><\/td>\n<\/tr>\n<tr>\n<td width=\"76\">15<\/td>\n<td width=\"486\"><a href=\"http:\/\/eventos.ifg.edu.br\/secitecitumbiara\/wp-content\/uploads\/sites\/9\/2018\/03\/15.-Concep\u00e7\u00f5es-sobre-a-doc\u00eancia-e-a-intensifica\u00e7\u00e3o-do-trabalho-na-Educa\u00e7\u00e3o-B\u00e1sica.pdf\">Concep\u00e7\u00f5es sobre a doc\u00eancia e a intensifica\u00e7\u00e3o do trabalho na Educa\u00e7\u00e3o B\u00e1sica<\/a><\/td>\n<\/tr>\n<tr>\n<td width=\"76\">16<\/td>\n<td width=\"486\"><a href=\"http:\/\/eventos.ifg.edu.br\/secitecitumbiara\/wp-content\/uploads\/sites\/9\/2018\/03\/16.-Indisciplina-escolar.pdf\">Indisciplina escolar<\/a><\/td>\n<\/tr>\n<tr>\n<td width=\"76\">17<\/td>\n<td width=\"486\"><a href=\"http:\/\/eventos.ifg.edu.br\/secitecitumbiara\/wp-content\/uploads\/sites\/9\/2018\/03\/17.-Empoderamento-e-o-Programa-Mulheres-Mil.pdf\">Empoderamento e o Programa Mulheres Mil<\/a><\/td>\n<\/tr>\n<tr>\n<td width=\"76\">18<\/td>\n<td width=\"486\"><a href=\"http:\/\/eventos.ifg.edu.br\/secitecitumbiara\/wp-content\/uploads\/sites\/9\/2018\/03\/18.-Drogas-uma-perspectiva-hist\u00f3rica-social-e-qu\u00edmica.pdf\">Drogas &#8211; uma perspectiva hist\u00f3rica social e qu\u00edmica<\/a><\/td>\n<\/tr>\n<tr>\n<td width=\"76\">19<\/td>\n<td width=\"486\"><a href=\"http:\/\/eventos.ifg.edu.br\/secitecitumbiara\/wp-content\/uploads\/sites\/9\/2018\/03\/19.-A-utiliza\u00e7\u00e3o-do-filme-Lutero-como-recurso-did\u00e1tico-interdiscilinar.pdf\">A utiliza\u00e7\u00e3o do filme Lutero como recurso did\u00e1tico interdiscilinar<\/a><\/td>\n<\/tr>\n<tr>\n<td width=\"76\">20<\/td>\n<td width=\"486\"><a href=\"http:\/\/eventos.ifg.edu.br\/secitecitumbiara\/wp-content\/uploads\/sites\/9\/2018\/03\/20.-O-mapeamento-digital-como-ferramenta-auxiliar-ao-reordenamento-das-rotas-do-transporte-coletivo.pdf\">O mapeamento digital como ferramenta auxiliar ao reordenamento das rotas do transporte coletivo<\/a><\/td>\n<\/tr>\n<\/tbody>\n<\/table>\n<\/header>\n","protected":false},"excerpt":{"rendered":"<p>ISSN 2526-7809 2017 Resumo Expandido N\u00ba RESUMO T\u00cdTULO DO TRABALHO 01 Avalia\u00e7\u00e3o do m\u00e9todo ELL-PBT para determina\u00e7\u00e3o de carbofurano em caldo de cana 02 Utiliza\u00e7\u00e3o de experimento laboratorial para o ensino de gases 03 Determina\u00e7\u00e3o do teor de hidr\u00f3xido de magn\u00e9sio em leite de magn\u00e9sia comercial 04 Atividades cognitivas de tratamento e convers\u00e3o na compreens\u00e3o <a class=\"more-link\" href=\"https:\/\/eventos.ifg.edu.br\/secitecitumbiara\/anais-secitec-2017\/\">Leia mais&#8230; &raquo;<\/a><\/p>\n","protected":false},"author":23,"featured_media":0,"parent":0,"menu_order":0,"comment_status":"closed","ping_status":"closed","template":"","meta":{"ngg_post_thumbnail":0,"footnotes":""},"class_list":["post-687","page","type-page","status-publish","hentry"],"_links":{"self":[{"href":"https:\/\/eventos.ifg.edu.br\/secitecitumbiara\/wp-json\/wp\/v2\/pages\/687"}],"collection":[{"href":"https:\/\/eventos.ifg.edu.br\/secitecitumbiara\/wp-json\/wp\/v2\/pages"}],"about":[{"href":"https:\/\/eventos.ifg.edu.br\/secitecitumbiara\/wp-json\/wp\/v2\/types\/page"}],"author":[{"embeddable":true,"href":"https:\/\/eventos.ifg.edu.br\/secitecitumbiara\/wp-json\/wp\/v2\/users\/23"}],"replies":[{"embeddable":true,"href":"https:\/\/eventos.ifg.edu.br\/secitecitumbiara\/wp-json\/wp\/v2\/comments?post=687"}],"version-history":[{"count":24,"href":"https:\/\/eventos.ifg.edu.br\/secitecitumbiara\/wp-json\/wp\/v2\/pages\/687\/revisions"}],"predecessor-version":[{"id":1386,"href":"https:\/\/eventos.ifg.edu.br\/secitecitumbiara\/wp-json\/wp\/v2\/pages\/687\/revisions\/1386"}],"wp:attachment":[{"href":"https:\/\/eventos.ifg.edu.br\/secitecitumbiara\/wp-json\/wp\/v2\/media?parent=687"}],"curies":[{"name":"wp","href":"https:\/\/api.w.org\/{rel}","templated":true}]}}