{"id":1656,"date":"2022-10-19T18:59:39","date_gmt":"2022-10-19T21:59:39","guid":{"rendered":"http:\/\/eventos.ifg.edu.br\/secitecitumbiara\/?page_id=1656"},"modified":"2022-10-19T19:01:52","modified_gmt":"2022-10-19T22:01:52","slug":"edicao-2019","status":"publish","type":"page","link":"https:\/\/eventos.ifg.edu.br\/secitecitumbiara\/edicao-2019\/","title":{"rendered":"Edi\u00e7\u00e3o 2019"},"content":{"rendered":"<p>A Semana de Educa\u00e7\u00e3o, Ci\u00eancia e Tecnologia do IFG Campus ITumbiara (SECITEC) \u00e9 o principal evento realizado pelo Instituto Federal de Educa\u00e7\u00e3o, Ci\u00eancia e Tecnologia de Goi\u00e1s (IFG), C\u00e2mpus Itumbiara, como parte das atividades da Semana Nacional de Ci\u00eancia e Tecnologia (SNCT), englobando ainda a Semana da Licenciatura em Qu\u00edmica, a Semana da Engenharia e a Semana do Livro e da Biblioteca. A primeira edi\u00e7\u00e3o da SECITEC foi realizada no IFG-C\u00e2mpus Itumbiara no ano de 2010 e, desde ent\u00e3o, vem mostrando um crescimento gradativo no n\u00famero de participantes e na quantidade de atividades ofertadas \u00e0 comunidade, sempre se orientando na miss\u00e3o dos Institutos Federais de formar e qualificar profissionais para os diversos setores da economia e promover o desenvolvimento tecnol\u00f3gico em estreita articula\u00e7\u00e3o com os setores produtivos e com a sociedade, oferecendo mecanismos para a educa\u00e7\u00e3o continuada.<\/p>\n<p>A organiza\u00e7\u00e3o da SECITEC \u00e9 de responsabilidade da Ger\u00eancia de Pesquisa, P\u00f3s-Gradua\u00e7\u00e3o e Extens\u00e3o (GEPEX) do IFG-C\u00e2mpus Itumbiara, com o apoio dos n\u00facleos de pesquisa em atividade: N\u00facleo de Pesquisas em Sistemas de Energia (NuPSE),\u00a0 N\u00facleo de Pesquisa em M\u00e1quinas El\u00e9tricas (NuPMAQ), N\u00facleo de Pesquisas em Qu\u00edmica (NuPEQUI) e o N\u00facleo de Pesquisa e Extens\u00e3o em Processos Educacionais (NuPEPE), al\u00e9m dos grupos PET Qu\u00edmica: Educa\u00e7\u00e3o, Ambiente e Sociedade e PIBID Qu\u00edmica. Al\u00e9m disso, para a realiza\u00e7\u00e3o do evento, o IFG-C\u00e2mpus Itumbiara estabelece diversas parcerias e projetos com institui\u00e7\u00f5es da regi\u00e3o de Itumbiara, como a Copesgo (Cooperativa de Pesca de Goi\u00e1s), Vigil\u00e2ncia Sanit\u00e1ria, Secretaria Municipal de Sa\u00fade, FUNSOL (Funda\u00e7\u00e3o de Solidariedade), Secretaria Municipal de Educa\u00e7\u00e3o, Subsecretaria Estadual da Educa\u00e7\u00e3o, Universidade Estadual de Goi\u00e1s (UEG), CELG-D \u2013 Centrais El\u00e9tricas Goi\u00e1s, al\u00e9m de diversas empresas da regi\u00e3o.<\/p>\n<p>Nesse sentido, o evento visa alcan\u00e7ar os seguintes objetivos:<\/p>\n<ul>\n<li>Estimular a aproxima\u00e7\u00e3o entre o IFG e a comunidade externa por meio de a\u00e7\u00f5es e projetos de ensino, pesquisa e extens\u00e3o desenvolvidos na institui\u00e7\u00e3o;<\/li>\n<li>Criar um ambiente de debate e reflex\u00e3o sobre tem\u00e1ticas de interesse das \u00e1reas de engenharia, qu\u00edmica, forma\u00e7\u00e3o de professores e rela\u00e7\u00f5es pessoais;<\/li>\n<li>Comunicar resultados de projetos de pesquisa ou trabalhos desenvolvidos pelas institui\u00e7\u00f5es de ensino e\/ou pesquisa na cidade;<\/li>\n<li>Possibilitar a atualiza\u00e7\u00e3o e desenvolvimento dos profissionais que trabalham com a cultura e a educa\u00e7\u00e3o.<\/li>\n<li>Difundir a cultura, estimular a pr\u00e1tica da leitura, e promover a\u00e7\u00f5es culturais para a comunidade;<\/li>\n<li>Criar momentos de intera\u00e7\u00e3o com empresas, ind\u00fastrias e institui\u00e7\u00f5es da regi\u00e3o, visando promover e expandir projetos de pesquisa aplicada, extens\u00e3o e ensino.<\/li>\n<li>Disseminar a socializa\u00e7\u00e3o do conhecimento;<\/li>\n<li>Promover a populariza\u00e7\u00e3o da ci\u00eancia e tecnologia por meio de eventos de divulga\u00e7\u00e3o cient\u00edfica.<\/li>\n<\/ul>\n<p>&nbsp;<\/p>\n<p>No escopo de atividades anualmente programadas para a SECITEC do IFG-C\u00e2mpus Itumbiara constam palestras, mesas redondas, oficinas tem\u00e1ticas, minicursos, concurso de curtas-metragens e fotografias, apresenta\u00e7\u00f5es art\u00edsticas e culturais, feira de troca de livros, sess\u00e3o de p\u00f4steres e comunica\u00e7\u00e3o oral de trabalhos cient\u00edficos, mostra de trabalhos t\u00e9cnicos, dentre outras. As atividades visam atender aos estudantes dos diferentes n\u00edveis de ensino ofertados na institui\u00e7\u00e3o (cursos t\u00e9cnico de n\u00edvel m\u00e9dio, ensino superior e educa\u00e7\u00e3o de jovens e adultos), alunos e professores das redes estadual e municipal de educa\u00e7\u00e3o, trabalhadores dos diferentes setores produtivos da regi\u00e3o e a comunidade externa em geral. Al\u00e9m disso, s\u00e3o realizadas atividades itinerantes nas escolas da cidade, com o objetivo de consolidar e ampliar parcerias entre o IFG e as institui\u00e7\u00f5es de ensino da regi\u00e3o e promover a populariza\u00e7\u00e3o da ci\u00eancia e tecnologia, bem como a participa\u00e7\u00e3o das escolas nas diversas atividades programadas para todo o evento.<\/p>\n<p>ISSN \u00a0 \u00a0 2526-7809<\/p>\n","protected":false},"excerpt":{"rendered":"<p>A Semana de Educa\u00e7\u00e3o, Ci\u00eancia e Tecnologia do IFG Campus ITumbiara (SECITEC) \u00e9 o principal evento realizado pelo Instituto Federal de Educa\u00e7\u00e3o, Ci\u00eancia e Tecnologia de Goi\u00e1s (IFG), C\u00e2mpus Itumbiara, como parte das atividades da Semana Nacional de Ci\u00eancia e Tecnologia (SNCT), englobando ainda a Semana da Licenciatura em Qu\u00edmica, a Semana da Engenharia e <a class=\"more-link\" href=\"https:\/\/eventos.ifg.edu.br\/secitecitumbiara\/edicao-2019\/\">Leia mais&#8230; &raquo;<\/a><\/p>\n","protected":false},"author":23,"featured_media":0,"parent":0,"menu_order":0,"comment_status":"closed","ping_status":"closed","template":"","meta":{"ngg_post_thumbnail":0,"footnotes":""},"class_list":["post-1656","page","type-page","status-publish","hentry"],"_links":{"self":[{"href":"https:\/\/eventos.ifg.edu.br\/secitecitumbiara\/wp-json\/wp\/v2\/pages\/1656"}],"collection":[{"href":"https:\/\/eventos.ifg.edu.br\/secitecitumbiara\/wp-json\/wp\/v2\/pages"}],"about":[{"href":"https:\/\/eventos.ifg.edu.br\/secitecitumbiara\/wp-json\/wp\/v2\/types\/page"}],"author":[{"embeddable":true,"href":"https:\/\/eventos.ifg.edu.br\/secitecitumbiara\/wp-json\/wp\/v2\/users\/23"}],"replies":[{"embeddable":true,"href":"https:\/\/eventos.ifg.edu.br\/secitecitumbiara\/wp-json\/wp\/v2\/comments?post=1656"}],"version-history":[{"count":1,"href":"https:\/\/eventos.ifg.edu.br\/secitecitumbiara\/wp-json\/wp\/v2\/pages\/1656\/revisions"}],"predecessor-version":[{"id":1657,"href":"https:\/\/eventos.ifg.edu.br\/secitecitumbiara\/wp-json\/wp\/v2\/pages\/1656\/revisions\/1657"}],"wp:attachment":[{"href":"https:\/\/eventos.ifg.edu.br\/secitecitumbiara\/wp-json\/wp\/v2\/media?parent=1656"}],"curies":[{"name":"wp","href":"https:\/\/api.w.org\/{rel}","templated":true}]}}