{"id":1488,"date":"2019-08-12T15:07:44","date_gmt":"2019-08-12T18:07:44","guid":{"rendered":"http:\/\/eventos.ifg.edu.br\/secitecitumbiara\/?page_id=1488"},"modified":"2025-10-31T19:12:02","modified_gmt":"2025-10-31T22:12:02","slug":"expediente","status":"publish","type":"page","link":"https:\/\/eventos.ifg.edu.br\/secitecitumbiara\/expediente\/","title":{"rendered":"Expediente"},"content":{"rendered":"\n<figure class=\"wp-block-table\"><table class=\"has-fixed-layout\"><tbody><tr><td class=\"has-text-align-center\" data-align=\"center\" colspan=\"3\"><strong><em>COMISS\u00c3O GERAL \u2013 SECITEC 2025<\/em><\/strong><\/td><\/tr><tr><td class=\"has-text-align-center\" data-align=\"center\"><strong>Servidor(a)<\/strong><\/td><td><strong>Cargo<\/strong><\/td><td><strong>Representa\u00e7\u00e3o<\/strong><\/td><\/tr><tr><td class=\"has-text-align-center\" data-align=\"center\">Alexander Serejo Santos<\/td><td>Professor EBTT<\/td><td>Coordena\u00e7\u00e3o do Curso T\u00e9cnico Integrado em Qu\u00edmica<\/td><\/tr><tr><td class=\"has-text-align-center\" data-align=\"center\">Daniela Martins Silva<\/td><td>Assistente em Administra\u00e7\u00e3o<\/td><td>Coordena\u00e7\u00e3o de Registros Acad\u00eamicos<\/td><\/tr><tr><td class=\"has-text-align-center\" data-align=\"center\">Daniela Oliveira dos Santos<\/td><td>Professor EBTT<\/td><td>Departamento das \u00c1reas Acad\u00eamicas<\/td><\/tr><tr><td class=\"has-text-align-center\" data-align=\"center\">Dayana Figueiredo Abdalla<\/td><td>Professor EBTT<\/td><td>Departamento das \u00c1reas Acad\u00eamicas<\/td><\/tr><tr><td class=\"has-text-align-center\" data-align=\"center\">Diogo Soares Resende<\/td><td>Professor EBTT<\/td><td>Coordena\u00e7\u00e3o do Curso de Bacharelado em Engenharia El\u00e9trica<\/td><\/tr><tr><td class=\"has-text-align-center\" data-align=\"center\">Fabiano L\u00facio Peres<\/td><td>T\u00e9cnico Audiovisual<\/td><td>Setor de Comunica\u00e7\u00e3o Social e Eventos<\/td><\/tr><tr><td class=\"has-text-align-center\" data-align=\"center\">Fernanda Hein<\/td><td>Professor EBTT<\/td><td>Coordena\u00e7\u00e3o dos Cursos T\u00e9cnico em Eletrot\u00e9cnica e T\u00e9cnico Subsequente em Eletrot\u00e9cnica<\/td><\/tr><tr><td class=\"has-text-align-center\" data-align=\"center\">Ghunter Paulo Viajante<\/td><td>Professor EBTT<\/td><td>N\u00facleo de Pesquisas de Sistemas de Energia &#8211; NuPSE<\/td><\/tr><tr><td class=\"has-text-align-center\" data-align=\"center\">Giselle Carvalho Bernardes<\/td><td>Professor EBTT<\/td><td>Coordena\u00e7\u00e3o do Curso de Especializa\u00e7\u00e3o em Ensino de Ci\u00eancias e Matem\u00e1tica<\/td><\/tr><tr><td class=\"has-text-align-center\" data-align=\"center\">Gl\u00e1ucia Aparecida Andrade Rezende<\/td><td>Professor EBTT<\/td><td>Coordena\u00e7\u00e3o do Curso de Licenciatura em Qu\u00edmica<\/td><\/tr><tr><td class=\"has-text-align-center\" data-align=\"center\">Hugo Xavier Rocha<\/td><td>Professor EBTT<\/td><td>Coordena\u00e7\u00e3o do Curso de Bacharelado em Engenharia de Controle e Automa\u00e7\u00e3o<\/td><\/tr><tr><td class=\"has-text-align-center\" data-align=\"center\">Karina Vitti Klein<\/td><td>Professor EBTT<\/td><td>Departamento das \u00c1reas Acad\u00eamicas<\/td><\/tr><tr><td class=\"has-text-align-center\" data-align=\"center\">Luciano Alves da Silva<\/td><td>Professor EBTT<\/td><td>Coordena\u00e7\u00e3o do Curso T\u00e9cnico Integrado em Agroind\u00fastria \u2013 EJA<\/td><\/tr><tr><td class=\"has-text-align-center\" data-align=\"center\">Marcos Ant\u00f4nio Arantes de Freitas<\/td><td>Professor EBTT<\/td><td>Diretor-Geral<\/td><\/tr><tr><td class=\"has-text-align-center\" data-align=\"center\">Natali Oliveira e Silva<\/td><td>T\u00e9cnica de laborat\u00f3rio<\/td><td>Ger\u00eancia de Pesquisa, P\u00f3s-Gradua\u00e7\u00e3o e Extens\u00e3o<\/td><\/tr><tr><td class=\"has-text-align-center\" data-align=\"center\">Reila Versiane Rodrigues<\/td><td>Assistente em Administra\u00e7\u00e3o<\/td><td>Coordena\u00e7\u00e3o de Intera\u00e7\u00e3o Escola-Empresa<\/td><\/tr><tr><td class=\"has-text-align-center\" data-align=\"center\">Roberta Rodrigues Ponciano (Presidente da Comiss\u00e3o)<\/td><td>Assistente em Administra\u00e7\u00e3o<\/td><td>Gerente de Pesquisa, P\u00f3s-Gradua\u00e7\u00e3o e Extens\u00e3o<\/td><\/tr><tr><td class=\"has-text-align-center\" data-align=\"center\">Sidcley Alves de Souza<\/td><td>Assistente em Administra\u00e7\u00e3o<\/td><td>Gerente de Administra\u00e7\u00e3o<\/td><\/tr><tr><td class=\"has-text-align-center\" data-align=\"center\">Sorele Carvalho Roncato<\/td><td>Psic\u00f3loga<\/td><td>Ger\u00eancia de Pesquisa, P\u00f3s-Gradua\u00e7\u00e3o e Extens\u00e3o<\/td><\/tr><tr><td class=\"has-text-align-center\" data-align=\"center\">Tatiana Aparecida Rosa da Silva<\/td><td>Professor EBTT<\/td><td>PET-Qu\u00edmica<\/td><\/tr><tr><td class=\"has-text-align-center\" data-align=\"center\">Thaissa de Melo Cesar<\/td><td>Professor EBTT<\/td><td>Coordena\u00e7\u00e3o Acad\u00eamica<\/td><\/tr><tr><td class=\"has-text-align-center\" data-align=\"center\">Victor Regis Bernardeli<\/td><td>Professor EBTT<\/td><td>Chefe de Departamento<\/td><\/tr><tr><td class=\"has-text-align-center\" data-align=\"center\">Wellington do Prado<\/td><td>Professor EBTT<\/td><td>Coordena\u00e7\u00e3o de Administra\u00e7\u00e3o e Manuten\u00e7\u00e3o<\/td><\/tr><tr><td class=\"has-text-align-center\" data-align=\"center\" colspan=\"3\"><strong>COMISS\u00c3O DA MOSTRA DE CI\u00caNCIAS<\/strong><\/td><\/tr><tr><td class=\"has-text-align-center\" data-align=\"center\"><strong>Servidor(a)<\/strong><\/td><td><strong>Cargo<\/strong><\/td><td><strong>Representa\u00e7\u00e3o<\/strong><\/td><\/tr><tr><td class=\"has-text-align-center\" data-align=\"center\">B\u00e1rbara Nascimento Aud<\/td><td>Professor EBTT<\/td><td>Departamento das \u00c1reas Acad\u00eamicas<\/td><\/tr><tr><td class=\"has-text-align-center\" data-align=\"center\">Carlos Eduardo Silva<\/td><td>Professor EBTT<\/td><td>Departamento das \u00c1reas Acad\u00eamicas<\/td><\/tr><tr><td class=\"has-text-align-center\" data-align=\"center\">Dayana Figueiredo Abdalla (Presidente da Comiss\u00e3o)<\/td><td>Professor EBTT<\/td><td>Departamento das \u00c1reas Acad\u00eamicas<\/td><\/tr><tr><td class=\"has-text-align-center\" data-align=\"center\">Fernando dos Reis de Carvalho<\/td><td>Professor EBTT<\/td><td>Departamento das \u00c1reas Acad\u00eamicas<\/td><\/tr><tr><td class=\"has-text-align-center\" data-align=\"center\">Jo\u00e3o Paulo Victorino Santos<\/td><td>Professor EBTT<\/td><td>Departamento das \u00c1reas Acad\u00eamicas<\/td><\/tr><tr><td class=\"has-text-align-center\" data-align=\"center\">Josemar Alves dos Santos J\u00fanior<\/td><td>Professor EBTT<\/td><td>Departamento das \u00c1reas Acad\u00eamicas<\/td><\/tr><tr><td class=\"has-text-align-center\" data-align=\"center\">Kati\u00fascia Daiane Ferreira<\/td><td>Professor EBTT<\/td><td>Departamento das \u00c1reas Acad\u00eamicas<\/td><\/tr><tr><td class=\"has-text-align-center\" data-align=\"center\">Leonardo Magalh\u00e3es de Castro<\/td><td>Professor EBTT<\/td><td>Departamento das \u00c1reas Acad\u00eamicas<\/td><\/tr><tr><td class=\"has-text-align-center\" data-align=\"center\" colspan=\"3\"><strong>COMISS\u00c3O CIENT\u00cdFICA<\/strong><\/td><\/tr><tr><td class=\"has-text-align-center\" data-align=\"center\"><strong>Servidor(a)<\/strong><\/td><td><strong>Cargo<\/strong><\/td><td><strong>Representa\u00e7\u00e3o<\/strong><\/td><\/tr><tr><td class=\"has-text-align-center\" data-align=\"center\">Bruno Gabriel Gustavo Leonardo Zambolini Vicente<\/td><td>Professor EBTT<\/td><td>N\u00facleo de Pesquisas em Automa\u00e7\u00e3o, Instrumenta\u00e7\u00e3o, Processos e Energias &#8211; NAIPE<\/td><\/tr><tr><td class=\"has-text-align-center\" data-align=\"center\">Fernando dos Reis de Carvalho<\/td><td>Professor EBTT<\/td><td>N\u00facleo de Estudo, Pesquisa e Extens\u00e3o em Educa\u00e7\u00e3o e Processos Educacionais &#8211; NuPEPE<\/td><\/tr><tr><td class=\"has-text-align-center\" data-align=\"center\">Ghunter Paulo Viajante (Presidente da Comiss\u00e3o)<\/td><td>Professor EBTT<\/td><td>N\u00facleo de Pesquisas de Sistemas de Energia &#8211; NuPSE<\/td><\/tr><tr><td class=\"has-text-align-center\" data-align=\"center\">Leonardo Garcia Marques<\/td><td>Analista de Tecnologia da Informa\u00e7\u00e3o<\/td><td>N\u00facleo de Pesquisas de Sistemas de Energia &#8211; NuPSE<\/td><\/tr><tr><td class=\"has-text-align-center\" data-align=\"center\">Luciene Correia Santos de Oliveira<\/td><td>Professor EBTT<\/td><td>N\u00facleo Local do Observat\u00f3rio do Mundo do Trabalho<\/td><\/tr><tr><td class=\"has-text-align-center\" data-align=\"center\">Marcelo Escobar de Oliveira<\/td><td>Professor EBTT<\/td><td>N\u00facleo de Pesquisas de Sistemas de Energia &#8211; NuPSE<\/td><\/tr><tr><td class=\"has-text-align-center\" data-align=\"center\">Simone Machado Goulart<\/td><td>Professor EBTT<\/td><td>N\u00facleo de Pesquisa e Estudos em Qu\u00edmica de Goi\u00e1s &#8211; NUPEQUI<\/td><\/tr><tr><td class=\"has-text-align-center\" data-align=\"center\">Roberta Rodrigues Ponciano<\/td><td>Assistente em Administra\u00e7\u00e3o<\/td><td>Gerente de Pesquisa, P\u00f3s-Gradua\u00e7\u00e3o e Extens\u00e3o<\/td><\/tr><tr><td class=\"has-text-align-center\" data-align=\"center\" colspan=\"3\"><strong>SECRETARIA<\/strong><\/td><\/tr><tr><td class=\"has-text-align-center\" data-align=\"center\"><strong>Servidor(a)<\/strong><\/td><td><strong>Cargo<\/strong><\/td><td><strong>Representa\u00e7\u00e3o<\/strong><\/td><\/tr><tr><td class=\"has-text-align-center\" data-align=\"center\">Adriana de Assis Damasceno<\/td><td>T\u00e9cnico em Assuntos Educacionais<\/td><td>Coordena\u00e7\u00e3o de Administra\u00e7\u00e3o Acad\u00eamica e Apoio ao Ensino<\/td><\/tr><tr><td class=\"has-text-align-center\" data-align=\"center\">Ana Paula Ara\u00fajo Martins<\/td><td>Psic\u00f3logo<\/td><td>N\u00facleo de Apoio \u00e0 Pessoa com Necessidades Especiais<\/td><\/tr><tr><td class=\"has-text-align-center\" data-align=\"center\">Daniele Baracho de Aquino<\/td><td>Assistente em Administra\u00e7\u00e3o<\/td><td>Coordena\u00e7\u00e3o de Almoxarifado e Patrim\u00f4nio<\/td><\/tr><tr><td class=\"has-text-align-center\" data-align=\"center\">Elizabete de Paula Pacheco<\/td><td>Auxiliar em Administra\u00e7\u00e3o<\/td><td>Coordena\u00e7\u00e3o de Registros Acad\u00eamicos<\/td><\/tr><tr><td class=\"has-text-align-center\" data-align=\"center\">Fernanda Hor\u00e1cio Falco<\/td><td>Auxiliar em Administra\u00e7\u00e3o<\/td><td>Coordena\u00e7\u00e3o de Apoio Administrativo<\/td><\/tr><tr><td class=\"has-text-align-center\" data-align=\"center\">Gilmar Rodrigues Morais<\/td><td>Assistente em Administra\u00e7\u00e3o<\/td><td>Coordena\u00e7\u00e3o de Apoio Administrativo<\/td><\/tr><tr><td class=\"has-text-align-center\" data-align=\"center\">Jaliane Soares Borges dos Santos<\/td><td>Tradutora interprete de linguagem sinais<\/td><td>Ger\u00eancia de Pesquisa, P\u00f3s-Gradua\u00e7\u00e3o e Extens\u00e3o<\/td><\/tr><tr><td class=\"has-text-align-center\" data-align=\"center\">Patr\u00edcia Arantes Peixoto Borges<\/td><td>Pedagoga<\/td><td>Coordena\u00e7\u00e3o de Apoio Pedag\u00f3gico ao Discente<\/td><\/tr><tr><td class=\"has-text-align-center\" data-align=\"center\">Reila Versiane Rodrigues<\/td><td>Assistente em Administra\u00e7\u00e3o<\/td><td>Coordena\u00e7\u00e3o de Intera\u00e7\u00e3o Escola-Empresa<\/td><\/tr><tr><td class=\"has-text-align-center\" data-align=\"center\">Rodolfo Mois\u00e9s Rodrigues Bisneto<\/td><td>T\u00e9cnico de Laborat\u00f3rio<\/td><td>Coordena\u00e7\u00e3o de Apoio Administrativo<\/td><\/tr><tr><td class=\"has-text-align-center\" data-align=\"center\">S\u00f4nia Ferreira de Jes\u00fas<\/td><td>Pedagoga<\/td><td>Coordena\u00e7\u00e3o de Recursos Humanos e Assist\u00eancia ao Servidor<\/td><\/tr><tr><td class=\"has-text-align-center\" data-align=\"center\">Sorele Carvalho Roncato (Presidente da Comiss\u00e3o)<\/td><td>Psic\u00f3loga (Presidente da Comiss\u00e3o)<\/td><td>Ger\u00eancia de Pesquisa, P\u00f3s-Gradua\u00e7\u00e3o e Extens\u00e3o<\/td><\/tr><tr><td class=\"has-text-align-center\" data-align=\"center\">Thais Signor Pinto<\/td><td>T\u00e9cnico em Assuntos Educacionais<\/td><td>Coordena\u00e7\u00e3o de Apoio Administrativo<\/td><\/tr><tr><td class=\"has-text-align-center\" data-align=\"center\">Valdereis Mendes Bastos<\/td><td>Auxiliar de Enfermagem<\/td><td>Coordena\u00e7\u00e3o de Assist\u00eancia Estudantil<\/td><\/tr><\/tbody><\/table><\/figure>\n","protected":false},"excerpt":{"rendered":"<p>COMISS\u00c3O GERAL \u2013 SECITEC 2025 Servidor(a) Cargo Representa\u00e7\u00e3o Alexander Serejo Santos Professor EBTT Coordena\u00e7\u00e3o do Curso T\u00e9cnico Integrado em Qu\u00edmica Daniela Martins Silva Assistente em Administra\u00e7\u00e3o Coordena\u00e7\u00e3o de Registros Acad\u00eamicos Daniela Oliveira dos Santos Professor EBTT Departamento das \u00c1reas Acad\u00eamicas Dayana Figueiredo Abdalla Professor EBTT Departamento das \u00c1reas Acad\u00eamicas Diogo Soares Resende Professor EBTT Coordena\u00e7\u00e3o <a class=\"more-link\" href=\"https:\/\/eventos.ifg.edu.br\/secitecitumbiara\/expediente\/\">Leia mais&#8230; &raquo;<\/a><\/p>\n","protected":false},"author":23,"featured_media":0,"parent":0,"menu_order":0,"comment_status":"closed","ping_status":"closed","template":"","meta":{"ngg_post_thumbnail":0,"footnotes":""},"class_list":["post-1488","page","type-page","status-publish","hentry"],"_links":{"self":[{"href":"https:\/\/eventos.ifg.edu.br\/secitecitumbiara\/wp-json\/wp\/v2\/pages\/1488"}],"collection":[{"href":"https:\/\/eventos.ifg.edu.br\/secitecitumbiara\/wp-json\/wp\/v2\/pages"}],"about":[{"href":"https:\/\/eventos.ifg.edu.br\/secitecitumbiara\/wp-json\/wp\/v2\/types\/page"}],"author":[{"embeddable":true,"href":"https:\/\/eventos.ifg.edu.br\/secitecitumbiara\/wp-json\/wp\/v2\/users\/23"}],"replies":[{"embeddable":true,"href":"https:\/\/eventos.ifg.edu.br\/secitecitumbiara\/wp-json\/wp\/v2\/comments?post=1488"}],"version-history":[{"count":15,"href":"https:\/\/eventos.ifg.edu.br\/secitecitumbiara\/wp-json\/wp\/v2\/pages\/1488\/revisions"}],"predecessor-version":[{"id":2136,"href":"https:\/\/eventos.ifg.edu.br\/secitecitumbiara\/wp-json\/wp\/v2\/pages\/1488\/revisions\/2136"}],"wp:attachment":[{"href":"https:\/\/eventos.ifg.edu.br\/secitecitumbiara\/wp-json\/wp\/v2\/media?parent=1488"}],"curies":[{"name":"wp","href":"https:\/\/api.w.org\/{rel}","templated":true}]}}