{"id":786,"date":"2023-08-21T11:41:59","date_gmt":"2023-08-21T14:41:59","guid":{"rendered":"http:\/\/eventos.ifg.edu.br\/secitecgoiania\/?page_id=786"},"modified":"2023-11-27T09:40:57","modified_gmt":"2023-11-27T12:40:57","slug":"edicao-2022","status":"publish","type":"page","link":"https:\/\/eventos.ifg.edu.br\/secitecgoiania\/edicoes-anteriores\/edicao-2022\/","title":{"rendered":"Edi\u00e7\u00e3o 2022"},"content":{"rendered":"<p>Tema de 2022: <strong>Bicenten\u00e1rio da Independ\u00eancia: 200 anos de Ci\u00eancia, Tecnologia e Inova\u00e7\u00e3o do Brasil<\/strong>. A&nbsp;13\u00aa Semana da Matem\u00e1tica, a 3\u00aa Semana de Turismo (Turweek), a Amostragem e o &#8220;Dia D do Est\u00e1gio&#8221; tamb\u00e9m integraram o evento. Confira as not\u00edcias sobre o evento local:<\/p>\n<hr>\n<p>11.11.2022 &#8211; <a href=\"https:\/\/www.ifg.edu.br\/component\/content\/article\/161-ifg\/campus\/goiania\/noticias-campus-goiania\/32085-secitec-encerramento\" target=\"_blank\">C\u00e2mpus Goi\u00e2nia encerra nesta sexta, 11, atividades da sua Semana de Ci\u00eancia, Tecnologia e Cultura<\/a><br \/>\n<em>Evento ofertou mais de 60 atividades e comunidade externa participou por meio de edi\u00e7\u00e3o especial do projeto Conhecendo o IFG<\/em><\/p>\n<hr>\n<p>10.11.2022 &#8211; <a href=\"https:\/\/www.ifg.edu.br\/component\/content\/article\/161-ifg\/campus\/goiania\/noticias-campus-goiania\/32060-diadestagiosecitec\" target=\"_blank\">Dia D do Est\u00e1gio realiza mutir\u00e3o de cadastro de estudantes durante Secitec 2022<\/a><br \/>\n<em>A a\u00e7\u00e3o pretende realizar mais de mil cadastros junto a agentes de integra\u00e7\u00e3o para preenchimento de vagas<\/em><\/p>\n<hr>\n<p>08.11.2022 &#8211; <a href=\"https:\/\/www.ifg.edu.br\/component\/content\/article\/161-ifg\/campus\/goiania\/noticias-campus-goiania\/32015-abertura-secitec22\" target=\"_blank\">Semana de Ci\u00eancia, Tecnologia e Cultura do C\u00e2mpus Goi\u00e2nia inicia com abertura da 3\u00aa Turweek<\/a><br \/>\n<em>Evento que marcou a abertura da Secitec trouxe o resgate da hist\u00f3ria da \u00e1rea de Turismo e Hospitalidade no IFG<\/em><\/p>\n<hr>\n<p>08.11.2022 &#8211; <a href=\"https:\/\/www.ifg.edu.br\/component\/content\/article\/161-ifg\/campus\/goiania\/noticias-campus-goiania\/32025-secitec8-11\" target=\"_blank\">Troca de experi\u00eancias, interdisciplinaridade e inova\u00e7\u00e3o marcam o segundo dia da Semana Nacional de Ci\u00eancia, Tecnologia e Cultura<\/a><br \/>\n<em>Atividades variam desde relatos sobre inven\u00e7\u00f5es de egresso da Institui\u00e7\u00e3o, abertura da Semana da Matem\u00e1tica e continuidade da Turweek<\/em><\/p>\n<hr>\n<p>04.11.2022 &#8211; <a href=\"https:\/\/www.ifg.edu.br\/component\/content\/article\/161-ifg\/campus\/goiania\/noticias-campus-goiania\/31983-secitec2022\" target=\"_blank\">Secitec do C\u00e2mpus Goi\u00e2nia ser\u00e1 realizada entre os dias 7 e 11 de novembro<\/a><br \/>\n<em>Evento contar\u00e1 com oficinas, palestras, minicursos, exposi\u00e7\u00f5es e ser\u00e1 composta pela 13\u00aa Semana da Matem\u00e1tica, 3\u00aa Turweek, Amostragem e Dia D do Est\u00e1gio<\/em><\/p>\n<hr>\n<p>25.10.2022 &#8211; <a href=\"https:\/\/www.ifg.edu.br\/component\/content\/article\/161-ifg\/campus\/goiania\/noticias-campus-goiania\/31851-ifg-realiza-semana-de-educacao-ciencia-e-tecnologia-nos-campus\" target=\"_blank\">IFG realiza Semana de Educa\u00e7\u00e3o, Ci\u00eancia e Tecnologia nos c\u00e2mpus<\/a><br \/>\n<em>Algumas unidades j\u00e1 iniciaram suas atividades e as outras est\u00e3o previstas para ocorrer no m\u00eas de novembro<\/em><\/p>\n","protected":false},"excerpt":{"rendered":"<p>Tema de 2022: Bicenten\u00e1rio da Independ\u00eancia: 200 anos de Ci\u00eancia, Tecnologia e Inova\u00e7\u00e3o do Brasil. A&nbsp;13\u00aa Semana da Matem\u00e1tica, a 3\u00aa Semana de Turismo (Turweek), a Amostragem e o &#8220;Dia D do Est\u00e1gio&#8221; tamb\u00e9m integraram o evento. Confira as not\u00edcias sobre o evento local: 11.11.2022 &#8211; C\u00e2mpus Goi\u00e2nia encerra nesta sexta, 11, atividades da sua<a href=\"https:\/\/eventos.ifg.edu.br\/secitecgoiania\/edicoes-anteriores\/edicao-2022\/\">[&#8230;]<\/a><\/p>\n","protected":false},"author":58,"featured_media":0,"parent":640,"menu_order":8,"comment_status":"closed","ping_status":"closed","template":"","meta":{"ngg_post_thumbnail":0,"footnotes":""},"class_list":["post-786","page","type-page","status-publish","hentry"],"_links":{"self":[{"href":"https:\/\/eventos.ifg.edu.br\/secitecgoiania\/wp-json\/wp\/v2\/pages\/786"}],"collection":[{"href":"https:\/\/eventos.ifg.edu.br\/secitecgoiania\/wp-json\/wp\/v2\/pages"}],"about":[{"href":"https:\/\/eventos.ifg.edu.br\/secitecgoiania\/wp-json\/wp\/v2\/types\/page"}],"author":[{"embeddable":true,"href":"https:\/\/eventos.ifg.edu.br\/secitecgoiania\/wp-json\/wp\/v2\/users\/58"}],"replies":[{"embeddable":true,"href":"https:\/\/eventos.ifg.edu.br\/secitecgoiania\/wp-json\/wp\/v2\/comments?post=786"}],"version-history":[{"count":4,"href":"https:\/\/eventos.ifg.edu.br\/secitecgoiania\/wp-json\/wp\/v2\/pages\/786\/revisions"}],"predecessor-version":[{"id":929,"href":"https:\/\/eventos.ifg.edu.br\/secitecgoiania\/wp-json\/wp\/v2\/pages\/786\/revisions\/929"}],"up":[{"embeddable":true,"href":"https:\/\/eventos.ifg.edu.br\/secitecgoiania\/wp-json\/wp\/v2\/pages\/640"}],"wp:attachment":[{"href":"https:\/\/eventos.ifg.edu.br\/secitecgoiania\/wp-json\/wp\/v2\/media?parent=786"}],"curies":[{"name":"wp","href":"https:\/\/api.w.org\/{rel}","templated":true}]}}