{"id":78,"date":"2017-08-17T16:51:17","date_gmt":"2017-08-17T19:51:17","guid":{"rendered":"http:\/\/eventos.ifg.edu.br\/secitecgoiania\/?page_id=78"},"modified":"2025-10-07T10:49:48","modified_gmt":"2025-10-07T13:49:48","slug":"noticias","status":"publish","type":"page","link":"https:\/\/eventos.ifg.edu.br\/secitecgoiania\/noticias\/","title":{"rendered":"Not\u00edcias"},"content":{"rendered":"<p>19.09.2025 \u2013&nbsp;<a href=\"https:\/\/ifg.edu.br\/component\/content\/article\/273-ifg\/campus\/goiania\/eventos-campus-goiania\/proximos-eventos-campus-goiania\/43957-snct-secitec2025-campusgoiania\" target=\"_blank\" rel=\"noreferrer noopener\">Secitec 2025<\/a><\/p>\n<p><em>De 20 a 23 de outubro ocorre a Semana Nacional de Ci\u00eancia e Tecnologia (SNCT), promovida pelo&nbsp;Minist\u00e9rio da Ci\u00eancia, Tecnologia e Inova\u00e7\u00e3o (MCTI) e que re\u00fane universidades, escolas, institui\u00e7\u00f5es de pesquisa e a sociedade em todo o Brasil para celebrar e divulgar a ci\u00eancia, tecnologia e inova\u00e7\u00e3o. No C\u00e2mpus Goi\u00e2nia, as atividades da SNTC dar\u00e3o in\u00edcio \u00e0 programa\u00e7\u00e3o da Semana de Educa\u00e7\u00e3o, Ci\u00eancia, Tecnologia e Cultura (Secitec), evento local que ter\u00e1 sua segunda etapa executada entre os dias 10 a 14 de novembro.<\/em><\/p>\n<hr class=\"wp-block-separator has-alpha-channel-opacity is-style-wide\">\n<p>16.09.2025 \u2013&nbsp;<a href=\"https:\/\/ifg.edu.br\/comunicados-campus-goiania\/43898-vagas-voluntarios-secitec\" target=\"_blank\" rel=\"noreferrer noopener\">Coordena\u00e7\u00e3o de Eventos abre vagas para monitores volunt\u00e1rios na Secitec<\/a><\/p>\n<p><em>A Coordena\u00e7\u00e3o de Eventos do C\u00e2mpus Goi\u00e2nia do IFG abriu vagas para estudantes interessados em atuar como monitores volunt\u00e1rios na Semana Nacional de Ci\u00eancia e Tecnologia (SNCT) e na Semana de Ci\u00eancia e Tecnologia (SECITEC), que ocorrer\u00e3o no c\u00e2mpus de 20 a 23 de outubro e de 10 a 14 de novembro, respectivamente.<\/em><\/p>\n<hr class=\"wp-block-separator has-alpha-channel-opacity is-style-wide\">\n<p>07.08.2025 \u2013&nbsp;<a href=\"https:\/\/ifg.edu.br\/proximos-eventos-campus-goiania\/43432-semaf\" target=\"_blank\" rel=\"noreferrer noopener\">XVI Semana da Licenciatura em Matem\u00e1tica e VII Semana da F\u00edsica \u2013 SEMAF<\/a><\/p>\n<p><em>O C\u00e2mpus Goi\u00e2nia do Instituto Federal de Goi\u00e1s (IFG) promove, entre os dias 20 e 23 de outubro de 2025, a XVI Semana da Licenciatura em Matem\u00e1tica e a VII Semana da F\u00edsica (SEMAF), em formato presencial. O evento reunir\u00e1 estudantes, professores, pesquisadores e demais interessados para um espa\u00e7o plural de forma\u00e7\u00e3o, divulga\u00e7\u00e3o cient\u00edfica e troca de experi\u00eancias nas \u00e1reas de Matem\u00e1tica e F\u00edsica.<\/em><\/p>\n<hr class=\"wp-block-separator has-alpha-channel-opacity is-style-wide\">\n<p>06.08.2025 \u2013&nbsp;<a href=\"https:\/\/ifg.edu.br\/component\/content\/article\/273-ifg\/campus\/goiania\/eventos-campus-goiania\/proximos-eventos-campus-goiania\/43420-50-anos-do-curso-tecnico-em-mineracao\" target=\"_blank\" rel=\"noreferrer noopener\">50 anos do curso t\u00e9cnico em Minera\u00e7\u00e3o<\/a><\/p>\n<p><em>O curso t\u00e9cnico em Minera\u00e7\u00e3o do C\u00e2mpus Goi\u00e2nia do Instituto Federal de Goi\u00e1s (IFG) completa, em 2025, 50 anos de trajet\u00f3ria marcada por conquistas, desafios e dedica\u00e7\u00e3o \u00e0 forma\u00e7\u00e3o t\u00e9cnica de qualidade. Para celebrar esse marco hist\u00f3rico, ser\u00e1 realizada uma programa\u00e7\u00e3o especial nos dias 21 e 22 de outubro de 2025. O evento contar\u00e1 com palestras, homenagens e outras atividades comemorativas. A programa\u00e7\u00e3o completa ser\u00e1 divulgada em breve. Toda a comunidade acad\u00eamica, ex-alunos, servidores e parceiros est\u00e3o convidados a participarem das celebra\u00e7\u00f5es!<\/em><\/p>\n","protected":false},"excerpt":{"rendered":"<p>19.09.2025 \u2013&nbsp;Secitec 2025 De 20 a 23 de outubro ocorre a Semana Nacional de Ci\u00eancia e Tecnologia (SNCT), promovida pelo&nbsp;Minist\u00e9rio da Ci\u00eancia, Tecnologia e Inova\u00e7\u00e3o (MCTI) e que re\u00fane universidades, escolas, institui\u00e7\u00f5es de pesquisa e a sociedade em todo o Brasil para celebrar e divulgar a ci\u00eancia, tecnologia e inova\u00e7\u00e3o. No C\u00e2mpus Goi\u00e2nia, as atividades<a href=\"https:\/\/eventos.ifg.edu.br\/secitecgoiania\/noticias\/\">[&#8230;]<\/a><\/p>\n","protected":false},"author":58,"featured_media":0,"parent":0,"menu_order":4,"comment_status":"closed","ping_status":"closed","template":"","meta":{"ngg_post_thumbnail":0,"footnotes":""},"class_list":["post-78","page","type-page","status-publish","hentry"],"_links":{"self":[{"href":"https:\/\/eventos.ifg.edu.br\/secitecgoiania\/wp-json\/wp\/v2\/pages\/78"}],"collection":[{"href":"https:\/\/eventos.ifg.edu.br\/secitecgoiania\/wp-json\/wp\/v2\/pages"}],"about":[{"href":"https:\/\/eventos.ifg.edu.br\/secitecgoiania\/wp-json\/wp\/v2\/types\/page"}],"author":[{"embeddable":true,"href":"https:\/\/eventos.ifg.edu.br\/secitecgoiania\/wp-json\/wp\/v2\/users\/58"}],"replies":[{"embeddable":true,"href":"https:\/\/eventos.ifg.edu.br\/secitecgoiania\/wp-json\/wp\/v2\/comments?post=78"}],"version-history":[{"count":72,"href":"https:\/\/eventos.ifg.edu.br\/secitecgoiania\/wp-json\/wp\/v2\/pages\/78\/revisions"}],"predecessor-version":[{"id":998,"href":"https:\/\/eventos.ifg.edu.br\/secitecgoiania\/wp-json\/wp\/v2\/pages\/78\/revisions\/998"}],"wp:attachment":[{"href":"https:\/\/eventos.ifg.edu.br\/secitecgoiania\/wp-json\/wp\/v2\/media?parent=78"}],"curies":[{"name":"wp","href":"https:\/\/api.w.org\/{rel}","templated":true}]}}