{"id":73,"date":"2016-08-15T19:19:01","date_gmt":"2016-08-15T22:19:01","guid":{"rendered":"http:\/\/blogs.ifg.edu.br\/visecitecfsa\/?page_id=73"},"modified":"2017-09-06T15:39:16","modified_gmt":"2017-09-06T18:39:16","slug":"maratona-de-programacao","status":"publish","type":"page","link":"https:\/\/eventos.ifg.edu.br\/secitecfsa\/maratona-de-programacao\/","title":{"rendered":"V Maratona de Programa\u00e7\u00e3o &#8211; 2016"},"content":{"rendered":"<p style=\"text-align: justify\">\u00a0\u00a0\u00a0<img fetchpriority=\"high\" decoding=\"async\" class=\"alignnone wp-image-516 size-full\" src=\"http:\/\/eventos.ifg.edu.br\/secitecfsa\/wp-content\/uploads\/sites\/8\/2016\/08\/Site-Slider-5\u00aa-Maratona-2016-1.jpg\" alt=\"Site Slider - 5\u00aa Maratona 2016\" width=\"1201\" height=\"453\" \/><\/p>\n<p style=\"text-align: justify\">\u00a0\u00a0\u00a0\u00a0\u00a0\u00a0\u00a0\u00a0\u00a0\u00a0\u00a0\u00a0\u00a0\u00a0 A Maratona de Programa\u00e7\u00e3o \u00e9 um evento realizado pela Sociedade Brasileira de Computa\u00e7\u00e3o cujo objetivo \u00e9 proporcionar o desenvolvimento da criatividade, trabalho em equipe, busca de novas solu\u00e7\u00f5es e t\u00e9cnicas computacionais em prol de resolver problemas em um tempo limitado.<\/p>\n<p style=\"text-align: justify\">\u00a0\u00a0\u00a0\u00a0\u00a0\u00a0\u00a0\u00a0\u00a0\u00a0\u00a0\u00a0 A Maratona de Programa\u00e7\u00e3o \u00e9 uma competi\u00e7\u00e3o na qual grupos de tr\u00eas pessoas devem resolver o maior n\u00famero de problemas poss\u00edvel no tempo delimitado. A competi\u00e7\u00e3o \u00e9 dividida nas fases Regional e Sul-Americana. As melhores equipes s\u00e3o classificadas para o ACM-ICPC (<em>International Collegiate Programming Contest<\/em>). Os problemas s\u00e3o descritos atrav\u00e9s de enunciados, muitas das vezes com certo grau de humor <em>nerd<\/em> ou <em>geek<\/em>. Exemplos de entradas e sa\u00eddas esperados pelo programa a ser codificado pelos grupos tamb\u00e9m s\u00e3o dados.<\/p>\n<p style=\"text-align: justify\">\u00a0\u00a0\u00a0\u00a0\u00a0\u00a0\u00a0\u00a0\u00a0\u00a0\u00a0\u00a0 Apesar de aparentemente inofensivos, os problemas da Maratona, muitas vezes envolvem conceitos complexos e cuja solu\u00e7\u00e3o \u00e9 aplic\u00e1vel no mundo real, especialmente em problemas de otimiza\u00e7\u00e3o, em que se procura obter a melhor solu\u00e7\u00e3o poss\u00edvel. N\u00e3o \u00e9 exagero dizer que um aluno que se aprofunda nesse tipo de competi\u00e7\u00e3o est\u00e1 preparado para resolver problemas concretos, uma vez que, para obter \u00eaxito na competi\u00e7\u00e3o, deve-se ter dom\u00ednio de: Programa\u00e7\u00e3o Din\u00e2mica, Algoritmos Gulosos, Teoria dos Grafos, Teoria dos N\u00fameros, Geometria Anal\u00edtica, dentre v\u00e1rias outras t\u00e9cnicas e paradigmas de programa\u00e7\u00e3o.<\/p>\n<p style=\"text-align: justify\">\u00a0\u00a0\u00a0\u00a0\u00a0\u00a0\u00a0\u00a0\u00a0\u00a0\u00a0\u00a0 Cada time submete sua solu\u00e7\u00e3o (atrav\u00e9s de um programa codificado em uma Linguagem de Programa\u00e7\u00e3o), e um Juiz humano, com ajuda de uma plataforma computacional, compara as sa\u00eddas do programa do time com as sa\u00eddas esperadas. Desta forma, o Juiz pode dizer se a solu\u00e7\u00e3o foi aceita ou ainda apresenta falhas.<\/p>\n<p style=\"text-align: justify\">\u00a0\u00a0\u00a0\u00a0\u00a0\u00a0\u00a0\u00a0\u00a0\u00a0\u00a0\u00a0\u00a0 A vers\u00e3o local da competi\u00e7\u00e3o, organizada pelo Grupo de Inform\u00e1tica do IFG\/C\u00e2mpus Formosa, \u00e9 realizada na SECITEC Formosa h\u00e1 5 edi\u00e7\u00f5es. Em 2016, .a competi\u00e7\u00e3o tamb\u00e9m ser\u00e1 aberta a estudantes de outras institui\u00e7\u00f5es e ocorrer\u00e1 no dia <strong> 15 de Outubro<\/strong>. Participe!<\/p>\n<p><a href=\"http:\/\/eventos.ifg.edu.br\/secitecfsa\/wp-content\/uploads\/sites\/8\/2016\/08\/Regulamento1.pdf\">Regulamento<\/a><\/p>\n<p>&nbsp;<\/p>\n<p>Outras informa\u00e7\u00f5es <a href=\"http:\/\/dsnnunes.com.br\/uncategorized\/v-maratona-de-programacao-do-ifg-formosa\/\">Acesse aqui.<\/a><\/p>\n<h1 class=\"ss-form-title\"><a href=\"https:\/\/docs.google.com\/forms\/d\/1BEIg-nvGD52xNgnE-CTP0Qwe2XKu5mJL_lhlQ03cBXc\/viewform?ts=57b38fe2&amp;edit_requested=true&amp;fbzx=2677505590558977852\">Inscri\u00e7\u00e3o para a V Maratona de Programa\u00e7\u00e3o do IFG Formosa<\/a><\/h1>\n<p><a href=\"https:\/\/docs.google.com\/forms\/d\/1BEIg-nvGD52xNgnE-CTP0Qwe2XKu5mJL_lhlQ03cBXc\/viewform?ts=57b38fe2&amp;edit_requested=true&amp;fbzx=2677505590558977852\" target=\"_blank\"><img decoding=\"async\" class=\"alignnone wp-image-445\" src=\"http:\/\/eventos.ifg.edu.br\/secitecfsa\/wp-content\/uploads\/sites\/8\/2015\/09\/code1.png\" alt=\"code(1)\" width=\"400\" height=\"400\" \/><\/a><\/p>\n","protected":false},"excerpt":{"rendered":"<p>\u00a0\u00a0\u00a0 \u00a0\u00a0\u00a0\u00a0\u00a0\u00a0\u00a0\u00a0\u00a0\u00a0\u00a0\u00a0\u00a0\u00a0 A Maratona de Programa\u00e7\u00e3o \u00e9 um evento realizado pela Sociedade Brasileira de Computa\u00e7\u00e3o cujo objetivo \u00e9 proporcionar o desenvolvimento da criatividade, trabalho em equipe, busca de novas solu\u00e7\u00f5es e t\u00e9cnicas computacionais em prol de resolver problemas em um tempo limitado. \u00a0\u00a0\u00a0\u00a0\u00a0\u00a0\u00a0\u00a0\u00a0\u00a0\u00a0\u00a0 A Maratona de Programa\u00e7\u00e3o \u00e9 uma competi\u00e7\u00e3o na qual grupos de tr\u00eas &#8230; <a title=\"V Maratona de Programa\u00e7\u00e3o &#8211; 2016\" class=\"read-more\" href=\"https:\/\/eventos.ifg.edu.br\/secitecfsa\/maratona-de-programacao\/\" aria-label=\"Read more about V Maratona de Programa\u00e7\u00e3o &#8211; 2016\">Ler mais<\/a><\/p>\n","protected":false},"author":17,"featured_media":421,"parent":0,"menu_order":0,"comment_status":"closed","ping_status":"closed","template":"","meta":{"ngg_post_thumbnail":0,"footnotes":""},"class_list":["post-73","page","type-page","status-publish","has-post-thumbnail"],"_links":{"self":[{"href":"https:\/\/eventos.ifg.edu.br\/secitecfsa\/wp-json\/wp\/v2\/pages\/73"}],"collection":[{"href":"https:\/\/eventos.ifg.edu.br\/secitecfsa\/wp-json\/wp\/v2\/pages"}],"about":[{"href":"https:\/\/eventos.ifg.edu.br\/secitecfsa\/wp-json\/wp\/v2\/types\/page"}],"author":[{"embeddable":true,"href":"https:\/\/eventos.ifg.edu.br\/secitecfsa\/wp-json\/wp\/v2\/users\/17"}],"replies":[{"embeddable":true,"href":"https:\/\/eventos.ifg.edu.br\/secitecfsa\/wp-json\/wp\/v2\/comments?post=73"}],"version-history":[{"count":34,"href":"https:\/\/eventos.ifg.edu.br\/secitecfsa\/wp-json\/wp\/v2\/pages\/73\/revisions"}],"predecessor-version":[{"id":754,"href":"https:\/\/eventos.ifg.edu.br\/secitecfsa\/wp-json\/wp\/v2\/pages\/73\/revisions\/754"}],"wp:featuredmedia":[{"embeddable":true,"href":"https:\/\/eventos.ifg.edu.br\/secitecfsa\/wp-json\/wp\/v2\/media\/421"}],"wp:attachment":[{"href":"https:\/\/eventos.ifg.edu.br\/secitecfsa\/wp-json\/wp\/v2\/media?parent=73"}],"curies":[{"name":"wp","href":"https:\/\/api.w.org\/{rel}","templated":true}]}}