{"id":2,"date":"2016-08-12T14:57:48","date_gmt":"2016-08-12T17:57:48","guid":{"rendered":"http:\/\/eventos.ifg.edu.br\/secitecfsa\/?page_id=2"},"modified":"2022-11-08T21:01:05","modified_gmt":"2022-11-09T00:01:05","slug":"eventos_paralelos_2016","status":"publish","type":"page","link":"https:\/\/eventos.ifg.edu.br\/secitecfsa\/eventos_paralelos_2016\/","title":{"rendered":"Eventos Paralelos"},"content":{"rendered":"<p style=\"text-align: center\"><img fetchpriority=\"high\" decoding=\"async\" class=\"size-full wp-image-1142\" src=\"http:\/\/eventos.ifg.edu.br\/secitecfsa\/wp-content\/uploads\/sites\/8\/2016\/08\/Noticias-Pontes-de-palito-1.png\" alt=\"Noticias-Pontes-de-palito\" width=\"750\" height=\"459\"><\/p>\n<p style=\"text-align: center\">&nbsp;Saiba mais:&nbsp;<strong><a href=\"https:\/\/www.ifg.edu.br\/component\/content\/article\/158-ifg\/campus\/formosa\/noticias-campus-formosa\/31984-pontes-de-palitos-2022\" rel=\"alternate\">Comiss\u00e3o Organizadora publica edital do Concurso de Constru\u00e7\u00e3o de Pontes de Palitos de Picol\u00e9 2022<\/a><\/strong><\/p>\n<p style=\"text-align: center\">_______________________________________________________________________________________________________________________________________________________________________________________________<\/p>\n<p><img decoding=\"async\" class=\"size-full wp-image-1147 aligncenter\" src=\"http:\/\/eventos.ifg.edu.br\/secitecfsa\/wp-content\/uploads\/sites\/8\/2016\/08\/noticias9sictemostra2022.png\" alt=\"noticias9sictemostra2022\" width=\"750\" height=\"459\"><\/p>\n<p style=\"text-align: center\">Saiba mais:&nbsp;<strong><a href=\"https:\/\/www.ifg.edu.br\/component\/content\/article\/290-ifg\/campus\/formosa\/eventos-campus-formosa\/proximos-eventos-campus-formosa\/30698-9-sict-e-mostra-de-extensao\">9\u00ba SICT e Mostra de Extens\u00e3o &#8211; 18\/11<\/a><\/strong><\/p>\n<p style=\"text-align: center\">_______________________________________________________________________________________________________________________________________________________________________________________________<\/p>\n<p style=\"text-align: center\"><img decoding=\"async\" class=\"aligncenter size-full wp-image-1156\" src=\"http:\/\/eventos.ifg.edu.br\/secitecfsa\/wp-content\/uploads\/sites\/8\/2016\/08\/Conhecendo-o-IFGPrancheta-2.png\" alt=\"Conhecendo-o-IFGPrancheta-2\" width=\"750\" height=\"459\"><\/p>\n<p style=\"text-align: center\">Saiba mais:&nbsp;<strong><a href=\"https:\/\/www.ifg.edu.br\/component\/content\/article\/158-ifg\/campus\/formosa\/noticias-campus-formosa\/31899-comecam-as-inscricoes-para-participar-do-conhecendo-o-ifg\">Come\u00e7a o per\u00edodo de inscri\u00e7\u00f5es para participar do Conhecendo o IFG<\/a><\/strong><\/p>\n","protected":false},"excerpt":{"rendered":"<p>&nbsp;Saiba mais:&nbsp;Comiss\u00e3o Organizadora publica edital do Concurso de Constru\u00e7\u00e3o de Pontes de Palitos de Picol\u00e9 2022 _______________________________________________________________________________________________________________________________________________________________________________________________ Saiba mais:&nbsp;9\u00ba SICT e Mostra de Extens\u00e3o &#8211; 18\/11 _______________________________________________________________________________________________________________________________________________________________________________________________ Saiba mais:&nbsp;Come\u00e7a o per\u00edodo de inscri\u00e7\u00f5es para participar do Conhecendo o IFG<\/p>\n","protected":false},"author":9,"featured_media":0,"parent":0,"menu_order":0,"comment_status":"closed","ping_status":"open","template":"","meta":{"ngg_post_thumbnail":0,"footnotes":""},"class_list":["post-2","page","type-page","status-publish"],"_links":{"self":[{"href":"https:\/\/eventos.ifg.edu.br\/secitecfsa\/wp-json\/wp\/v2\/pages\/2"}],"collection":[{"href":"https:\/\/eventos.ifg.edu.br\/secitecfsa\/wp-json\/wp\/v2\/pages"}],"about":[{"href":"https:\/\/eventos.ifg.edu.br\/secitecfsa\/wp-json\/wp\/v2\/types\/page"}],"author":[{"embeddable":true,"href":"https:\/\/eventos.ifg.edu.br\/secitecfsa\/wp-json\/wp\/v2\/users\/9"}],"replies":[{"embeddable":true,"href":"https:\/\/eventos.ifg.edu.br\/secitecfsa\/wp-json\/wp\/v2\/comments?post=2"}],"version-history":[{"count":37,"href":"https:\/\/eventos.ifg.edu.br\/secitecfsa\/wp-json\/wp\/v2\/pages\/2\/revisions"}],"predecessor-version":[{"id":1157,"href":"https:\/\/eventos.ifg.edu.br\/secitecfsa\/wp-json\/wp\/v2\/pages\/2\/revisions\/1157"}],"wp:attachment":[{"href":"https:\/\/eventos.ifg.edu.br\/secitecfsa\/wp-json\/wp\/v2\/media?parent=2"}],"curies":[{"name":"wp","href":"https:\/\/api.w.org\/{rel}","templated":true}]}}