{"id":163,"date":"2020-04-13T16:02:54","date_gmt":"2020-04-13T19:02:54","guid":{"rendered":"http:\/\/eventos.ifg.edu.br\/incomum\/?page_id=163"},"modified":"2020-04-13T19:15:08","modified_gmt":"2020-04-13T22:15:08","slug":"teses-e-dissertacoes","status":"publish","type":"page","link":"https:\/\/eventos.ifg.edu.br\/incomum\/teses-e-dissertacoes\/","title":{"rendered":"Teses e Disserta\u00e7\u00f5es"},"content":{"rendered":"<p>Acesse as teses e disserta\u00e7\u00f5es do grupo de pesquisa<\/p>\n<pre><strong>\r\nAlexandre Jos\u00e9 Guimar\u00e3es\r\n\r\n<\/strong><a href=\"https:\/\/repositorio.bc.ufg.br\/tede\/handle\/tede\/8170\"><strong>Avessos da doc\u00eancia em artes visuais<\/strong> \r\n(UFG, tese, 2017)<\/a>\r\n\r\n<a href=\"https:\/\/repositorio.bc.ufg.br\/tede\/handle\/tde\/2762\"><strong>Escolas flutuantes, sujeitos <em>transaprendentes<\/em><\/strong>\r\n(UFG, disserta\u00e7\u00e3o, 2011)<\/a><\/pre>\n<pre><strong>Elza Gabriela Godinho Miranda\r\n<\/strong>\r\n<a href=\"https:\/\/repositorio.unb.br\/bitstream\/10482\/3631\/3\/2008_ElzaGabrielaGMiranda.pdf\"><strong>Processos corporais infantis: interatua\u00e7\u00f5es art\u00edsticas na cena da crian\u00e7a<\/strong>\r\n(UnB, disserta\u00e7\u00e3o, 2008)<\/a><\/pre>\n<pre><strong>Luciana Gomes Ribeiro<\/strong>\r\n\r\n<a href=\"http:\/\/repositorio.unicamp.br\/bitstream\/REPOSIP\/274951\/1\/Ribeiro_LucianaGomes_M.pdf\"><strong>Os sentidos da dan\u00e7a: constru\u00e7\u00e3o de identidades de dan\u00e7a <\/strong><strong>a partir da\r\nexperi\u00eancia com o <em>\u00bfpor qu\u00e1?<\/em> grupo experimental de dan\u00e7a\r\n<\/strong><\/a>(UNICAMP, disserta\u00e7\u00e3o, 2003)<\/pre>\n<pre><strong>Roberto Rodrigues<\/strong>\r\n\r\n<a href=\"https:\/\/repositorio.bc.ufg.br\/tede\/bitstream\/tede\/7726\/5\/Disserta\u00e7\u00e3o%20-%20Roberto%20Rodrigues%20-%202017.pdf\"><strong>Onde \u00e9 o a \"<em>after<\/em>\"? Modos de vida, multid\u00f5es\u00a0<em>Queer<\/em> e masculinidades\r\nno peda\u00e7o gay de Goi\u00e2nia<\/strong>\r\n(<\/a>UFG, disserta\u00e7\u00e3o, 2017)<\/pre>\n<pre><strong>Ronan Gil de Morais<\/strong>\r\n\r\n<a href=\"https:\/\/www.dropbox.com\/s\/qlmezlixlmch215\/ronan_morais_2011.pdf?dl=0\"><strong>L'\u00e9coute et l'analise de la musique \u00e9lectroacoustique mixte comme outils pour\r\nla construction interpr\u00e9tative <\/strong><\/a>\r\n(Universit\u00e9 de Strasbourg, disserta\u00e7\u00e3o, 2011)<\/pre>\n<pre><strong>Rousejanny da Silva Ferreira<\/strong>\r\n\r\n<a href=\"https:\/\/repositorio.bc.ufg.br\/tede\/bitstream\/tede\/5707\/5\/Disserta\u00e7\u00e3o%20-%20Rousejanny%20da%20Silva%20Ferreira%20-%202015.pdf\"><strong>Bal\u00e9 sob outros eixos: contextos e investiga\u00e7\u00f5es do<\/strong>\r\n<strong>core\u00f3grafo norte-americano William Forsythe (1949) entre 1984 e 1994<\/strong><\/a>\r\n(UFG, disserta\u00e7\u00e3o, 2015)<\/pre>\n","protected":false},"excerpt":{"rendered":"<p>Acesse as teses e disserta\u00e7\u00f5es do grupo de pesquisa Alexandre Jos\u00e9 Guimar\u00e3es Avessos da doc\u00eancia em artes visuais (UFG, tese, 2017) Escolas flutuantes, sujeitos transaprendentes (UFG, disserta\u00e7\u00e3o, 2011) Elza Gabriela Godinho Miranda Processos corporais infantis: interatua\u00e7\u00f5es art\u00edsticas na cena da crian\u00e7a (UnB, disserta\u00e7\u00e3o, 2008) Luciana Gomes Ribeiro Os sentidos da dan\u00e7a: constru\u00e7\u00e3o de identidades de &#8230; <a title=\"Teses e Disserta\u00e7\u00f5es\" class=\"read-more\" href=\"https:\/\/eventos.ifg.edu.br\/incomum\/teses-e-dissertacoes\/\" aria-label=\"Read more about Teses e Disserta\u00e7\u00f5es\">Ler mais<\/a><\/p>\n","protected":false},"author":68,"featured_media":0,"parent":0,"menu_order":0,"comment_status":"closed","ping_status":"closed","template":"","meta":{"footnotes":""},"class_list":["post-163","page","type-page","status-publish"],"_links":{"self":[{"href":"https:\/\/eventos.ifg.edu.br\/incomum\/wp-json\/wp\/v2\/pages\/163"}],"collection":[{"href":"https:\/\/eventos.ifg.edu.br\/incomum\/wp-json\/wp\/v2\/pages"}],"about":[{"href":"https:\/\/eventos.ifg.edu.br\/incomum\/wp-json\/wp\/v2\/types\/page"}],"author":[{"embeddable":true,"href":"https:\/\/eventos.ifg.edu.br\/incomum\/wp-json\/wp\/v2\/users\/68"}],"replies":[{"embeddable":true,"href":"https:\/\/eventos.ifg.edu.br\/incomum\/wp-json\/wp\/v2\/comments?post=163"}],"version-history":[{"count":16,"href":"https:\/\/eventos.ifg.edu.br\/incomum\/wp-json\/wp\/v2\/pages\/163\/revisions"}],"predecessor-version":[{"id":211,"href":"https:\/\/eventos.ifg.edu.br\/incomum\/wp-json\/wp\/v2\/pages\/163\/revisions\/211"}],"wp:attachment":[{"href":"https:\/\/eventos.ifg.edu.br\/incomum\/wp-json\/wp\/v2\/media?parent=163"}],"curies":[{"name":"wp","href":"https:\/\/api.w.org\/{rel}","templated":true}]}}