{"id":20,"date":"2016-09-29T02:50:05","date_gmt":"2016-09-29T05:50:05","guid":{"rendered":"http:\/\/eventos.ifg.edu.br\/festival2016\/?page_id=20"},"modified":"2017-10-07T19:51:15","modified_gmt":"2017-10-07T22:51:15","slug":"o-festival","status":"publish","type":"page","link":"https:\/\/eventos.ifg.edu.br\/festival2017\/o-festival\/","title":{"rendered":"O festival"},"content":{"rendered":"<p><strong>Veja o v\u00eddeo institucional do festival de 2015\u00a0<a href=\"https:\/\/www.facebook.com\/IFG.oficial\/videos\/1272552669439683\/\" target=\"_blank\">aqui.<\/a><\/strong><\/p>\n<p><strong>Veja outros v\u00eddeos do \u00faltimo festival e edi\u00e7\u00f5es anteriores:<\/strong><\/p>\n<p><iframe title=\"1\u00ba Dia - XIII Festival de Artes de Goi\u00e1s (03\/11\/2015)\" width=\"540\" height=\"304\" src=\"https:\/\/www.youtube.com\/embed\/FxxhKIIJjNA?feature=oembed\" frameborder=\"0\" allow=\"accelerometer; autoplay; clipboard-write; encrypted-media; gyroscope; picture-in-picture; web-share\" referrerpolicy=\"strict-origin-when-cross-origin\" allowfullscreen><\/iframe><\/p>\n<p><iframe title=\"2\u00ba Dia - XIII Festival de Artes de Goi\u00e1s (04\/11\/2015)\" width=\"540\" height=\"304\" src=\"https:\/\/www.youtube.com\/embed\/qE5QTnCHGuM?feature=oembed\" frameborder=\"0\" allow=\"accelerometer; autoplay; clipboard-write; encrypted-media; gyroscope; picture-in-picture; web-share\" referrerpolicy=\"strict-origin-when-cross-origin\" allowfullscreen><\/iframe><\/p>\n<p><iframe title=\"3\u00ba Dia - XIII Festival de Artes de Goi\u00e1s (05\/11\/2015)\" width=\"540\" height=\"304\" src=\"https:\/\/www.youtube.com\/embed\/DFveLCbQztM?feature=oembed\" frameborder=\"0\" allow=\"accelerometer; autoplay; clipboard-write; encrypted-media; gyroscope; picture-in-picture; web-share\" referrerpolicy=\"strict-origin-when-cross-origin\" allowfullscreen><\/iframe><\/p>\n<p><iframe title=\"4\u00ba Dia - XIII Festival de Artes de Goi\u00e1s (06\/11\/2015)\" width=\"540\" height=\"304\" src=\"https:\/\/www.youtube.com\/embed\/clMaT_6BmW0?feature=oembed\" frameborder=\"0\" allow=\"accelerometer; autoplay; clipboard-write; encrypted-media; gyroscope; picture-in-picture; web-share\" referrerpolicy=\"strict-origin-when-cross-origin\" allowfullscreen><\/iframe><\/p>\n<p><a href=\"https:\/\/www.youtube.com\/watch?v=nWKg44aRUSQ\">https:\/\/www.youtube.com\/watch?v=nWKg44aRUSQ<\/a><\/p>\n<p><iframe title=\"Filipe Catto - Eu Menti Pra Voc\u00ea - IX Festival de Artes de Goi\u00e1s\" width=\"540\" height=\"405\" src=\"https:\/\/www.youtube.com\/embed\/nRaMGDylIvI?feature=oembed\" frameborder=\"0\" allow=\"accelerometer; autoplay; clipboard-write; encrypted-media; gyroscope; picture-in-picture; web-share\" referrerpolicy=\"strict-origin-when-cross-origin\" allowfullscreen><\/iframe><\/p>\n<p><a href=\"https:\/\/www.youtube.com\/watch?v=JRknbiET6xs\">https:\/\/www.youtube.com\/watch?v=JRknbiET6xs<\/a><\/p>\n<p>O Festival de Artes de Goi\u00e1s foi criado em 1998 em homenagem aos 90 anos de Institui\u00e7\u00e3o da antiga Escola T\u00e9cnica Federal de Goi\u00e1s, criada como Escola de Aprendizes e Art\u00edfices pelo presidente Nilo Pe\u00e7anha em 1909, na antiga capital do Estado, a Cidade de Goi\u00e1s, e hoje reestruturada como Instituto Federal de Educa\u00e7\u00e3o, Ci\u00eancia e Tecnologia de Goi\u00e1s (IFG). A escolha da cidade para sediar o Festival deveu-se \u00e0 identifica\u00e7\u00e3o hist\u00f3rica com a origem do IFG e tamb\u00e9m como celebra\u00e7\u00e3o do principal s\u00edtio hist\u00f3rico e cultural do estado, reconhecido como Patrim\u00f4nio da Humanidade pela UNESCO em 2001.<\/p>\n<p><img fetchpriority=\"high\" decoding=\"async\" class=\"alignnone wp-image-165\" src=\"http:\/\/eventos.ifg.edu.br\/festival2016\/wp-content\/uploads\/sites\/10\/2016\/09\/12219485_1191450454216572_6000396736776954128_n.jpg__1000x800_q80_subsampling-2_upscale.jpg\" alt=\"12219485_1191450454216572_6000396736776954128_n.jpg__1000x800_q80_subsampling-2_upscale\" width=\"418\" height=\"279\" \/><\/p>\n<p>Iniciado como projeto de extens\u00e3o, o primeiro Festival de Artes de Goi\u00e1s teve como principal idealizador o professor do C\u00e2mpus Goi\u00e2nia Reginaldo Jos\u00e9 Saddi, m\u00fasico e diretor de teatro, falecido em setembro de 2014. O Festival contou at\u00e9 hoje com treze edi\u00e7\u00f5es, realizadas de 1998 a 2014, sendo at\u00e9 2003 (IV edi\u00e7\u00e3o) sediado na Cidade de Goi\u00e1s.<\/p>\n<p><img decoding=\"async\" class=\"alignnone wp-image-166\" src=\"http:\/\/eventos.ifg.edu.br\/festival2016\/wp-content\/uploads\/sites\/10\/2016\/09\/12239593_1193261794035438_3827789447995663161_n.jpg__1000x800_q80_subsampling-2_upscale.jpg\" alt=\"12239593_1193261794035438_3827789447995663161_n.jpg__1000x800_q80_subsampling-2_upscale\" width=\"418\" height=\"278\" \/><\/p>\n<p>Em 2004, o Festival foi transferido para Goi\u00e2nia e passou a ser realizado bienalmente, nas depend\u00eancias do IFG \u2013 C\u00e2mpus Goi\u00e2nia, buscando envolver a comunidade interna e a popula\u00e7\u00e3o goianiense, al\u00e9m de afirmar o di\u00e1logo no \u00e2mbito da tradi\u00e7\u00e3o, da academia e da insurg\u00eancia no contexto local e nacional.<\/p>\n<p>A partir do ano de 2010, com a amplia\u00e7\u00e3o da Institui\u00e7\u00e3o, iniciou-se a proposta de efetivar as a\u00e7\u00f5es do Festival em todos os c\u00e2mpus do IFG, nos munic\u00edpios de An\u00e1polis, Formosa, Inhumas, Itumbiara, Jata\u00ed, Luzi\u00e2nia e Urua\u00e7u. No novo formato, o Festival de Artes de Goi\u00e1s assumiria o perfil de um evento institucional, com abrang\u00eancia e envolvimento de todas as unidades do IFG. O evento voltaria a ser realizado anualmente, sendo bienalmente no C\u00e2mpus Goi\u00e2nia nos anos pares, e, nos anos \u00edmpares intercaladamente nos demais c\u00e2mpus, de acordo com a formata\u00e7\u00e3o a ser criada pelo corpo dirigente da Institui\u00e7\u00e3o. No entanto, em 2011, o evento que seria realizado no IFG \u2013 C\u00e2mpus An\u00e1polis foi cancelado devido \u00e0 Greve Nacional dos Servidores da Educa\u00e7\u00e3o ocorrida naquele ano. O mesmo aconteceu em 2012, quando retornaria \u00e0 antiga capital goiana, sendo retomado apenas em 2013, ap\u00f3s 3 anos, em sua XI edi\u00e7\u00e3o numa forma de reencontro com a Cidade de Goi\u00e1s, ber\u00e7o de sua cria\u00e7\u00e3o.<\/p>\n","protected":false},"excerpt":{"rendered":"<p>Veja o v\u00eddeo institucional do festival de 2015\u00a0aqui. Veja outros v\u00eddeos do \u00faltimo festival e edi\u00e7\u00f5es anteriores: O Festival de Artes de Goi\u00e1s foi criado em 1998 em homenagem aos 90 anos de Institui\u00e7\u00e3o da antiga Escola T\u00e9cnica Federal de <a class=\"more-link\" href=\"https:\/\/eventos.ifg.edu.br\/festival2017\/o-festival\/\">Leia mais&#8230; &raquo;<\/a><\/p>\n","protected":false},"author":68,"featured_media":62,"parent":0,"menu_order":0,"comment_status":"closed","ping_status":"closed","template":"","meta":{"ngg_post_thumbnail":0,"footnotes":""},"class_list":["post-20","page","type-page","status-publish","has-post-thumbnail","hentry"],"_links":{"self":[{"href":"https:\/\/eventos.ifg.edu.br\/festival2017\/wp-json\/wp\/v2\/pages\/20"}],"collection":[{"href":"https:\/\/eventos.ifg.edu.br\/festival2017\/wp-json\/wp\/v2\/pages"}],"about":[{"href":"https:\/\/eventos.ifg.edu.br\/festival2017\/wp-json\/wp\/v2\/types\/page"}],"author":[{"embeddable":true,"href":"https:\/\/eventos.ifg.edu.br\/festival2017\/wp-json\/wp\/v2\/users\/68"}],"replies":[{"embeddable":true,"href":"https:\/\/eventos.ifg.edu.br\/festival2017\/wp-json\/wp\/v2\/comments?post=20"}],"version-history":[{"count":15,"href":"https:\/\/eventos.ifg.edu.br\/festival2017\/wp-json\/wp\/v2\/pages\/20\/revisions"}],"predecessor-version":[{"id":250,"href":"https:\/\/eventos.ifg.edu.br\/festival2017\/wp-json\/wp\/v2\/pages\/20\/revisions\/250"}],"wp:featuredmedia":[{"embeddable":true,"href":"https:\/\/eventos.ifg.edu.br\/festival2017\/wp-json\/wp\/v2\/media\/62"}],"wp:attachment":[{"href":"https:\/\/eventos.ifg.edu.br\/festival2017\/wp-json\/wp\/v2\/media?parent=20"}],"curies":[{"name":"wp","href":"https:\/\/api.w.org\/{rel}","templated":true}]}}