{"id":33,"date":"2018-07-20T16:45:45","date_gmt":"2018-07-20T19:45:45","guid":{"rendered":"http:\/\/eventos.ifg.edu.br\/encontropsicologosifs\/?page_id=33"},"modified":"2018-10-03T12:34:39","modified_gmt":"2018-10-03T15:34:39","slug":"trabalhos-aprovados","status":"publish","type":"page","link":"https:\/\/eventos.ifg.edu.br\/encontropsicologosifs\/submissao-de-trabalhos\/trabalhos-aprovados\/","title":{"rendered":"Trabalhos Aprovados"},"content":{"rendered":"<table width=\"689\" cellspacing=\"0\" cellpadding=\"0\">\n<colgroup>\n<col width=\"688\"> <\/colgroup>\n<tbody>\n<tr>\n<td style=\"background: #d9d9d9\" valign=\"top\" bgcolor=\"#d9d9d9\" width=\"688\">\n<p class=\"western\" align=\"center\"><span style=\"font-family: 'Times New Roman', serif\"><span style=\"font-size: medium\"><b>Dia 17\/10<\/b><\/span><\/span><\/p>\n<\/td>\n<\/tr>\n<\/tbody>\n<\/table>\n<table width=\"683\" cellspacing=\"0\" cellpadding=\"7\">\n<colgroup>\n<col width=\"45\">\n<col width=\"296\">\n<col width=\"298\"> <\/colgroup>\n<tbody>\n<tr valign=\"top\">\n<td width=\"45\">\n<p class=\"western\"><span style=\"font-family: 'Times New Roman', serif\"><span style=\"font-size: medium\">14h30 <\/span><\/span><\/p>\n<p class=\"western\"><span style=\"font-family: 'Times New Roman', serif\"><span style=\"font-size: medium\">16h15<\/span><\/span><\/p>\n<\/td>\n<td colspan=\"2\" width=\"608\">\n<p class=\"western\"><span style=\"font-family: 'Times New Roman', serif\"><span style=\"font-size: medium\"><b>Apresenta\u00e7\u00e3o de comunica\u00e7\u00e3o breve de pesquisa e relatos de experi\u00eancia <\/b><\/span><\/span><\/p>\n<\/td>\n<\/tr>\n<tr valign=\"top\">\n<td width=\"45\">&nbsp;<\/td>\n<td width=\"296\">\n<p class=\"western\"><span style=\"font-family: 'Times New Roman', serif\"><span style=\"font-size: medium\"><b>Sala 1 &#8211; Audit\u00f3rio Demartin Bizerra <\/b><\/span><\/span><\/p>\n<p class=\"western\"><span style=\"font-family: 'Times New Roman', serif\">(4 apresenta\u00e7\u00f5es de 15 minutos cada\/ discuss\u00e3o)<\/span><\/p>\n<p class=\"western\"><span style=\"font-family: 'Times New Roman', serif\"><b>MESA 1 <\/b><\/span><\/p>\n<p class=\"western\"><span style=\"font-family: 'Times New Roman', serif\"><b>Coordenador: <\/b><\/span><span style=\"font-family: 'Times New Roman', serif\"><span style=\"font-size: small\">Solange Ester Koehler (IFF)<\/span><\/span><\/p>\n<ol>\n<li>\n<p align=\"justify\">Quais as facilidades e obst\u00e1culos dos psic\u00f3logos em contexto escolar nos Institutos Federais de Educa\u00e7\u00e3o<\/p>\n<\/li>\n<\/ol>\n<p align=\"justify\"><span style=\"color: #000000\">Autor(a): Solange Ester Koehler (IFF)<\/span><\/p>\n<ol start=\"2\">\n<li>\n<p align=\"justify\">A atua\u00e7\u00e3o de psic\u00f3logos escolares nos Institutos Federais e a abordagem da orienta\u00e7\u00e3o \u00e0 queixa escolar.<\/p>\n<\/li>\n<\/ol>\n<p align=\"justify\"><span style=\"color: #000000\">Autor(a): Beatriz Ferraz Diniz (IFSP)<\/span><\/p>\n<p align=\"justify\">Julia Sotto-Maior Bayer (IFSP)<\/p>\n<ol start=\"3\">\n<li>\n<p align=\"justify\">Psicologia Escolar no Instituto Federal de Goi\u00e1s: um relato de experi\u00eancia.<\/p>\n<\/li>\n<\/ol>\n<p align=\"justify\"><span style=\"color: #000000\">Autor(a): Maria Julia de Oliveira (UFG)<\/span><\/p>\n<p align=\"justify\">Larissa Goulart Rodrigues Cardoso (IFG)<\/p>\n<p align=\"justify\">Livia Gomes dos Santos (UFG)<\/p>\n<p align=\"justify\">4-Psicologia Escolar nos Institutos Federais de Educa\u00e7\u00e3o, Ci\u00eancia e Tecnologia: Atua\u00e7\u00e3o na Educa\u00e7\u00e3o Superior<\/p>\n<p align=\"justify\"><span style=\"color: #000000\">Autor(a): L\u00edgia Rocha Cavalcante Feitosa (UFGD).<\/span><\/p>\n<\/td>\n<td width=\"298\">\n<p class=\"western\"><span style=\"font-family: 'Times New Roman', serif\"><span style=\"font-size: medium\"><b>Sala 2 \u2013 Audit\u00f3rio Julieta Passos <\/b><\/span><\/span><\/p>\n<p class=\"western\"><span style=\"font-family: 'Times New Roman', serif\">(3 apresenta\u00e7\u00f5es de 15 minutos cada\/ discuss\u00e3o)<\/span><\/p>\n<p class=\"western\"><span style=\"font-family: 'Times New Roman', serif\"><span style=\"font-size: medium\"><b>MESA 2<\/b><\/span><\/span><\/p>\n<p class=\"western\"><span style=\"font-family: 'Times New Roman', serif\"><b>Coordenador: <\/b><\/span><span style=\"color: #000000\">Adriana Martins de Oliveira (IFMT)<\/span><\/p>\n<ol>\n<li>\n<p align=\"justify\">Educa\u00e7\u00e3o, sa\u00fade e sexualidade.<\/p>\n<\/li>\n<\/ol>\n<p align=\"justify\"><span style=\"color: #000000\">Autor(a): Adriana Martins de Oliveira (IFMT)<\/span><\/p>\n<p align=\"justify\">Francismeiry Cristina de Queiroz (IFMT)<\/p>\n<ol start=\"2\">\n<li>\n<p align=\"justify\">Quest\u00f5es de g\u00eanero e feminismo: o que eu tenho a ver com isso? Rodas de conversa do grupo de mulheres Dil\u00favio Vermelho.<\/p>\n<\/li>\n<\/ol>\n<p align=\"justify\"><span style=\"color: #000000\">Autor(a): Fabiana Marcelino (IFRN)<\/span><\/p>\n<p align=\"justify\">Aisha Aylla Lemos Vitoriano (IFRN)<\/p>\n<p align=\"justify\">Anelly Gomes da Costa (IFRN)<\/p>\n<p class=\"western\" align=\"justify\">Isabele Vit\u00f3ria Dantas da Silva (IFRN)<\/p>\n<ol start=\"3\">\n<li>\n<p align=\"justify\">Um espa\u00e7o para a mulher na escola.<\/p>\n<\/li>\n<\/ol>\n<p align=\"justify\"><span style=\"color: #000000\">Autor(a): Adriana Martins de Oliveira (IFMT)<\/span><\/p>\n<p align=\"justify\">Francismeiry Cristina de Queiroz (IFMT)<\/p>\n<\/td>\n<\/tr>\n<tr valign=\"top\">\n<td width=\"45\">&nbsp;<\/td>\n<td colspan=\"2\" width=\"608\">\n<p class=\"western\"><span style=\"font-family: 'Times New Roman', serif\"><span style=\"font-size: medium\"><b>Intervalo <\/b><\/span><\/span><\/p>\n<\/td>\n<\/tr>\n<tr valign=\"top\">\n<td width=\"45\">\n<p class=\"western\"><span style=\"font-family: 'Times New Roman', serif\"><span style=\"font-size: medium\">16h30<\/span><\/span><\/p>\n<p class=\"western\"><span style=\"font-family: 'Times New Roman', serif\"><span style=\"font-size: medium\">18h30<\/span><\/span><\/p>\n<\/td>\n<td colspan=\"2\" width=\"608\">\n<p class=\"western\"><span style=\"font-family: 'Times New Roman', serif\"><span style=\"font-size: medium\"><b>Apresenta\u00e7\u00e3o de comunica\u00e7\u00e3o breve de pesquisa e relatos de experi\u00eancia <\/b><\/span><\/span><\/p>\n<\/td>\n<\/tr>\n<tr valign=\"top\">\n<td width=\"45\">&nbsp;<\/td>\n<td width=\"296\">\n<p class=\"western\"><span style=\"font-family: 'Times New Roman', serif\"><span style=\"font-size: medium\"><b>Sala 1 &#8211; Audit\u00f3rio Demartim Bizerra <\/b><\/span><\/span><\/p>\n<p class=\"western\"><span style=\"font-family: 'Times New Roman', serif\"><span style=\"font-size: small\">(4 apresenta\u00e7\u00f5es de 15 minutos cada\/ discuss\u00e3o)<\/span><\/span><\/p>\n<p class=\"western\"><span style=\"font-family: 'Times New Roman', serif\"><span style=\"font-size: small\"><b>MESA 3<\/b><\/span><\/span><\/p>\n<p class=\"western\"><span style=\"font-family: 'Times New Roman', serif\"><span style=\"font-size: small\"><b>Coordenador(a): <\/b><\/span><\/span><span style=\"font-family: 'Times New Roman', serif\"><span style=\"font-size: small\">Larissa Goulart Rodrigues Cardoso (IFG)<\/span><\/span><\/p>\n<p class=\"western\"><span style=\"font-family: 'Times New Roman', serif\"><span style=\"font-size: small\">1- Ningu\u00e9m est\u00e1 conseguindo respirar: reflex\u00f5es acerca da mudan\u00e7a da grade curricular<\/span><\/span><\/p>\n<p class=\"western\"><span style=\"font-family: 'Times New Roman', serif\"><span style=\"font-size: small\"><i><b>Autor(a):<\/b><\/i><\/span><\/span><i> <\/i><span style=\"font-family: 'Times New Roman', serif\"><span style=\"font-size: small\">Carla Cristina Storino (IFS).<\/span><\/span><\/p>\n<p class=\"western\"><span style=\"font-family: 'Times New Roman', serif\"><span style=\"font-size: small\">2- Aprendizagem na Adolesc\u00eancia: Contribui\u00e7\u00f5es das Disciplinas de Psicologia para a Pr\u00e1tica Docente<\/span><\/span><\/p>\n<p class=\"western\"><span style=\"font-family: 'Times New Roman', serif\"><span style=\"font-size: small\"><i><b>Autor(a):<\/b><\/i><\/span><\/span><i> <\/i><span style=\"font-family: 'Times New Roman', serif\"><span style=\"font-size: small\">Luiz Henrique Alves da Silveira, Matheus Hiroshi Azuma Chavez (IFRJ).<\/span><\/span><\/p>\n<p class=\"western\"><span style=\"font-family: 'Times New Roman', serif\"><span style=\"font-size: small\">3- Forma\u00e7\u00e3o oferecida nos Cursos T\u00e9cnicos Integrados do IFG: uma leitura da Psicologia<\/span><\/span><\/p>\n<p class=\"western\"><span style=\"font-family: 'Times New Roman', serif\"><span style=\"font-size: small\"><i><b>Autor(a)<\/b><\/i><\/span><\/span><span style=\"font-family: 'Times New Roman', serif\"><span style=\"font-size: small\"><i>: <\/i><\/span><\/span><span style=\"font-family: 'Times New Roman', serif\"><span style=\"font-size: small\">Larissa Goulart Rodrigues Cardoso (IFG e USC)<\/span><\/span><\/p>\n<p class=\"western\"><span style=\"font-family: 'Times New Roman', serif\"><span style=\"font-size: small\">Elena Fernandez Rey (USC)<\/span><\/span><\/p>\n<p class=\"western\"><span style=\"font-family: 'Times New Roman', serif\"><span style=\"font-size: small\">Ant\u00f3nio Florencio Rial S\u00e1nchez (USC)<\/span><\/span><\/p>\n<p class=\"western\"><span style=\"font-family: 'Times New Roman', serif\"><span style=\"font-size: small\">4- Programa de Orienta\u00e7\u00e3o de Carreira<\/span><\/span><\/p>\n<p class=\"western\"><span style=\"color: #000000\">Autor(a): Thiago Santos Siqueira (IFS)<\/span><\/p>\n<\/td>\n<td width=\"298\">\n<p class=\"western\"><span style=\"font-family: 'Times New Roman', serif\"><span style=\"font-size: medium\"><b>Sala 2 \u2013 Audit\u00f3rio Julieta Passos <\/b><\/span><\/span><\/p>\n<p class=\"western\"><span style=\"font-family: 'Times New Roman', serif\"><span style=\"font-size: small\">(4 apresenta\u00e7\u00f5es de 15 minutos cada\/ discuss\u00e3o)<\/span><\/span><\/p>\n<p class=\"western\"><span style=\"font-family: 'Times New Roman', serif\"><span style=\"font-size: small\"><b>MESA 4<\/b><\/span><\/span><\/p>\n<p class=\"western\"><span style=\"font-family: 'Times New Roman', serif\"><span style=\"font-size: small\"><b>Coordenador(a): <\/b><\/span><\/span><span style=\"font-family: 'Times New Roman', serif\"><span style=\"font-size: small\">Rose Helen Shimabuku (IFG)<\/span><\/span><\/p>\n<p align=\"justify\">1- A Psicologia Organizacional nos Institutos Federais: desafios e possibilidades<\/p>\n<p class=\"western\"><span style=\"color: #000000\">Autor(a<\/span><span style=\"color: #000000\"><span lang=\"en-US\">): Rose Helen Shimabuku (IFG)<\/span><\/span><\/p>\n<p align=\"justify\">2- Atua\u00e7\u00e3o da Psicologia na Gest\u00e3o do Desempenho: O que fazemos?<\/p>\n<p align=\"justify\"><span style=\"color: #000000\">Autor(a): L\u00edgia Rocha Cavalcante Feitosa (UFGD).<\/span><\/p>\n<p class=\"western\" align=\"justify\">3- Aconselhamento Psicol\u00f3gico no IFG: Possibilidades de Interven\u00e7\u00e3o em Psicologia do Trabalho<\/p>\n<p class=\"western\"><span style=\"color: #000000\">Autor(a): J\u00falio Manoel dos Santos Filho (IFG).<\/span><\/p>\n<p align=\"justify\">4- Relato de Experi\u00eancia: Qualidade de Vida no Trabalho &#8211; Programa Preparando para Aposentadoria (PPA) outros horizontes<\/p>\n<p align=\"justify\"><span style=\"color: #000000\">Autor(a): Gisele Baeta Neves (IFMG).<\/span><\/p>\n<\/td>\n<\/tr>\n<\/tbody>\n<\/table>\n<p>&nbsp;<\/p>\n<p>&nbsp;<\/p>\n<table width=\"689\" cellspacing=\"0\" cellpadding=\"0\">\n<colgroup>\n<col width=\"688\"><\/colgroup>\n<tbody>\n<tr>\n<td style=\"background: #d9d9d9\" valign=\"top\" bgcolor=\"#d9d9d9\" width=\"688\">\n<p class=\"western\" align=\"center\"><span style=\"font-family: 'Times New Roman', serif\"><span style=\"font-size: medium\"><b>Dia 18\/10<\/b><\/span><\/span><\/p>\n<\/td>\n<\/tr>\n<\/tbody>\n<\/table>\n<table width=\"683\" cellspacing=\"0\" cellpadding=\"7\">\n<colgroup>\n<col width=\"45\">\n<col width=\"296\">\n<col width=\"298\"> <\/colgroup>\n<tbody>\n<tr valign=\"top\">\n<td width=\"45\">\n<p class=\"western\"><span style=\"font-family: 'Times New Roman', serif\"><span style=\"font-size: medium\">14h30 <\/span><\/span><\/p>\n<p class=\"western\"><span style=\"font-family: 'Times New Roman', serif\"><span style=\"font-size: medium\">16h15<\/span><\/span><\/p>\n<\/td>\n<td colspan=\"2\" width=\"608\">\n<p class=\"western\"><span style=\"font-family: 'Times New Roman', serif\"><span style=\"font-size: medium\"><b>Apresenta\u00e7\u00e3o de comunica\u00e7\u00e3o breve de pesquisa e relatos de experi\u00eancia <\/b><\/span><\/span><\/p>\n<\/td>\n<\/tr>\n<tr valign=\"top\">\n<td width=\"45\">&nbsp;<\/td>\n<td width=\"296\">\n<p class=\"western\"><span style=\"font-family: 'Times New Roman', serif\"><span style=\"font-size: medium\"><b>Sala 1 &#8211; Audit\u00f3rio Demartin Bizerra<\/b><\/span><\/span><\/p>\n<p class=\"western\"><span style=\"font-family: 'Times New Roman', serif\"><span style=\"font-size: small\">(4 apresenta\u00e7\u00f5es de 15 minutos cada\/ discuss\u00e3o)<\/span><\/span><\/p>\n<p class=\"western\"><span style=\"font-family: 'Times New Roman', serif\"><span style=\"font-size: small\"><b>MESA 5<\/b><\/span><\/span><\/p>\n<p class=\"western\"><span style=\"font-family: 'Times New Roman', serif\"><span style=\"font-size: small\"><b>Coodenador(a):<\/b><\/span><\/span><b> <\/b><span style=\"font-family: 'Times New Roman', serif\"><span style=\"font-size: small\">Fabiana T. Marcelino (IFRN)<\/span><\/span><\/p>\n<p class=\"western\">1 &#8211; II Encontro de Assist\u00eancia Estudantil dos IFs: relatos de experi\u00eancia.<\/p>\n<p class=\"western\"><span style=\"color: #000000\">Autor(a): Christianne Rocha Gomes (IFS)<\/span><\/p>\n<ol start=\"2\">\n<li>\n<p align=\"justify\">Educa\u00e7\u00e3o inclusiva: sess\u00e3o de filmes como uma forma de abordar a inclus\u00e3o.<\/p>\n<\/li>\n<\/ol>\n<p align=\"justify\"><span style=\"color: #000000\">Autor(a): Rosalva Maria Martins dos Santos (IFMG)<\/span><\/p>\n<ol start=\"2\">\n<li>\n<p align=\"justify\">O acesso de estudantes quilombolas no IFRN: an\u00e1lise da Lei n. 12.711\/2012<\/p>\n<\/li>\n<\/ol>\n<p class=\"western\" align=\"justify\"><span style=\"color: #000000\">Autor(a): Fabiana Teixeira Marcelino (IFRN)<\/span><\/p>\n<ol start=\"2\">\n<li>\n<p align=\"justify\">Educa\u00e7\u00e3o inclusiva: caracter\u00edsticas semelhantes e divergentes em TDAH e altas habilidades.<\/p>\n<\/li>\n<\/ol>\n<p align=\"justify\"><span style=\"color: #000000\">Autor(a): Rosalva Maria Martins dos Santos (IFMG)<\/span><\/p>\n<\/td>\n<td width=\"298\">\n<p class=\"western\"><span style=\"font-family: 'Times New Roman', serif\"><span style=\"font-size: medium\"><b>Sala 2 \u2013 Audit\u00f3rio Julieta Passos <\/b><\/span><\/span><\/p>\n<p class=\"western\"><span style=\"font-family: 'Times New Roman', serif\"><span style=\"font-size: small\">(4 apresenta\u00e7\u00f5es de 15 minutos cada\/ discuss\u00e3o)<\/span><\/span><\/p>\n<p class=\"western\"><span style=\"font-family: 'Times New Roman', serif\"><span style=\"font-size: small\"><b>MESA 6 <\/b><\/span><\/span><\/p>\n<p class=\"western\"><span style=\"font-family: 'Times New Roman', serif\"><span style=\"font-size: small\"><b>Coordenador(a): <\/b><\/span><\/span><span style=\"font-family: 'Times New Roman', serif\"><span style=\"font-size: small\">Isabela Pimentel Lemos (IFG)<\/span><\/span><\/p>\n<p class=\"western\"><span style=\"font-family: 'Times New Roman', serif\"><span style=\"font-size: small\">1- A Atividade de Trabalho e o Adoecimento Ps\u00edquico em T\u00e9cnico-Administrativo em Educa\u00e7\u00e3o<\/span><\/span><\/p>\n<p class=\"western\"><span style=\"font-family: 'Times New Roman', serif\"><span style=\"font-size: small\"><i><b>Autor(a)<\/b><\/i><\/span><\/span><span style=\"font-family: 'Times New Roman', serif\"><span style=\"font-size: small\"><i>: <\/i><\/span><\/span><span style=\"font-family: 'Times New Roman', serif\"><span style=\"font-size: small\">Cynthia Ara\u00fajo Mota (UnP)<\/span><\/span><\/p>\n<p class=\"western\"><span style=\"font-family: 'Times New Roman', serif\"><span style=\"font-size: small\">Alda Karoline Lima da Silva (UnP). <\/span><\/span><\/p>\n<p align=\"justify\"><span style=\"font-family: 'Times New Roman', serif\"><span style=\"font-size: small\">2- Campanha de Preven\u00e7\u00e3o e Combate ao Ass\u00e9dio Moral e Sexual Realizada no Instituto Federal de Goi\u00e1s<\/span><\/span><\/p>\n<p align=\"justify\"><span style=\"font-family: 'Times New Roman', serif\"><span style=\"font-size: small\"><i><b>Autor(a)<\/b><\/i><\/span><\/span><span style=\"font-family: 'Times New Roman', serif\"><span style=\"font-size: small\"><i>: <\/i><\/span><\/span><span style=\"font-family: 'Times New Roman', serif\"><span style=\"font-size: small\">Isabela Pimentel Lemos (IFG)<\/span><\/span><\/p>\n<p class=\"western\" align=\"justify\"><span style=\"font-family: 'Times New Roman', serif\"><span style=\"font-size: small\">Bruna Borges Fraz\u00e3o (IFG)<\/span><\/span><\/p>\n<p class=\"western\" align=\"justify\"><span style=\"font-family: 'Times New Roman', serif\"><span style=\"font-size: small\">Sandra L\u00facia Gon\u00e7alves (IFG)<\/span><\/span><\/p>\n<p class=\"western\"><span style=\"font-family: 'Times New Roman', serif\"><span style=\"font-size: small\">3-Gest\u00e3o de Conflitos Interpessoais entre Professores e Alunos em uma IFES<\/span><\/span><\/p>\n<p class=\"western\"><span style=\"font-family: 'Times New Roman', serif\"><span style=\"font-size: small\"><i><b>Autor(a):<\/b><\/i><\/span><\/span><i> <\/i><span style=\"font-family: 'Times New Roman', serif\"><span style=\"font-size: small\">Thales Fabr\u00edcio da Costa e Silva (UFCG)<\/span><\/span><span style=\"font-family: 'Times New Roman', serif\"><span style=\"font-size: small\"><i>.<\/i><\/span><\/span><\/p>\n<p class=\"western\"><span style=\"font-family: 'Times New Roman', serif\"><span style=\"font-size: small\">4- Valoriza\u00e7\u00e3o da Vida &#8211; a\u00e7\u00e3o e pol\u00edtica de sa\u00fade mental<\/span><\/span><\/p>\n<p class=\"western\"><span style=\"font-family: 'Times New Roman', serif\"><span style=\"font-size: small\"><i><b>Autor(a): <\/b><\/i><\/span><\/span><span style=\"font-family: 'Times New Roman', serif\"><span style=\"font-size: small\">Graciele Dotto Castro (IFFAR).<\/span><\/span><\/p>\n<\/td>\n<\/tr>\n<tr valign=\"top\">\n<td width=\"45\">\n<p class=\"western\"><span style=\"font-family: 'Times New Roman', serif\"><span style=\"font-size: medium\">16h15<\/span><\/span><\/p>\n<p class=\"western\"><span style=\"font-family: 'Times New Roman', serif\"><span style=\"font-size: medium\">16h30<\/span><\/span><\/p>\n<\/td>\n<td colspan=\"2\" width=\"608\">\n<p class=\"western\"><span style=\"font-family: 'Times New Roman', serif\"><span style=\"font-size: medium\"><b>Intervalo <\/b><\/span><\/span><\/p>\n<\/td>\n<\/tr>\n<tr valign=\"top\">\n<td width=\"45\">\n<p class=\"western\"><span style=\"font-family: 'Times New Roman', serif\"><span style=\"font-size: medium\">16h30<\/span><\/span><\/p>\n<p class=\"western\"><span style=\"font-family: 'Times New Roman', serif\"><span style=\"font-size: medium\">18h30<\/span><\/span><\/p>\n<\/td>\n<td colspan=\"2\" width=\"608\">\n<p class=\"western\"><a name=\"_GoBack\"><\/a><span style=\"font-family: 'Times New Roman', serif\"><span style=\"font-size: medium\"><b>Apresenta\u00e7\u00e3o de comunica\u00e7\u00e3o breve de pesquisa e relatos de experi\u00eancia <\/b><\/span><\/span><\/p>\n<\/td>\n<\/tr>\n<\/tbody>\n<\/table>\n<table width=\"683\" cellspacing=\"0\" cellpadding=\"7\">\n<colgroup>\n<col width=\"45\">\n<col width=\"296\">\n<col width=\"298\"> <\/colgroup>\n<tbody>\n<tr valign=\"top\">\n<td width=\"45\">&nbsp;<\/td>\n<td width=\"296\">\n<p class=\"western\"><span style=\"font-family: 'Times New Roman', serif\"><span style=\"font-size: medium\"><b>Sala 1 &#8211; Audit\u00f3rio Demartim Bizerra <\/b><\/span><\/span><\/p>\n<p class=\"western\"><span style=\"font-family: 'Times New Roman', serif\"><span style=\"font-size: small\">(4 apresenta\u00e7\u00f5es de 15 minutos cada\/ discuss\u00e3o)<\/span><\/span><\/p>\n<p class=\"western\">MESA 7<\/p>\n<p class=\"western\"><span style=\"font-family: 'Times New Roman', serif\"><span style=\"font-size: small\"><b>Coordenador(a): <\/b><\/span><\/span><span style=\"font-family: 'Times New Roman', serif\"><span style=\"font-size: small\">Juliana Prediger (IFRS)<\/span><\/span><\/p>\n<p class=\"western\" align=\"justify\"><span style=\"font-family: 'Times New Roman', serif\"><span style=\"font-size: small\">1 <\/span><\/span><span style=\"color: #000000\">\u2013 Explora\u00e7\u00e3o e aplica\u00e7\u00e3o do term\u00f4metro de fatores de risco e de prote\u00e7\u00e3o para uso de \u00e1lcool e outras drogas entre os estudantes do ensino m\u00e9dio integrado do IFRN. <\/span><\/p>\n<p class=\"western\" align=\"justify\"><span style=\"color: #000000\">Autor(a): Fabiana Teixeira Marcelino<\/span><\/p>\n<p class=\"western\" align=\"justify\">Adriana Monteiro L\u00e1zaro Sckaff<\/p>\n<p class=\"western\" align=\"justify\">Airon Ian Carvalho Lima<\/p>\n<p class=\"western\" align=\"justify\">Amanda C\u00e2mara de Carvalho Couzenn<\/p>\n<p class=\"western\" align=\"justify\">Angelo Antonio Silva dos Santos<\/p>\n<p class=\"western\" align=\"justify\">Luana Farias de Oliveira<\/p>\n<p class=\"western\" align=\"justify\">2 \u2013 Pessoas e coisas: rela\u00e7\u00f5es poss\u00edveis na escola.<\/p>\n<p class=\"western\" align=\"justify\"><span style=\"color: #000000\">Autor(a): Poliane dos Passos Almeida (IFES)<\/span><\/p>\n<p class=\"western\" align=\"justify\">3- A transfer\u00eancia psicanal\u00edtica na rela\u00e7\u00e3o professor-aluno: import\u00e2ncia desse conhecimento para o professor.<\/p>\n<p class=\"western\" align=\"justify\"><span style=\"color: #000000\">Autor(a): Rosalva Maria Martins dos Santos <\/span><\/p>\n<p class=\"western\" align=\"justify\">4- Possibilidades do espa\u00e7o de educa\u00e7\u00e3o permanente docente em an\u00e1lise do Instituto Federal Fluminense.<\/p>\n<p class=\"western\" align=\"justify\"><span style=\"color: #000000\">Autor(a): Emanuela Nunes Sodr\u00e9 (UFF)<\/span><\/p>\n<\/td>\n<td width=\"298\">\n<p class=\"western\"><span style=\"font-family: 'Times New Roman', serif\"><span style=\"font-size: medium\"><b>Sala 2 \u2013 Audit\u00f3rio Julieta Passos <\/b><\/span><\/span><\/p>\n<p class=\"western\"><span style=\"font-family: 'Times New Roman', serif\"><span style=\"font-size: small\">(4 apresenta\u00e7\u00f5es de 15 minutos cada\/ discuss\u00e3o)<\/span><\/span><\/p>\n<p class=\"western\">MESA 8<\/p>\n<p class=\"western\"><span style=\"font-family: 'Times New Roman', serif\"><span style=\"font-size: small\"><b>Coordenador: <\/b><\/span><\/span><span style=\"font-family: 'Times New Roman', serif\"><span style=\"font-size: small\">L\u00edgia Rocha Cavalcante Feitosa (UFGD)<\/span><\/span><\/p>\n<p class=\"western\" align=\"justify\">1- Cuidado-de-si e Psicologia Libert\u00e1ria: O in\u00edcio, do princ\u00edpio, do come\u00e7o na Educa\u00e7\u00e3o<\/p>\n<p class=\"western\" align=\"justify\"><span style=\"color: #000000\">Autor(a): Ricardo Bodart de Andrade (IFES).<\/span><\/p>\n<ol start=\"2\">\n<li>\n<p align=\"justify\">Curso preparat\u00f3rio Popular Goytac\u00e1: apostas na constru\u00e7\u00e3o de uma educa\u00e7\u00e3o democr\u00e1tica.<\/p>\n<\/li>\n<\/ol>\n<p class=\"western\" align=\"justify\"><span style=\"color: #000000\">Autor(a): Emanuela Nunes Sodr\u00e9 (IFF)<\/span><\/p>\n<p class=\"western\" align=\"justify\">3- Tecnologias Leves Libert\u00e1rias: Psicologia Complexa, Educa\u00e7\u00e3o Profissional, Contrastes, Contextos &amp; Liberdades.<\/p>\n<p class=\"western\" align=\"justify\"><span style=\"color: #000000\">Autor(a): Ricardo Bodart de Andrade (IFES).<\/span><\/p>\n<p class=\"western\" align=\"justify\"><span style=\"color: #000000\">4-Projeto de extens\u00e3o Coral Assum Preto: dispositivo de sensibiliza\u00e7\u00e3o \u00e0s causas socioambientais.<\/span><\/p>\n<p align=\"justify\"><span style=\"color: #000000\">Autor(a): Thales Fabr\u00edcio da Costa e Silva (UFCG)<\/span><\/p>\n<p align=\"justify\">Bethiane Cabral de Brito (UFCG)<\/p>\n<p align=\"justify\">Caio Victor de Oliveira (UFCG)<\/p>\n<p align=\"justify\">Jord\u00e2nia Rodrigues Ara\u00fajo (UFCG)<\/p>\n<p align=\"justify\">Shirlei da Concei\u00e7\u00e3o Silva (UFCG)<\/p>\n<p class=\"western\" align=\"justify\">Valcymara Chaves Gadelha (UFCG)<\/p>\n<\/td>\n<\/tr>\n<\/tbody>\n<\/table>\n<table width=\"689\" cellspacing=\"0\" cellpadding=\"0\">\n<colgroup>\n<col width=\"688\"> <\/colgroup>\n<tbody>\n<tr>\n<td style=\"background: #d9d9d9\" valign=\"top\" bgcolor=\"#d9d9d9\" width=\"688\">\n<p class=\"western\" align=\"center\"><span style=\"font-family: 'Times New Roman', serif\"><span style=\"font-size: medium\"><b>Dia 19\/10<\/b><\/span><\/span><\/p>\n<\/td>\n<\/tr>\n<\/tbody>\n<\/table>\n<table width=\"683\" cellspacing=\"0\" cellpadding=\"7\">\n<colgroup>\n<col width=\"45\">\n<col width=\"296\">\n<col width=\"298\"> <\/colgroup>\n<tbody>\n<tr valign=\"top\">\n<td width=\"45\">\n<p class=\"western\"><span style=\"font-family: 'Times New Roman', serif\"><span style=\"font-size: medium\">14h30 <\/span><\/span><\/p>\n<p class=\"western\"><span style=\"font-family: 'Times New Roman', serif\"><span style=\"font-size: medium\">16h15<\/span><\/span><\/p>\n<\/td>\n<td colspan=\"2\" width=\"608\">\n<p class=\"western\"><span style=\"font-family: 'Times New Roman', serif\"><span style=\"font-size: medium\"><b>Apresenta\u00e7\u00e3o de comunica\u00e7\u00e3o breve de pesquisa e relatos de experi\u00eancia <\/b><\/span><\/span><\/p>\n<\/td>\n<\/tr>\n<tr valign=\"top\">\n<td width=\"45\">&nbsp;<\/td>\n<td width=\"296\">\n<p class=\"western\"><span style=\"font-family: 'Times New Roman', serif\"><span style=\"font-size: medium\"><b>Sala 1 &#8211; Audit\u00f3rio Demartin Bizerra<\/b><\/span><\/span><\/p>\n<p class=\"western\"><span style=\"font-family: 'Times New Roman', serif\"><span style=\"font-size: small\">(4 apresenta\u00e7\u00f5es de 15 minutos cada\/ discuss\u00e3o)<\/span><\/span><\/p>\n<p class=\"western\"><span style=\"font-family: 'Times New Roman', serif\"><span style=\"font-size: small\"><b>MESA 9<\/b><\/span><\/span><\/p>\n<p class=\"western\"><span style=\"font-family: 'Times New Roman', serif\"><span style=\"font-size: small\"><b>Coordenador(a): <\/b><\/span><\/span><span style=\"font-family: 'Times New Roman', serif\"><span style=\"font-size: small\">Mara\u00edza Oliveira Costa (IFG)<\/span><\/span><\/p>\n<p class=\"western\">1 \u2013 Evas\u00e3o escolar: assunto para psicologia?<\/p>\n<p class=\"western\"><span style=\"color: #000000\">Autor(a): Maraiza Oliveira Costa (IFG)<\/span><\/p>\n<p class=\"western\">2 \u2013 Grupo de Apoio \u00e0 Afilia\u00e7\u00e3o estudantil.<\/p>\n<p class=\"western\"><span style=\"color: #000000\">Autor(a): Thiago Santos Siqueira (IFS)<\/span><\/p>\n<p class=\"western\">Adelson Santos Fonseca (IFS)<\/p>\n<p class=\"western\" align=\"justify\">3- Grupos de estudo como alternativa de interven\u00e7\u00e3o do psic\u00f3logo no contexto escolar.<\/p>\n<p align=\"justify\"><span style=\"color: #000000\">Autor(a): Salom\u00e3o Lindoso de Souza (IFPR) <\/span><\/p>\n<p class=\"western\" align=\"justify\">4- Trabalhos com Grupos no Ensino Superior: Possibilidades para Psicologia Escolar<\/p>\n<p class=\"western\" align=\"justify\"><span style=\"color: #000000\">Autor(a): Maraiza Oliveira Costa (IFG).<\/span><\/p>\n<\/td>\n<td width=\"298\">\n<p class=\"western\"><span style=\"font-family: 'Times New Roman', serif\"><span style=\"font-size: medium\"><b>Sala 2 \u2013 Audit\u00f3rio Julieta Passos <\/b><\/span><\/span><\/p>\n<p class=\"western\"><span style=\"font-family: 'Times New Roman', serif\"><span style=\"font-size: small\">(4 apresenta\u00e7\u00f5es de 15 minutos cada\/ discuss\u00e3o)<\/span><\/span><\/p>\n<p class=\"western\"><span style=\"font-family: 'Times New Roman', serif\"><span style=\"font-size: small\"><b>MESA 10<\/b><\/span><\/span><\/p>\n<p class=\"western\"><span style=\"font-family: 'Times New Roman', serif\"><span style=\"font-size: small\"><b>Coordenador:<\/b><\/span><\/span><b> <\/b><span style=\"font-family: 'Times New Roman', serif\"><span style=\"font-size: small\">Graciele Dotto Castro (IFFAR)<\/span><\/span><\/p>\n<ol>\n<li>\n<p align=\"justify\">Para al\u00e9m das condicionalidades: a experi\u00eancia do acompanhamento coletivo nos IFes.<\/p>\n<\/li>\n<\/ol>\n<p align=\"justify\"><span style=\"color: #000000\">Autor(a): Cibelle Zanforlin (IFES) <\/span><\/p>\n<p align=\"justify\">Cesconetto Toresani (IFES)<\/p>\n<p align=\"justify\">Cynthia Kr\u00fcger Quirino (IFES)<\/p>\n<p align=\"justify\">Erica Giles Bragan\u00e7a (IFES)<\/p>\n<ol start=\"2\">\n<li>\n<p align=\"justify\">O teatro al\u00e9m da t\u00e9cnica: um dispositivo para reflex\u00e3o de viv\u00eancias estudantis.<\/p>\n<\/li>\n<\/ol>\n<p align=\"justify\"><span style=\"color: #000000\">Autor(a): Vanessa Limana Berni (IFRS)<\/span><\/p>\n<ol start=\"3\">\n<li>\n<p align=\"justify\">Rodas de conversa: trabalhando a ansiedade e valorizar a vida.<\/p>\n<\/li>\n<\/ol>\n<p align=\"justify\"><span style=\"color: #000000\">Autor(a): Graciele Dotto Castro (IFFAR)<\/span><\/p>\n<p class=\"western\" align=\"justify\"><span style=\"font-family: 'Times New Roman', serif\"><span style=\"font-size: small\"><i>4-Oficinas de Forma\u00e7\u00e3o: Um espa\u00e7o transformador<\/i><\/span><\/span><\/p>\n<p class=\"western\" align=\"justify\"><span style=\"font-family: 'Times New Roman', serif\"><span style=\"font-size: small\"><i><b>Autor(a): <\/b><\/i><\/span><\/span><span style=\"font-family: 'Times New Roman', serif\"><span style=\"font-size: small\">Emanuela Nunes Sodr\u00e9 (IFF)<\/span><\/span><\/p>\n<\/td>\n<\/tr>\n<\/tbody>\n<\/table>\n<p>&nbsp;<\/p>\n","protected":false},"excerpt":{"rendered":"<p>Dia 17\/10 14h30 16h15 Apresenta\u00e7\u00e3o de comunica\u00e7\u00e3o breve de pesquisa e relatos de experi\u00eancia &nbsp; Sala 1 &#8211; Audit\u00f3rio Demartin Bizerra (4 apresenta\u00e7\u00f5es de 15 minutos cada\/ discuss\u00e3o) MESA 1 Coordenador: Solange Ester Koehler (IFF) Quais as facilidades e obst\u00e1culos dos psic\u00f3logos em contexto escolar nos Institutos Federais de Educa\u00e7\u00e3o Autor(a): Solange Ester Koehler (IFF) <a class=\"more-link\" href=\"https:\/\/eventos.ifg.edu.br\/encontropsicologosifs\/submissao-de-trabalhos\/trabalhos-aprovados\/\">&hellip; Continue lendo&hellip; &rarr;<\/a><\/p>\n","protected":false},"author":89,"featured_media":0,"parent":12,"menu_order":2,"comment_status":"closed","ping_status":"closed","template":"","meta":{"ngg_post_thumbnail":0,"footnotes":""},"class_list":["post-33","page","type-page","status-publish","hentry"],"_links":{"self":[{"href":"https:\/\/eventos.ifg.edu.br\/encontropsicologosifs\/wp-json\/wp\/v2\/pages\/33"}],"collection":[{"href":"https:\/\/eventos.ifg.edu.br\/encontropsicologosifs\/wp-json\/wp\/v2\/pages"}],"about":[{"href":"https:\/\/eventos.ifg.edu.br\/encontropsicologosifs\/wp-json\/wp\/v2\/types\/page"}],"author":[{"embeddable":true,"href":"https:\/\/eventos.ifg.edu.br\/encontropsicologosifs\/wp-json\/wp\/v2\/users\/89"}],"replies":[{"embeddable":true,"href":"https:\/\/eventos.ifg.edu.br\/encontropsicologosifs\/wp-json\/wp\/v2\/comments?post=33"}],"version-history":[{"count":8,"href":"https:\/\/eventos.ifg.edu.br\/encontropsicologosifs\/wp-json\/wp\/v2\/pages\/33\/revisions"}],"predecessor-version":[{"id":232,"href":"https:\/\/eventos.ifg.edu.br\/encontropsicologosifs\/wp-json\/wp\/v2\/pages\/33\/revisions\/232"}],"up":[{"embeddable":true,"href":"https:\/\/eventos.ifg.edu.br\/encontropsicologosifs\/wp-json\/wp\/v2\/pages\/12"}],"wp:attachment":[{"href":"https:\/\/eventos.ifg.edu.br\/encontropsicologosifs\/wp-json\/wp\/v2\/media?parent=33"}],"curies":[{"name":"wp","href":"https:\/\/api.w.org\/{rel}","templated":true}]}}