{"id":22,"date":"2018-07-20T16:38:38","date_gmt":"2018-07-20T19:38:38","guid":{"rendered":"http:\/\/eventos.ifg.edu.br\/encontropsicologosifs\/?page_id=22"},"modified":"2018-07-24T18:45:10","modified_gmt":"2018-07-24T21:45:10","slug":"o-instituto-federal-de-goias","status":"publish","type":"page","link":"https:\/\/eventos.ifg.edu.br\/encontropsicologosifs\/apresentacao\/o-instituto-federal-de-goias\/","title":{"rendered":"O Instituto Federal de Goi\u00e1s"},"content":{"rendered":"<p><!--more--><\/p>\n<p>O Instituto Federal de Educa\u00e7\u00e3o, Ci\u00eancia e Tecnologia de Goi\u00e1s \u00e9 uma autarquia federal de regime especial vinculada ao Minist\u00e9rio da Educa\u00e7\u00e3o.<\/p>\n<p>Foi criado por meio da Lei n\u00ba 11.892, em 29 de dezembro de 2008, atendendo a uma proposta do governo federal, que desde 2003 editava novas medidas para a educa\u00e7\u00e3o profissional e tecnol\u00f3gica.<\/p>\n<p>\u00c9 uma institui\u00e7\u00e3o equiparada \u00e0s universidades federais, que articula educa\u00e7\u00e3o superior, b\u00e1sica e profissional, pluricurricular e multic\u00e2mpus (cursos t\u00e9cnicos integrados ao ensino m\u00e9dio, t\u00e9cnicos subsequentes ao ensino m\u00e9dio, superiores tecnol\u00f3gicos, de bacharelados, licenciaturas e de p\u00f3s-gradua\u00e7\u00e3o), especializada na oferta de educa\u00e7\u00e3o profissional e tecnol\u00f3gica.<\/p>\n<p>A hist\u00f3ria do Instituto Federal de Goi\u00e1s possui uma longa trajet\u00f3ria, com origem no in\u00edcio do s\u00e9culo passado, no dia 23 de setembro de 1909, quando, por meio do Decreto n\u00ba 7.566, o ent\u00e3o presidente Nilo Pe\u00e7anha criou 19 Escolas de Aprendizes Art\u00edfices, uma em cada Estado do Pa\u00eds. Em Goi\u00e1s, a Escola foi criada na antiga capital do Estado, Vila Boa, atualmente cidade de Goi\u00e1s. Na \u00e9poca, o objetivo era capacitar os alunos em cursos e oficinas de forjas e serralheria, sapataria, alfaiataria, marcenaria e empalha\u00e7\u00e3o, selaria e correaria.<\/p>\n<p>Em 1942, com a constru\u00e7\u00e3o de Goi\u00e2nia, a escola foi transferida para a nova capital, se transformando em palco do primeiro batismo cultural da Cidade. A Institui\u00e7\u00e3o recebeu ent\u00e3o o nome de Escola T\u00e9cnica de Goi\u00e2nia, com a cria\u00e7\u00e3o de cursos t\u00e9cnicos na \u00e1rea industrial, integrados ao ensino m\u00e9dio, por meio do Decreto-lei n\u00ba 4.127, de 25 de fevereiro de 1942.<\/p>\n<p>Com a Lei n.\u00ba 3.552, em 1959, a institui\u00e7\u00e3o alcan\u00e7ou a condi\u00e7\u00e3o de autarquia federal, adquirindo autonomia administrativa, patrimonial, financeira, did\u00e1tico-pedag\u00f3gica e disciplinar, recebendo a denomina\u00e7\u00e3o de Escola T\u00e9cnica Federal de Goi\u00e1s (ETFG), em agosto de 1965 (Lei n\u00ba 4.759, de 20 de agosto de 1965).<\/p>\n<p>No final dos anos 80, mais precisamente em 1988, a Escola T\u00e9cnica Federal de Goi\u00e1s amplia sua presen\u00e7a no Estado com a cria\u00e7\u00e3o da Unidade de Ensino Descentralizada (UNED) de Jata\u00ed, hoje denominada C\u00e2mpus Jata\u00ed.<\/p>\n<p>Por meio do decreto sem n\u00famero, de 22 de mar\u00e7o de 1999, a Escola T\u00e9cnica Federal de Goi\u00e1s foi transformada em Centro Federal de Educa\u00e7\u00e3o Tecnol\u00f3gica de Goi\u00e1s (CEFET-GO), uma institui\u00e7\u00e3o de ensino superior p\u00fablica e gratuita, especializada na oferta de educa\u00e7\u00e3o tecnol\u00f3gica nos diferentes n\u00edveis e modalidades de ensino, com prioridade na \u00e1rea tecnol\u00f3gica. A partir da\u00ed a Institui\u00e7\u00e3o recebeu autoriza\u00e7\u00e3o para ofertar cursos superiores.<\/p>\n<hr \/>\n<p><strong>O CAMPUS GOI\u00c2NIA<\/strong><\/p>\n<p>O passado hist\u00f3rico da Institui\u00e7\u00e3o, do que hoje \u00e9 o C\u00e2mpus Goi\u00e2nia, se relaciona com a cria\u00e7\u00e3o da Rede Federal de Educa\u00e7\u00e3o Profissional, Cient\u00edfica e Tecnol\u00f3gica, que tem origem em 23 de setembro de 1909, com a cria\u00e7\u00e3o da Escola de Aprendizes Art\u00edfices pelo ent\u00e3o presidente Nilo Pe\u00e7anha. Por meio do\u00a0<a href=\"https:\/\/www.ifg.edu.br\/attachments\/article\/471\/decreto_7566_1909.pdf\">Decreto n\u00ba 7.566\/1909<\/a>, foram criadas 19 Escolas de Aprendizes Art\u00edfices no pa\u00eds, uma em cada Estado. Em Goi\u00e1s, foi instaurada a Escola de Aprendizes Art\u00edfices na antiga capital do Estado, Vila Boa, atualmente cidade de Goi\u00e1s.<\/p>\n<p>O estabelecimento da unidade de ensino em Goi\u00e2nia s\u00f3 aconteceu em 1942, com a constru\u00e7\u00e3o e transfer\u00eancia da capital do Estado para Goi\u00e2nia. Momento em que a Escola de Aprendizes Art\u00edfices foi transferida para a nova capital e transformou-se em Escola T\u00e9cnica de Goi\u00e2nia (ETG), por meio de\u00a0<a href=\"http:\/\/www2.camara.leg.br\/legin\/fed\/declei\/1940-1949\/decreto-lei-4127-25-fevereiro-1942-414123-publicacaooriginal-1-pe.html\">Decreto n\u00ba 4.127, de 25 de fevereiro de 1942<\/a>. Na \u00e9poca, o pr\u00e9dio da ETG foi utilizado para as festividades de lan\u00e7amento da nova capital durante o Batismo Cultural de Goi\u00e2nia, em 5 de julho de 1942. Data que marca, portanto, a inaugura\u00e7\u00e3o do pr\u00e9dio da ETG em Goi\u00e2nia.<\/p>\n<p>Em virtude de grande parte das festividades do Batismo Cultural de Goi\u00e2nia terem ocorrido no pr\u00e9dio da Escola T\u00e9cnica, o funcionamento letivo da ETG foi adiado, sendo que as aulas come\u00e7aram apenas em mar\u00e7o de 1943. No in\u00edcio, a ETG possu\u00eda turmas do gin\u00e1sio industrial, na modalidade internato e semi-internato para alunos do sexo masculino. Os primeiros cursos ofertados na ETG eram Alfaiataria, Artes do Couro, Mec\u00e2nica de M\u00e1quinas, Marcenaria, R\u00e1dio e Comunica\u00e7\u00e3o, e Tipografia e Encaderna\u00e7\u00e3o.<\/p>\n<p>Em 1947, foi realizada sele\u00e7\u00e3o para os rec\u00e9m-criados cursos t\u00e9cnicos na ETG: Edifica\u00e7\u00f5es, Eletrot\u00e9cnica e a Constru\u00e7\u00e3o de M\u00e1quinas e Motores e n\u00e3o havia mais restri\u00e7\u00e3o para estudantes do sexo feminino na escola. Em 1959, houve a implementa\u00e7\u00e3o de uma nova organiza\u00e7\u00e3o escolar e administrativa nos estabelecimentos de ensino industrial, com a transforma\u00e7\u00e3o das Escolas Industriais e T\u00e9cnicas em autarquias federais, por meio da\u00a0<a href=\"http:\/\/www.planalto.gov.br\/ccivil_03\/leis\/L3552.htm\">Lei n\u00ba 3.522\/1959<\/a>.<\/p>\n<p>Em 1965, a ETG passou a denominar-se Escola T\u00e9cnica Federal de Goi\u00e1s (ETFG), com a\u00a0<a href=\"http:\/\/www.planalto.gov.br\/ccivil_03\/leis\/1950-1969\/L4759.htm\">Lei n\u00ba 4.759, de 20 de agosto<\/a>. Nesse per\u00edodo, o ensino ETFG estava organizada em quatro modalidades: gin\u00e1sio industrial, col\u00e9gio t\u00e9cnico industrial, aprendizagem industrial, cursos t\u00e9cnicos na \u00e1rea industrial e cursos intensivos de prepara\u00e7\u00e3o de m\u00e3o de obra industrial.<\/p>\n<p>Em\u00a0<a href=\"https:\/\/presrepublica.jusbrasil.com.br\/legislacao\/117820\/decreto-99?ref=topic_feed\">22 de mar\u00e7o de 1999, por meio de Decreto sem n\u00famero<\/a>, a ETFG foi transformada em Centro Federal de Educa\u00e7\u00e3o Tecnol\u00f3gica de Goi\u00e1s (Cefet-GO), passando a atuar, al\u00e9m do ensino t\u00e9cnico, tamb\u00e9m no n\u00edvel superior, especialmente, com a oferta de cursos tecnol\u00f3gicos.<\/p>\n<p>Em\u00a0<a href=\"http:\/\/www.planalto.gov.br\/ccivil_03\/_ato2007-2010\/2008\/lei\/l11892.htm\">29 de dezembro de 2008, com a Lei n\u00ba 11.892<\/a>, foram criados 38 Institutos Federais de Educa\u00e7\u00e3o, Ci\u00eancia e Tecnologia (IFs) em todo o pa\u00eds, entre esses, o Instituto Federal de Goi\u00e1s (IFG), que, hoje, possui 14 c\u00e2mpus distribu\u00eddos em Goi\u00e2nia e no interior do Estado. Entre esses, o mais antigo \u00e9 o C\u00e2mpus Goi\u00e2nia.<\/p>\n<p>O C\u00e2mpus Goi\u00e2nia \u00e9 a maior unidade do IFG e oferece atualmente 32 cursos, sendo 15 cursos superiores (bacharelados e licenciaturas), 7 cursos t\u00e9cnicos integrados ao ensino m\u00e9dio, 3 cursos t\u00e9cnicos integrados na modalidade de educa\u00e7\u00e3o de jovens e adultos (EJA), 3 cursos t\u00e9cnicos subsequentes, al\u00e9m de 3 cursos de especializa\u00e7\u00e3o e um mestrado profissional.<\/p>\n<hr \/>\n<p>Al\u00e9m de ser palco hist\u00f3rico do Batismo Cultural, o que chamamos hoje de C\u00e2mpus Goi\u00e2nia do Instituto Federal de Goi\u00e1s (IFG) faz parte da mem\u00f3ria arquitet\u00f4nica de Goi\u00e2nia. Em 2003, parte de sua estrutura foi tombada pelo Instituto do Patrim\u00f4nio Hist\u00f3rico e Art\u00edstico Nacional (IPHAN) &#8211;\u00a0<a href=\"http:\/\/ifg.edu.br\/attachments\/article\/471\/Portaria%20Iphan.pdf\" rel=\"alternate\">Portaria n\u00ba 507<\/a>, como um bem isolado e edif\u00edcio p\u00fablico que comp\u00f5e o acervo arquitet\u00f4nico e urban\u00edstico Art D\u00e9co da cidade de Goi\u00e2nia. O tombamento se deu na \u00e9poca em que a Institui\u00e7\u00e3o era chamada de Centro Federal de Educa\u00e7\u00e3o Tecnol\u00f3gica de Goi\u00e1s (CEFET \u2013 GO), mas refere-se a edifica\u00e7\u00f5es erguidas na \u00e9poca em que era Escola T\u00e9cnica de Goi\u00e2nia e, depois, Escola T\u00e9cnica Federal de Goi\u00e1s. Al\u00e9m do p\u00f3rtico alusivo ao Batismo Cultural de Goi\u00e2nia, outros espa\u00e7os tamb\u00e9m foram tombados pelo IPHAN.<\/p>\n<p>No per\u00edmetro da \u00e1rea de tombamento da Institui\u00e7\u00e3o est\u00e1 inclusa toda a Quadra 118, entre as ruas 75, 66, 79 e 62, no setor Central. Dentro do IFG, os seguintes espa\u00e7os f\u00edsicos foram tombados: o p\u00f3rtico; o pavilh\u00e3o com as salas de aula do bloco 100, voltado para Rua 75; o Teatro do IFG; o pavilh\u00e3o com as salas de aula do bloco 200.<\/p>\n<h3>Patrim\u00f4nio cultural material do Estado de Goi\u00e1s<\/h3>\n<p>Al\u00e9m do tombamento junto ao IPHAN, em 2003, o edif\u00edcio e o terreno da Escola T\u00e9cnica Federal de Goi\u00e1s foram tombados, anteriormente, pelo Governo do Estado de Goi\u00e1s, a cargo da Funda\u00e7\u00e3o Cultural Pedro Ludovico Teixeira, como um dos 24 bens culturais materiais de Goi\u00e2nia, conforme\u00a0<a href=\"http:\/\/www.gabinetecivil.go.gov.br\/pagina_decretos.php?id=2040\" rel=\"alternate\">Decreto n\u00ba 4.943, de 31 de agosto de 1998<\/a>.<\/p>\n<p>Assista aos\u00a0<a href=\"https:\/\/www.youtube.com\/watch?v=oGTpdWachXk\" rel=\"alternate\">v\u00eddeos<\/a>\u00a0sobre o patrim\u00f4nio arquitet\u00f4nico e urban\u00edstico do C\u00e2mpus Goi\u00e2nia do IFG.<\/p>\n<p><iframe width=\"780\" height=\"439\" src=\"https:\/\/www.youtube.com\/embed\/uL7HG-uGP3A?feature=oembed\" frameborder=\"0\" allow=\"autoplay; encrypted-media\" allowfullscreen><\/iframe><\/p>\n<hr \/>\n<p><strong><img decoding=\"async\" src=\"http:\/\/ifg.edu.br\/attachments\/article\/625\/endereco.png\" alt=\"\" width=\"20\" height=\"16\" \/>\u00a0Nosso endere\u00e7o<\/strong>: Rua 75, n\u00ba 46, Centro. CEP: 74055-110. Goi\u00e2nia, Goi\u00e1s.<\/p>\n<p>Confira a\u00a0<a href=\"https:\/\/www.google.com.br\/maps\/place\/Instituto+Federal+de+Goi%C3%A1s+-+IFG\/@-16.665569,-49.255168,17z\/data=!3m1!4b1!4m2!3m1!1s0x0:0xaa967d713d099954\" rel=\"alternate\">localiza\u00e7\u00e3o\u00a0<\/a>do C\u00e2mpus Goi\u00e2nia na capital.<\/p>\n<p>Veja a\u00a0<a href=\"http:\/\/www.ifg.edu.br\/attachments\/article\/625\/Mapa%20C%C3%A2mpus%20Goi%C3%A2nia%20-%20panfleto_Espa%C3%A7os_18cmX21cm_CURVAS.pdf\" rel=\"alternate\">localiza\u00e7\u00e3o dos espa\u00e7os f\u00edsicos<\/a>\u00a0do C\u00e2mpus Goi\u00e2nia<\/p>\n<p>&nbsp;<\/p>\n","protected":false},"excerpt":{"rendered":"","protected":false},"author":89,"featured_media":63,"parent":5,"menu_order":1,"comment_status":"closed","ping_status":"closed","template":"","meta":{"ngg_post_thumbnail":0,"footnotes":""},"class_list":["post-22","page","type-page","status-publish","has-post-thumbnail","hentry"],"_links":{"self":[{"href":"https:\/\/eventos.ifg.edu.br\/encontropsicologosifs\/wp-json\/wp\/v2\/pages\/22"}],"collection":[{"href":"https:\/\/eventos.ifg.edu.br\/encontropsicologosifs\/wp-json\/wp\/v2\/pages"}],"about":[{"href":"https:\/\/eventos.ifg.edu.br\/encontropsicologosifs\/wp-json\/wp\/v2\/types\/page"}],"author":[{"embeddable":true,"href":"https:\/\/eventos.ifg.edu.br\/encontropsicologosifs\/wp-json\/wp\/v2\/users\/89"}],"replies":[{"embeddable":true,"href":"https:\/\/eventos.ifg.edu.br\/encontropsicologosifs\/wp-json\/wp\/v2\/comments?post=22"}],"version-history":[{"count":12,"href":"https:\/\/eventos.ifg.edu.br\/encontropsicologosifs\/wp-json\/wp\/v2\/pages\/22\/revisions"}],"predecessor-version":[{"id":75,"href":"https:\/\/eventos.ifg.edu.br\/encontropsicologosifs\/wp-json\/wp\/v2\/pages\/22\/revisions\/75"}],"up":[{"embeddable":true,"href":"https:\/\/eventos.ifg.edu.br\/encontropsicologosifs\/wp-json\/wp\/v2\/pages\/5"}],"wp:featuredmedia":[{"embeddable":true,"href":"https:\/\/eventos.ifg.edu.br\/encontropsicologosifs\/wp-json\/wp\/v2\/media\/63"}],"wp:attachment":[{"href":"https:\/\/eventos.ifg.edu.br\/encontropsicologosifs\/wp-json\/wp\/v2\/media?parent=22"}],"curies":[{"name":"wp","href":"https:\/\/api.w.org\/{rel}","templated":true}]}}