{"id":420,"date":"2018-05-30T18:01:10","date_gmt":"2018-05-30T21:01:10","guid":{"rendered":"http:\/\/eventos.ifg.edu.br\/7semanadehistoria\/?page_id=420"},"modified":"2018-06-04T11:10:45","modified_gmt":"2018-06-04T14:10:45","slug":"lista-de-inscritos-nos-minicursos","status":"publish","type":"page","link":"https:\/\/eventos.ifg.edu.br\/7semanadehistoria\/lista-de-inscritos-nos-minicursos\/","title":{"rendered":"Lista de inscritos nos Minicursos"},"content":{"rendered":"<p>Aguarde novas atualiza\u00e7\u00f5es&#8230;<\/p>\n<table>\n<tbody>\n<tr>\n<td width=\"566\"><strong>T\u00edtulo:<\/strong>\u00a0<strong>Da Ar\u00e1bia \u00e0 Ib\u00e9ria: a expans\u00e3o \u00e1rabe-isl\u00e2mica (610-1258)<\/strong><\/p>\n<p>(Audit\u00f3rio Demartin Bizerra)<\/p>\n<p><strong>Proponente(s):<\/strong>\u00a0Prof. Ms. Thiago Damasceno Pinto Milhomem<\/p>\n<p><strong>Inscritos:<\/strong><\/p>\n<p>Adriano Santos da Costa Alves<\/p>\n<p>Aline de Souza Dias<\/p>\n<p>Ana Cl\u00e1udia Alves Martins<\/p>\n<p>Bruna Lima de Brito<\/p>\n<p>Camila da Silva Ferreira<\/p>\n<p>Diana Rosa Rodrigues<\/p>\n<p>Diego Santiago Pereira<\/p>\n<p>Eduardo Vilhena Pereira<\/p>\n<p>Elby Aguiar Marinho<\/p>\n<p>Felipe Sousa Mendes<\/p>\n<p>Fernando Gon\u00e7alves Caitano da Silva<\/p>\n<p>Gabriel Furtado Barbosa<\/p>\n<p>Geovanna Claro Gondim<\/p>\n<p>Gustavo Ferreira do Nascimento<\/p>\n<p>Igor Ferreira Dias<\/p>\n<p>Jo\u00e3o Pedro Guelhardi Costa Ferreira<\/p>\n<p>Joyce Kelle Cassimiro Neres da Silva<\/p>\n<p>Katharyne Silv\u00e9rio<\/p>\n<p>Mois\u00e8s de Oliveira Melo<\/p>\n<p>Nara Regina<\/p>\n<p>Nat\u00e1lia Gomes da Silva Machado<\/p>\n<p>Raimundo Carvalho Moura Filho<\/p>\n<p>Samuel Paula de Andrade<\/p>\n<p>S\u00e9rgio Henrique Souza<\/p>\n<p>Thaysa Alves de Matos<\/p>\n<p>Vanessa Gomes dos Santos Silva<\/p>\n<p>Washington Sousa Brasil<\/td>\n<\/tr>\n<\/tbody>\n<\/table>\n<p>&nbsp;<\/p>\n<table>\n<tbody>\n<tr>\n<td width=\"566\"><strong>T\u00edtulo:<\/strong>\u00a0<strong>Educa\u00e7\u00e3o, Trabalho, Crise da Globaliza\u00e7\u00e3o e Pol\u00edticas Austericidas.<\/strong><\/p>\n<p>(Audit\u00f3rio Julieta Passos)<\/p>\n<p><strong>Proponente(s):<\/strong>\u00a0Prof. Dra. Kamylla Pereira Borges ( UnB) e Prof. Ms. \u00c9rika Marinho Witeze (UFG)<\/p>\n<p><strong>Inscritos:<\/strong><\/p>\n<p>Amanda Milhomem Silva<\/p>\n<p>Alleks Endriw Pereira Macedo<\/p>\n<p>Carolina Arce<\/p>\n<p>Carolina do Carmo Castro<\/p>\n<p>Eduarda Fideles<\/p>\n<p>Elenice Rabelo Costa<\/p>\n<p>Izabel Cristina Lemes<\/p>\n<p>Lorena S. Pessoa<\/p>\n<p>Milene Cust\u00f3dio<\/p>\n<p>Nathalia Narciso Guida<\/p>\n<p>P\u00e2mella Pereira da Silva<\/p>\n<p>Paula Adornelas de Oliveira<\/p>\n<p>Rafaela Vidal<\/p>\n<p>St\u00e9fanny Cristini Nunes de Campos<\/p>\n<p>Terezinha Gontijo<\/p>\n<p>Thais Teixeira<\/p>\n<p>Thonny Ricley da Silva<\/p>\n<p>Vickvargas Menezes<\/td>\n<\/tr>\n<\/tbody>\n<\/table>\n<p><strong>\u00a0<\/strong><\/p>\n<table>\n<tbody>\n<tr>\n<td width=\"566\"><strong>T\u00edtulo:<\/strong>\u00a0<strong>Hist\u00f3ria e epistolografia: escrita e leitura de cartas na constru\u00e7\u00e3o do saber hist\u00f3rico<\/strong><\/p>\n<p>(Cinemateca)<\/p>\n<p><strong>Proponente(s):\u00a0<\/strong>Prof. Dr. Paulo Miguel Fonseca (IFG)<\/p>\n<p><strong>Inscritos:<\/strong><\/p>\n<p>Anna Caroline Viana Machado<\/p>\n<p>Alliny Castro Silva<\/p>\n<p>Ana L\u00edvia Louren\u00e7o Ferreira<\/p>\n<p>Ana Paula Oliveira<\/p>\n<p>Ana Paula Teixeira e Santos<\/p>\n<p>\u00c1tila Fernandes dos Santos<\/p>\n<p>Asafe Felipe Targino Silva<\/p>\n<p>Bruna Ara\u00fajo<\/p>\n<p>Bruno Hilton de Lima<\/p>\n<p>Caique Aiue<\/p>\n<p>Fernanda de Amorim Castro<\/p>\n<p>Itallo Luis Braga Macedo<\/p>\n<p>Jo\u00e3o Pedro Pereira Rocha<\/p>\n<p>Laura Moreira Fideles<\/p>\n<p>L\u00eada Cristina<\/p>\n<p>Let\u00edcia Queiroz Silva<\/p>\n<p>Lucas Andrade<\/p>\n<p>Marizania Bessa de Oliveira Machado<\/p>\n<p>Michelle Lira Rodrigues<\/p>\n<p>Monalisa Mendon\u00e7a<\/p>\n<p>N\u00fabia Rodrigues de Oliveira<\/p>\n<p>Rafael Gomes Nogueira Pereira<\/p>\n<p>Sheyla Teixeira<\/p>\n<p>Thais Gon\u00e7alves Borges<\/p>\n<p>Thaynara Nascimento<\/p>\n<p>Wesley Vieira de Souza<\/p>\n<p>Wisley Dias<\/td>\n<\/tr>\n<\/tbody>\n<\/table>\n<p>&nbsp;<\/p>\n<table>\n<tbody>\n<tr>\n<td width=\"566\"><strong>T\u00edtulo:<\/strong>\u00a0<strong>A Ditadura Empresarial-Militar no Brasil (1964-1985): Sob o signo do Transformismo<\/strong><\/p>\n<p>(Audit\u00f3rio Djalma Maia)<\/p>\n<p><strong>Proponente(s):<\/strong>\u00a0Prof. Ms. Paulo Win\u00edcius Teixeira (IFG)<\/p>\n<p><strong>Inscritos:<\/strong><\/p>\n<p>Aquilino Vaz de Lima Santana<\/p>\n<p>Bianca T\u00e2nia Mendon\u00e7a Teixeira<\/p>\n<p>Jo\u00e3o Carlos Alves Pereira<\/p>\n<p>Karinne Sousa Neves<\/p>\n<p>Lav\u00ednia Sousa<\/p>\n<p>Let\u00edcia Garcia de Andrade<\/p>\n<p>Lu\u00edsa Pereira Viana<\/p>\n<p>Max Cavalcante de Almeida<\/p>\n<p>Victor Diego Cabral Barbosa<\/p>\n<p>Vit\u00f3ria Bruno Rodrigues<\/p>\n<p>Walafy Cristian<\/p>\n<p>&nbsp;<\/p>\n<p>&nbsp;<\/td>\n<\/tr>\n<\/tbody>\n<\/table>\n","protected":false},"excerpt":{"rendered":"<p>Aguarde novas atualiza\u00e7\u00f5es&#8230; T\u00edtulo:\u00a0Da Ar\u00e1bia \u00e0 Ib\u00e9ria: a expans\u00e3o \u00e1rabe-isl\u00e2mica (610-1258) (Audit\u00f3rio Demartin Bizerra) Proponente(s):\u00a0Prof. Ms. Thiago Damasceno Pinto Milhomem Inscritos: Adriano Santos da Costa Alves Aline de Souza Dias Ana Cl\u00e1udia Alves Martins Bruna Lima de Brito Camila da Silva Ferreira Diana Rosa Rodrigues Diego Santiago Pereira Eduardo Vilhena Pereira Elby Aguiar Marinho Felipe [&hellip;]<\/p>\n","protected":false},"author":75,"featured_media":0,"parent":0,"menu_order":0,"comment_status":"closed","ping_status":"closed","template":"","meta":{"ngg_post_thumbnail":0,"footnotes":""},"class_list":["post-420","page","type-page","status-publish","hentry"],"_links":{"self":[{"href":"https:\/\/eventos.ifg.edu.br\/7semanadehistoria\/wp-json\/wp\/v2\/pages\/420"}],"collection":[{"href":"https:\/\/eventos.ifg.edu.br\/7semanadehistoria\/wp-json\/wp\/v2\/pages"}],"about":[{"href":"https:\/\/eventos.ifg.edu.br\/7semanadehistoria\/wp-json\/wp\/v2\/types\/page"}],"author":[{"embeddable":true,"href":"https:\/\/eventos.ifg.edu.br\/7semanadehistoria\/wp-json\/wp\/v2\/users\/75"}],"replies":[{"embeddable":true,"href":"https:\/\/eventos.ifg.edu.br\/7semanadehistoria\/wp-json\/wp\/v2\/comments?post=420"}],"version-history":[{"count":22,"href":"https:\/\/eventos.ifg.edu.br\/7semanadehistoria\/wp-json\/wp\/v2\/pages\/420\/revisions"}],"predecessor-version":[{"id":458,"href":"https:\/\/eventos.ifg.edu.br\/7semanadehistoria\/wp-json\/wp\/v2\/pages\/420\/revisions\/458"}],"wp:attachment":[{"href":"https:\/\/eventos.ifg.edu.br\/7semanadehistoria\/wp-json\/wp\/v2\/media?parent=420"}],"curies":[{"name":"wp","href":"https:\/\/api.w.org\/{rel}","templated":true}]}}